{"id":93,"date":"2009-09-19T18:38:07","date_gmt":"2009-09-19T16:38:07","guid":{"rendered":"http:\/\/www.photomontenegro.me\/?page_id=93"},"modified":"2024-10-28T16:04:48","modified_gmt":"2024-10-28T14:04:48","slug":"index","status":"publish","type":"page","link":"https:\/\/www.photomontenegro.me\/en\/index\/","title":{"rendered":"Index"},"content":{"rendered":"<p><div class=\"fusion-fullwidth fullwidth-box fusion-builder-row-2 fusion-flex-container has-pattern-background has-mask-background nonhundred-percent-fullwidth non-hundred-percent-height-scrolling\" style=\"--awb-border-radius-top-left:0px;--awb-border-radius-top-right:0px;--awb-border-radius-bottom-right:0px;--awb-border-radius-bottom-left:0px;--awb-flex-wrap:wrap;\" ><div class=\"fusion-builder-row fusion-row fusion-flex-align-items-flex-start fusion-flex-content-wrap\" style=\"max-width:1216.8px;margin-left: calc(-4% \/ 2 );margin-right: calc(-4% \/ 2 );\"><div class=\"fusion-layout-column fusion_builder_column fusion-builder-column-1 fusion_builder_column_1_1 1_1 fusion-flex-column\" style=\"--awb-bg-size:cover;--awb-width-large:100%;--awb-margin-top-large:0px;--awb-spacing-right-large:1.92%;--awb-margin-bottom-large:20px;--awb-spacing-left-large:1.92%;--awb-width-medium:100%;--awb-order-medium:0;--awb-spacing-right-medium:1.92%;--awb-spacing-left-medium:1.92%;--awb-width-small:100%;--awb-order-small:0;--awb-spacing-right-small:1.92%;--awb-spacing-left-small:1.92%;\"><div class=\"fusion-column-wrapper fusion-column-has-shadow fusion-flex-justify-content-flex-start fusion-content-layout-column\"><div class=\"fusion-blog-shortcode fusion-blog-shortcode-2 fusion-blog-archive fusion-blog-layout-grid-wrapper fusion-blog-no fusion-blog-no-images\"><style type=\"text\/css\">.fusion-blog-shortcode-2 .fusion-blog-layout-grid .fusion-post-grid{padding:20px;}.fusion-blog-shortcode-2 .fusion-posts-container{margin-left: -20px !important; margin-right:-20px !important;}<\/style><div class=\"fusion-posts-container fusion-posts-container-no fusion-no-meta-info fusion-blog-layout-grid fusion-blog-layout-grid-6 isotope\" data-pages=\"0\" data-grid-col-space=\"40\" style=\"margin: -20px -20px 0;min-height:500px;\"><article id=\"blog-2-post-888\" class=\"fusion-post-grid post-888 post type-post status-publish format-standard has-post-thumbnail hentry category-crna-gora category-ostrva category-primorje tag-ada-bojana\">\n<div class=\"fusion-post-wrapper\" style=\"background-color:rgba(255,255,255,1);border:1px solid #ebeaea;border-bottom-width:3px;\"><div class=\"fusion-post-content-wrapper\" style=\"padding:30px 25px 20px 25px;\"><div class=\"fusion-post-content post-content\"><h1 class=\"blog-shortcode-post-title entry-title\"><a href=\"https:\/\/www.photomontenegro.me\/en\/ada-bojana\/\">Ada Bojana<\/a><\/h1><\/div><\/div><div class=\"fusion-clearfix\"><\/div><\/div>\n<\/article>\n<article id=\"blog-2-post-1211\" class=\"fusion-post-grid post-1211 post type-post status-publish format-standard has-post-thumbnail hentry category-crna-gora category-rijeke tag-alipasini-izvori\">\n<div class=\"fusion-post-wrapper\" style=\"background-color:rgba(255,255,255,1);border:1px solid #ebeaea;border-bottom-width:3px;\"><div class=\"fusion-post-content-wrapper\" style=\"padding:30px 25px 20px 25px;\"><div class=\"fusion-post-content post-content\"><h1 class=\"blog-shortcode-post-title entry-title\"><a href=\"https:\/\/www.photomontenegro.me\/en\/alipasini-izvori\/\">Alipa\u0161ini izvori<\/a><\/h1><\/div><\/div><div class=\"fusion-clearfix\"><\/div><\/div>\n<\/article>\n<article id=\"blog-2-post-1528\" class=\"fusion-post-grid post-1528 post type-post status-publish format-standard has-post-thumbnail hentry category-crna-gora category-gradovi category-naselja tag-andrijevica\">\n<div class=\"fusion-post-wrapper\" style=\"background-color:rgba(255,255,255,1);border:1px solid #ebeaea;border-bottom-width:3px;\"><div class=\"fusion-post-content-wrapper\" style=\"padding:30px 25px 20px 25px;\"><div class=\"fusion-post-content post-content\"><h1 class=\"blog-shortcode-post-title entry-title\"><a href=\"https:\/\/www.photomontenegro.me\/en\/andrijevica\/\">Andrijevica<\/a><\/h1><\/div><\/div><div class=\"fusion-clearfix\"><\/div><\/div>\n<\/article>\n<article id=\"blog-2-post-728\" class=\"fusion-post-grid post-728 post type-post status-publish format-standard has-post-thumbnail hentry category-crna-gora category-gradevine category-kulturno-naslijede tag-arza\">\n<div class=\"fusion-post-wrapper\" style=\"background-color:rgba(255,255,255,1);border:1px solid #ebeaea;border-bottom-width:3px;\"><div class=\"fusion-post-content-wrapper\" style=\"padding:30px 25px 20px 25px;\"><div class=\"fusion-post-content post-content\"><h1 class=\"blog-shortcode-post-title entry-title\"><a href=\"https:\/\/www.photomontenegro.me\/en\/tvrdava-arza\/\">Arza<\/a><\/h1><\/div><\/div><div class=\"fusion-clearfix\"><\/div><\/div>\n<\/article>\n<article id=\"blog-2-post-1908\" class=\"fusion-post-grid post-1908 post type-post status-publish format-standard has-post-thumbnail hentry category-crna-gora category-plaze category-primorje tag-bajova-kula tag-drazin-vrt\">\n<div class=\"fusion-post-wrapper\" style=\"background-color:rgba(255,255,255,1);border:1px solid #ebeaea;border-bottom-width:3px;\"><div class=\"fusion-post-content-wrapper\" style=\"padding:30px 25px 20px 25px;\"><div class=\"fusion-post-content post-content\"><h1 class=\"blog-shortcode-post-title entry-title\"><a href=\"https:\/\/www.photomontenegro.me\/en\/bajova-kula\/\">Bajova Kula<\/a><\/h1><\/div><\/div><div class=\"fusion-clearfix\"><\/div><\/div>\n<\/article>\n<article id=\"blog-2-post-2480\" class=\"fusion-post-grid post-2480 post type-post status-publish format-standard has-post-thumbnail hentry category-crna-gora category-mjesta category-primorje tag-baosici\">\n<div class=\"fusion-post-wrapper\" style=\"background-color:rgba(255,255,255,1);border:1px solid #ebeaea;border-bottom-width:3px;\"><div class=\"fusion-post-content-wrapper\" style=\"padding:30px 25px 20px 25px;\"><div class=\"fusion-post-content post-content\"><h1 class=\"blog-shortcode-post-title entry-title\"><a href=\"https:\/\/www.photomontenegro.me\/en\/baosici\/\">Bao\u0161i\u0107i<\/a><\/h1><\/div><\/div><div class=\"fusion-clearfix\"><\/div><\/div>\n<\/article>\n<article id=\"blog-2-post-1573\" class=\"fusion-post-grid post-1573 post type-post status-publish format-standard has-post-thumbnail hentry category-crna-gora category-gradovi category-naselja category-primorje tag-bar\">\n<div class=\"fusion-post-wrapper\" style=\"background-color:rgba(255,255,255,1);border:1px solid #ebeaea;border-bottom-width:3px;\"><div class=\"fusion-post-content-wrapper\" style=\"padding:30px 25px 20px 25px;\"><div class=\"fusion-post-content post-content\"><h1 class=\"blog-shortcode-post-title entry-title\"><a href=\"https:\/\/www.photomontenegro.me\/en\/bar\/\">Bar<\/a><\/h1><\/div><\/div><div class=\"fusion-clearfix\"><\/div><\/div>\n<\/article>\n<article id=\"blog-2-post-2570\" class=\"fusion-post-grid post-2570 post type-post status-publish format-standard has-post-thumbnail hentry category-crna-gora category-jezera tag-barno-jezero\">\n<div class=\"fusion-post-wrapper\" style=\"background-color:rgba(255,255,255,1);border:1px solid #ebeaea;border-bottom-width:3px;\"><div class=\"fusion-post-content-wrapper\" style=\"padding:30px 25px 20px 25px;\"><div class=\"fusion-post-content post-content\"><h1 class=\"blog-shortcode-post-title entry-title\"><a href=\"https:\/\/www.photomontenegro.me\/en\/barno_jezero\/\">Barno jezero<\/a><\/h1><\/div><\/div><div class=\"fusion-clearfix\"><\/div><\/div>\n<\/article>\n<article id=\"blog-2-post-1269\" class=\"fusion-post-grid post-1269 post type-post status-publish format-standard has-post-thumbnail hentry category-crna-gora category-plaze category-primorje tag-becici\">\n<div class=\"fusion-post-wrapper\" style=\"background-color:rgba(255,255,255,1);border:1px solid #ebeaea;border-bottom-width:3px;\"><div class=\"fusion-post-content-wrapper\" style=\"padding:30px 25px 20px 25px;\"><div class=\"fusion-post-content post-content\"><h1 class=\"blog-shortcode-post-title entry-title\"><a href=\"https:\/\/www.photomontenegro.me\/en\/becici\/\">Be\u010di\u0107i<\/a><\/h1><\/div><\/div><div class=\"fusion-clearfix\"><\/div><\/div>\n<\/article>\n<article id=\"blog-2-post-2028\" class=\"fusion-post-grid post-2028 post type-post status-publish format-standard has-post-thumbnail hentry category-crna-gora category-gradovi category-naselja tag-berane\">\n<div class=\"fusion-post-wrapper\" style=\"background-color:rgba(255,255,255,1);border:1px solid #ebeaea;border-bottom-width:3px;\"><div class=\"fusion-post-content-wrapper\" style=\"padding:30px 25px 20px 25px;\"><div class=\"fusion-post-content post-content\"><h1 class=\"blog-shortcode-post-title entry-title\"><a href=\"https:\/\/www.photomontenegro.me\/en\/berane\/\">Berane<\/a><\/h1><\/div><\/div><div class=\"fusion-clearfix\"><\/div><\/div>\n<\/article>\n<article id=\"blog-2-post-768\" class=\"fusion-post-grid post-768 post type-post status-publish format-standard has-post-thumbnail hentry category-crna-gora category-gradevine category-kulturno-naslijede tag-besac\">\n<div class=\"fusion-post-wrapper\" style=\"background-color:rgba(255,255,255,1);border:1px solid #ebeaea;border-bottom-width:3px;\"><div class=\"fusion-post-content-wrapper\" style=\"padding:30px 25px 20px 25px;\"><div class=\"fusion-post-content post-content\"><h1 class=\"blog-shortcode-post-title entry-title\"><a href=\"https:\/\/www.photomontenegro.me\/en\/tvrdava-besac\/\">Besac<\/a><\/h1><\/div><\/div><div class=\"fusion-clearfix\"><\/div><\/div>\n<\/article>\n<article id=\"blog-2-post-1803\" class=\"fusion-post-grid post-1803 post type-post status-publish format-standard has-post-thumbnail hentry category-crna-gora tag-beska\">\n<div class=\"fusion-post-wrapper\" style=\"background-color:rgba(255,255,255,1);border:1px solid #ebeaea;border-bottom-width:3px;\"><div class=\"fusion-post-content-wrapper\" style=\"padding:30px 25px 20px 25px;\"><div class=\"fusion-post-content post-content\"><h1 class=\"blog-shortcode-post-title entry-title\"><a href=\"https:\/\/www.photomontenegro.me\/en\/beska\/\">Be\u0161ka<\/a><\/h1><\/div><\/div><div class=\"fusion-clearfix\"><\/div><\/div>\n<\/article>\n<article id=\"blog-2-post-1780\" class=\"fusion-post-grid post-1780 post type-post status-publish format-standard has-post-thumbnail hentry category-crna-gora category-mjesta category-naselja category-primorje tag-bigova\">\n<div class=\"fusion-post-wrapper\" style=\"background-color:rgba(255,255,255,1);border:1px solid #ebeaea;border-bottom-width:3px;\"><div class=\"fusion-post-content-wrapper\" style=\"padding:30px 25px 20px 25px;\"><div class=\"fusion-post-content post-content\"><h1 class=\"blog-shortcode-post-title entry-title\"><a href=\"https:\/\/www.photomontenegro.me\/en\/bigova\/\">Bigova<\/a><\/h1><\/div><\/div><div class=\"fusion-clearfix\"><\/div><\/div>\n<\/article>\n<article id=\"blog-2-post-1387\" class=\"fusion-post-grid post-1387 post type-post status-publish format-standard has-post-thumbnail hentry category-crna-gora category-mjesta category-naselja category-primorje tag-bijela\">\n<div class=\"fusion-post-wrapper\" style=\"background-color:rgba(255,255,255,1);border:1px solid #ebeaea;border-bottom-width:3px;\"><div class=\"fusion-post-content-wrapper\" style=\"padding:30px 25px 20px 25px;\"><div class=\"fusion-post-content post-content\"><h1 class=\"blog-shortcode-post-title entry-title\"><a href=\"https:\/\/www.photomontenegro.me\/en\/bijela\/\">Bijela<\/a><\/h1><\/div><\/div><div class=\"fusion-clearfix\"><\/div><\/div>\n<\/article>\n<article id=\"blog-2-post-1839\" class=\"fusion-post-grid post-1839 post type-post status-publish format-standard has-post-thumbnail hentry category-crna-gora category-gradovi category-naselja tag-bijelo-polje\">\n<div class=\"fusion-post-wrapper\" style=\"background-color:rgba(255,255,255,1);border:1px solid #ebeaea;border-bottom-width:3px;\"><div class=\"fusion-post-content-wrapper\" style=\"padding:30px 25px 20px 25px;\"><div class=\"fusion-post-content post-content\"><h1 class=\"blog-shortcode-post-title entry-title\"><a href=\"https:\/\/www.photomontenegro.me\/en\/bijelo-polje\/\">Bijelo Polje<\/a><\/h1><\/div><\/div><div class=\"fusion-clearfix\"><\/div><\/div>\n<\/article>\n<article id=\"blog-2-post-5\" class=\"fusion-post-grid post-5 post type-post status-publish format-standard has-post-thumbnail hentry category-crna-gora category-nacionalni-parkovi tag-biogradska-gora tag-biogradska-prasuma tag-biogradska-rijeka\">\n<div class=\"fusion-post-wrapper\" style=\"background-color:rgba(255,255,255,1);border:1px solid #ebeaea;border-bottom-width:3px;\"><div class=\"fusion-post-content-wrapper\" style=\"padding:30px 25px 20px 25px;\"><div class=\"fusion-post-content post-content\"><h1 class=\"blog-shortcode-post-title entry-title\"><a href=\"https:\/\/www.photomontenegro.me\/en\/biogradska-gora\/\">Biogradska Gora<\/a><\/h1><\/div><\/div><div class=\"fusion-clearfix\"><\/div><\/div>\n<\/article>\n<article id=\"blog-2-post-102\" class=\"fusion-post-grid post-102 post type-post status-publish format-standard has-post-thumbnail hentry category-crna-gora category-jezera tag-biogradsko-jezero\">\n<div class=\"fusion-post-wrapper\" style=\"background-color:rgba(255,255,255,1);border:1px solid #ebeaea;border-bottom-width:3px;\"><div class=\"fusion-post-content-wrapper\" style=\"padding:30px 25px 20px 25px;\"><div class=\"fusion-post-content post-content\"><h1 class=\"blog-shortcode-post-title entry-title\"><a href=\"https:\/\/www.photomontenegro.me\/en\/biogradsko-jezero\/\">Biogradsko jezero<\/a><\/h1><\/div><\/div><div class=\"fusion-clearfix\"><\/div><\/div>\n<\/article>\n<article id=\"blog-2-post-1792\" class=\"fusion-post-grid post-1792 post type-post status-publish format-standard has-post-thumbnail hentry category-crna-gora category-rijeke tag-bistrica\">\n<div class=\"fusion-post-wrapper\" style=\"background-color:rgba(255,255,255,1);border:1px solid #ebeaea;border-bottom-width:3px;\"><div class=\"fusion-post-content-wrapper\" style=\"padding:30px 25px 20px 25px;\"><div class=\"fusion-post-content post-content\"><h1 class=\"blog-shortcode-post-title entry-title\"><a href=\"https:\/\/www.photomontenegro.me\/en\/bistrica\/\">Bistrica<\/a><\/h1><\/div><\/div><div class=\"fusion-clearfix\"><\/div><\/div>\n<\/article>\n<article id=\"blog-2-post-1053\" class=\"fusion-post-grid post-1053 post type-post status-publish format-standard has-post-thumbnail hentry category-crna-gora category-planine tag-bjelasica\">\n<div class=\"fusion-post-wrapper\" style=\"background-color:rgba(255,255,255,1);border:1px solid #ebeaea;border-bottom-width:3px;\"><div class=\"fusion-post-content-wrapper\" style=\"padding:30px 25px 20px 25px;\"><div class=\"fusion-post-content post-content\"><h1 class=\"blog-shortcode-post-title entry-title\"><a href=\"https:\/\/www.photomontenegro.me\/en\/bjelasica\/\">Bjelasica<\/a><\/h1><\/div><\/div><div class=\"fusion-clearfix\"><\/div><\/div>\n<\/article>\n<article id=\"blog-2-post-650\" class=\"fusion-post-grid post-650 post type-post status-publish format-standard has-post-thumbnail hentry category-crna-gora category-gradevine category-kulturno-naslijede category-mjesta category-naselja category-primorje tag-bjelila\">\n<div class=\"fusion-post-wrapper\" style=\"background-color:rgba(255,255,255,1);border:1px solid #ebeaea;border-bottom-width:3px;\"><div class=\"fusion-post-content-wrapper\" style=\"padding:30px 25px 20px 25px;\"><div class=\"fusion-post-content post-content\"><h1 class=\"blog-shortcode-post-title entry-title\"><a href=\"https:\/\/www.photomontenegro.me\/en\/bjelila\/\">Bjelila<\/a><\/h1><\/div><\/div><div class=\"fusion-clearfix\"><\/div><\/div>\n<\/article>\n<article id=\"blog-2-post-2465\" class=\"fusion-post-grid post-2465 post type-post status-publish format-standard has-post-thumbnail hentry category-crna-gora category-plaze category-primorje tag-blatna-plaza\">\n<div class=\"fusion-post-wrapper\" style=\"background-color:rgba(255,255,255,1);border:1px solid #ebeaea;border-bottom-width:3px;\"><div class=\"fusion-post-content-wrapper\" style=\"padding:30px 25px 20px 25px;\"><div class=\"fusion-post-content post-content\"><h1 class=\"blog-shortcode-post-title entry-title\"><a href=\"https:\/\/www.photomontenegro.me\/en\/blatna-plaza\/\">Blatna pla\u017ea<\/a><\/h1><\/div><\/div><div class=\"fusion-clearfix\"><\/div><\/div>\n<\/article>\n<article id=\"blog-2-post-1054\" class=\"fusion-post-grid post-1054 post type-post status-publish format-standard has-post-thumbnail hentry category-crna-gora category-rijeke tag-bojana\">\n<div class=\"fusion-post-wrapper\" style=\"background-color:rgba(255,255,255,1);border:1px solid #ebeaea;border-bottom-width:3px;\"><div class=\"fusion-post-content-wrapper\" style=\"padding:30px 25px 20px 25px;\"><div class=\"fusion-post-content post-content\"><h1 class=\"blog-shortcode-post-title entry-title\"><a href=\"https:\/\/www.photomontenegro.me\/en\/bojana\/\">Bojana<\/a><\/h1><\/div><\/div><div class=\"fusion-clearfix\"><\/div><\/div>\n<\/article>\n<article id=\"blog-2-post-19\" class=\"fusion-post-grid post-19 post type-post status-publish format-standard has-post-thumbnail hentry category-crna-gora category-primorje tag-boka-kotorska\">\n<div class=\"fusion-post-wrapper\" style=\"background-color:rgba(255,255,255,1);border:1px solid #ebeaea;border-bottom-width:3px;\"><div class=\"fusion-post-content-wrapper\" style=\"padding:30px 25px 20px 25px;\"><div class=\"fusion-post-content post-content\"><h1 class=\"blog-shortcode-post-title entry-title\"><a href=\"https:\/\/www.photomontenegro.me\/en\/boka-kotorska\/\">Boka Kotorska<\/a><\/h1><\/div><\/div><div class=\"fusion-clearfix\"><\/div><\/div>\n<\/article>\n<article id=\"blog-2-post-1956\" class=\"fusion-post-grid post-1956 post type-post status-publish format-standard has-post-thumbnail hentry category-crna-gora category-planine tag-brotnjik\">\n<div class=\"fusion-post-wrapper\" style=\"background-color:rgba(255,255,255,1);border:1px solid #ebeaea;border-bottom-width:3px;\"><div class=\"fusion-post-content-wrapper\" style=\"padding:30px 25px 20px 25px;\"><div class=\"fusion-post-content post-content\"><h1 class=\"blog-shortcode-post-title entry-title\"><a href=\"https:\/\/www.photomontenegro.me\/en\/brotnjik\/\">Brotnjik<\/a><\/h1><\/div><\/div><div class=\"fusion-clearfix\"><\/div><\/div>\n<\/article>\n<article id=\"blog-2-post-1089\" class=\"fusion-post-grid post-1089 post type-post status-publish format-standard has-post-thumbnail hentry category-crna-gora category-gradovi category-naselja category-primorje tag-budva\">\n<div class=\"fusion-post-wrapper\" style=\"background-color:rgba(255,255,255,1);border:1px solid #ebeaea;border-bottom-width:3px;\"><div class=\"fusion-post-content-wrapper\" style=\"padding:30px 25px 20px 25px;\"><div class=\"fusion-post-content post-content\"><h1 class=\"blog-shortcode-post-title entry-title\"><a href=\"https:\/\/www.photomontenegro.me\/en\/budva\/\">Budva<\/a><\/h1><\/div><\/div><div class=\"fusion-clearfix\"><\/div><\/div>\n<\/article>\n<article id=\"blog-2-post-1539\" class=\"fusion-post-grid post-1539 post type-post status-publish format-standard has-post-thumbnail hentry category-crna-gora category-plaze category-primorje tag-guvance tag-pizana tag-ricardova-glava tag-slovenska-plaza\">\n<div class=\"fusion-post-wrapper\" style=\"background-color:rgba(255,255,255,1);border:1px solid #ebeaea;border-bottom-width:3px;\"><div class=\"fusion-post-content-wrapper\" style=\"padding:30px 25px 20px 25px;\"><div class=\"fusion-post-content post-content\"><h1 class=\"blog-shortcode-post-title entry-title\"><a href=\"https:\/\/www.photomontenegro.me\/en\/budva-beaches\/\">Budvanske gradske pla\u017ee<\/a><\/h1><\/div><\/div><div class=\"fusion-clearfix\"><\/div><\/div>\n<\/article>\n<article id=\"blog-2-post-149\" class=\"fusion-post-grid post-149 post type-post status-publish format-standard has-post-thumbnail hentry category-crna-gora category-jezera tag-bukumiri tag-bukumirsko-jezero\">\n<div class=\"fusion-post-wrapper\" style=\"background-color:rgba(255,255,255,1);border:1px solid #ebeaea;border-bottom-width:3px;\"><div class=\"fusion-post-content-wrapper\" style=\"padding:30px 25px 20px 25px;\"><div class=\"fusion-post-content post-content\"><h1 class=\"blog-shortcode-post-title entry-title\"><a href=\"https:\/\/www.photomontenegro.me\/en\/bukumirsko-jezero\/\">Bukumirsko jezero<\/a><\/h1><\/div><\/div><div class=\"fusion-clearfix\"><\/div><\/div>\n<\/article>\n<article id=\"blog-2-post-1233\" class=\"fusion-post-grid post-1233 post type-post status-publish format-standard has-post-thumbnail hentry category-crna-gora category-plaze category-primorje tag-buljarica\">\n<div class=\"fusion-post-wrapper\" style=\"background-color:rgba(255,255,255,1);border:1px solid #ebeaea;border-bottom-width:3px;\"><div class=\"fusion-post-content-wrapper\" style=\"padding:30px 25px 20px 25px;\"><div class=\"fusion-post-content post-content\"><h1 class=\"blog-shortcode-post-title entry-title\"><a href=\"https:\/\/www.photomontenegro.me\/en\/buljarica\/\">Buljarica<\/a><\/h1><\/div><\/div><div class=\"fusion-clearfix\"><\/div><\/div>\n<\/article>\n<article id=\"blog-2-post-8034\" class=\"fusion-post-grid post-8034 post type-post status-publish format-standard has-post-thumbnail hentry category-crna-gora category-gradevine category-kulturno-naslijede tag-bunari-boljevica tag-ostros\">\n<div class=\"fusion-post-wrapper\" style=\"background-color:rgba(255,255,255,1);border:1px solid #ebeaea;border-bottom-width:3px;\"><div class=\"fusion-post-content-wrapper\" style=\"padding:30px 25px 20px 25px;\"><div class=\"fusion-post-content post-content\"><h1 class=\"blog-shortcode-post-title entry-title\"><a href=\"https:\/\/www.photomontenegro.me\/en\/bunari\/\">Bunari Boljevi\u0107a<\/a><\/h1><\/div><\/div><div class=\"fusion-clearfix\"><\/div><\/div>\n<\/article>\n<article id=\"blog-2-post-1635\" class=\"fusion-post-grid post-1635 post type-post status-publish format-standard has-post-thumbnail hentry category-crna-gora category-plaze category-primorje tag-canj\">\n<div class=\"fusion-post-wrapper\" style=\"background-color:rgba(255,255,255,1);border:1px solid #ebeaea;border-bottom-width:3px;\"><div class=\"fusion-post-content-wrapper\" style=\"padding:30px 25px 20px 25px;\"><div class=\"fusion-post-content post-content\"><h1 class=\"blog-shortcode-post-title entry-title\"><a href=\"https:\/\/www.photomontenegro.me\/en\/canj\/\">\u010canj<\/a><\/h1><\/div><\/div><div class=\"fusion-clearfix\"><\/div><\/div>\n<\/article>\n<article id=\"blog-2-post-764\" class=\"fusion-post-grid post-764 post type-post status-publish format-standard has-post-thumbnail hentry category-crna-gora category-gradevine category-kulturno-naslijede tag-carev-most\">\n<div class=\"fusion-post-wrapper\" style=\"background-color:rgba(255,255,255,1);border:1px solid #ebeaea;border-bottom-width:3px;\"><div class=\"fusion-post-content-wrapper\" style=\"padding:30px 25px 20px 25px;\"><div class=\"fusion-post-content post-content\"><h1 class=\"blog-shortcode-post-title entry-title\"><a href=\"https:\/\/www.photomontenegro.me\/en\/carev-most\/\">Carev most<\/a><\/h1><\/div><\/div><div class=\"fusion-clearfix\"><\/div><\/div>\n<\/article>\n<article id=\"blog-2-post-1290\" class=\"fusion-post-grid post-1290 post type-post status-publish format-standard has-post-thumbnail hentry category-crna-gora category-mjesta tag-cemovsko-polje\">\n<div class=\"fusion-post-wrapper\" style=\"background-color:rgba(255,255,255,1);border:1px solid #ebeaea;border-bottom-width:3px;\"><div class=\"fusion-post-content-wrapper\" style=\"padding:30px 25px 20px 25px;\"><div class=\"fusion-post-content post-content\"><h1 class=\"blog-shortcode-post-title entry-title\"><a href=\"https:\/\/www.photomontenegro.me\/en\/cemovsko\/\">\u0106emovsko polje<\/a><\/h1><\/div><\/div><div class=\"fusion-clearfix\"><\/div><\/div>\n<\/article>\n<article id=\"blog-2-post-1412\" class=\"fusion-post-grid post-1412 post type-post status-publish format-standard has-post-thumbnail hentry category-crna-gora category-gradovi category-naselja tag-cetinje\">\n<div class=\"fusion-post-wrapper\" style=\"background-color:rgba(255,255,255,1);border:1px solid #ebeaea;border-bottom-width:3px;\"><div class=\"fusion-post-content-wrapper\" style=\"padding:30px 25px 20px 25px;\"><div class=\"fusion-post-content post-content\"><h1 class=\"blog-shortcode-post-title entry-title\"><a href=\"https:\/\/www.photomontenegro.me\/en\/cetinje\/\">Cetinje<\/a><\/h1><\/div><\/div><div class=\"fusion-clearfix\"><\/div><\/div>\n<\/article>\n<article id=\"blog-2-post-685\" class=\"fusion-post-grid post-685 post type-post status-publish format-standard has-post-thumbnail hentry category-crna-gora category-hramovi category-kulturno-naslijede tag-cetinjski-manastir\">\n<div class=\"fusion-post-wrapper\" style=\"background-color:rgba(255,255,255,1);border:1px solid #ebeaea;border-bottom-width:3px;\"><div class=\"fusion-post-content-wrapper\" style=\"padding:30px 25px 20px 25px;\"><div class=\"fusion-post-content post-content\"><h1 class=\"blog-shortcode-post-title entry-title\"><a href=\"https:\/\/www.photomontenegro.me\/en\/cetinjski-manastir\/\">Cetinjski Manastir<\/a><\/h1><\/div><\/div><div class=\"fusion-clearfix\"><\/div><\/div>\n<\/article>\n<article id=\"blog-2-post-1142\" class=\"fusion-post-grid post-1142 post type-post status-publish format-standard has-post-thumbnail hentry category-crna-gora category-kanjoni category-rijeke tag-cijevna\">\n<div class=\"fusion-post-wrapper\" style=\"background-color:rgba(255,255,255,1);border:1px solid #ebeaea;border-bottom-width:3px;\"><div class=\"fusion-post-content-wrapper\" style=\"padding:30px 25px 20px 25px;\"><div class=\"fusion-post-content post-content\"><h1 class=\"blog-shortcode-post-title entry-title\"><a href=\"https:\/\/www.photomontenegro.me\/en\/cijevna\/\">Cijevna<\/a><\/h1><\/div><\/div><div class=\"fusion-clearfix\"><\/div><\/div>\n<\/article>\n<article id=\"blog-2-post-2051\" class=\"fusion-post-grid post-2051 post type-post status-publish format-standard has-post-thumbnail hentry category-crna-gora category-gradevine category-kulturno-naslijede tag-citadela\">\n<div class=\"fusion-post-wrapper\" style=\"background-color:rgba(255,255,255,1);border:1px solid #ebeaea;border-bottom-width:3px;\"><div class=\"fusion-post-content-wrapper\" style=\"padding:30px 25px 20px 25px;\"><div class=\"fusion-post-content post-content\"><h1 class=\"blog-shortcode-post-title entry-title\"><a href=\"https:\/\/www.photomontenegro.me\/en\/citadela\/\">Citadela<\/a><\/h1><\/div><\/div><div class=\"fusion-clearfix\"><\/div><\/div>\n<\/article>\n<article id=\"blog-2-post-872\" class=\"fusion-post-grid post-872 post type-post status-publish format-standard has-post-thumbnail hentry category-crna-gora category-hramovi category-kulturno-naslijede tag-crkva-dzamija\">\n<div class=\"fusion-post-wrapper\" style=\"background-color:rgba(255,255,255,1);border:1px solid #ebeaea;border-bottom-width:3px;\"><div class=\"fusion-post-content-wrapper\" style=\"padding:30px 25px 20px 25px;\"><div class=\"fusion-post-content post-content\"><h1 class=\"blog-shortcode-post-title entry-title\"><a href=\"https:\/\/www.photomontenegro.me\/en\/crkva-dzamija\/\">Crkva D\u017eamija<\/a><\/h1><\/div><\/div><div class=\"fusion-clearfix\"><\/div><\/div>\n<\/article>\n<article id=\"blog-2-post-1174\" class=\"fusion-post-grid post-1174 post type-post status-publish format-standard has-post-thumbnail hentry category-crna-gora category-hramovi category-kulturno-naslijede tag-crkva-na-cipuru\">\n<div class=\"fusion-post-wrapper\" style=\"background-color:rgba(255,255,255,1);border:1px solid #ebeaea;border-bottom-width:3px;\"><div class=\"fusion-post-content-wrapper\" style=\"padding:30px 25px 20px 25px;\"><div class=\"fusion-post-content post-content\"><h1 class=\"blog-shortcode-post-title entry-title\"><a href=\"https:\/\/www.photomontenegro.me\/en\/cipur\/\">Crkva na \u0106ipuru<\/a><\/h1><\/div><\/div><div class=\"fusion-clearfix\"><\/div><\/div>\n<\/article>\n<article id=\"blog-2-post-1971\" class=\"fusion-post-grid post-1971 post type-post status-publish format-standard has-post-thumbnail hentry category-crna-gora category-hramovi category-kulturno-naslijede tag-crkva-rodjenja-bogorodice\">\n<div class=\"fusion-post-wrapper\" style=\"background-color:rgba(255,255,255,1);border:1px solid #ebeaea;border-bottom-width:3px;\"><div class=\"fusion-post-content-wrapper\" style=\"padding:30px 25px 20px 25px;\"><div class=\"fusion-post-content post-content\"><h1 class=\"blog-shortcode-post-title entry-title\"><a href=\"https:\/\/www.photomontenegro.me\/en\/crkva-rodenja-bogorodice\/\">Crkva Ro\u0111enja Bogorodice<\/a><\/h1><\/div><\/div><div class=\"fusion-clearfix\"><\/div><\/div>\n<\/article>\n<article id=\"blog-2-post-1338\" class=\"fusion-post-grid post-1338 post type-post status-publish format-standard has-post-thumbnail hentry category-crna-gora category-hramovi category-kulturno-naslijede tag-crkva-svetog-luke\">\n<div class=\"fusion-post-wrapper\" style=\"background-color:rgba(255,255,255,1);border:1px solid #ebeaea;border-bottom-width:3px;\"><div class=\"fusion-post-content-wrapper\" style=\"padding:30px 25px 20px 25px;\"><div class=\"fusion-post-content post-content\"><h1 class=\"blog-shortcode-post-title entry-title\"><a href=\"https:\/\/www.photomontenegro.me\/en\/sv-luka\/\">Crkva Sv. Luke<\/a><\/h1><\/div><\/div><div class=\"fusion-clearfix\"><\/div><\/div>\n<\/article>\n<article id=\"blog-2-post-2143\" class=\"fusion-post-grid post-2143 post type-post status-publish format-standard has-post-thumbnail hentry category-crna-gora category-hramovi category-kulturno-naslijede tag-crkva-svete-klare\">\n<div class=\"fusion-post-wrapper\" style=\"background-color:rgba(255,255,255,1);border:1px solid #ebeaea;border-bottom-width:3px;\"><div class=\"fusion-post-content-wrapper\" style=\"padding:30px 25px 20px 25px;\"><div class=\"fusion-post-content post-content\"><h1 class=\"blog-shortcode-post-title entry-title\"><a href=\"https:\/\/www.photomontenegro.me\/en\/crkva-svete-klare\/\">Crkva Svete Klare<\/a><\/h1><\/div><\/div><div class=\"fusion-clearfix\"><\/div><\/div>\n<\/article>\n<article id=\"blog-2-post-2110\" class=\"fusion-post-grid post-2110 post type-post status-publish format-standard has-post-thumbnail hentry category-crna-gora category-hramovi category-kulturno-naslijede tag-crkva-svete-marije-koledjate\">\n<div class=\"fusion-post-wrapper\" style=\"background-color:rgba(255,255,255,1);border:1px solid #ebeaea;border-bottom-width:3px;\"><div class=\"fusion-post-content-wrapper\" style=\"padding:30px 25px 20px 25px;\"><div class=\"fusion-post-content post-content\"><h1 class=\"blog-shortcode-post-title entry-title\"><a href=\"https:\/\/www.photomontenegro.me\/en\/crkva-svete-marije-koledate\/\">Crkva Svete Marije Kole\u0111ate<\/a><\/h1><\/div><\/div><div class=\"fusion-clearfix\"><\/div><\/div>\n<\/article>\n<article id=\"blog-2-post-1797\" class=\"fusion-post-grid post-1797 post type-post status-publish format-standard has-post-thumbnail hentry category-crna-gora category-hramovi category-kulturno-naslijede tag-crkva-svete-trojice\">\n<div class=\"fusion-post-wrapper\" style=\"background-color:rgba(255,255,255,1);border:1px solid #ebeaea;border-bottom-width:3px;\"><div class=\"fusion-post-content-wrapper\" style=\"padding:30px 25px 20px 25px;\"><div class=\"fusion-post-content post-content\"><h1 class=\"blog-shortcode-post-title entry-title\"><a href=\"https:\/\/www.photomontenegro.me\/en\/crkva-svete-trojice\/\">Crkva Svete Trojice<\/a><\/h1><\/div><\/div><div class=\"fusion-clearfix\"><\/div><\/div>\n<\/article>\n<article id=\"blog-2-post-2089\" class=\"fusion-post-grid post-2089 post type-post status-publish format-standard has-post-thumbnail hentry category-crna-gora category-hramovi category-kulturno-naslijede tag-crkva-sveti-nikola\">\n<div class=\"fusion-post-wrapper\" style=\"background-color:rgba(255,255,255,1);border:1px solid #ebeaea;border-bottom-width:3px;\"><div class=\"fusion-post-content-wrapper\" style=\"padding:30px 25px 20px 25px;\"><div class=\"fusion-post-content post-content\"><h1 class=\"blog-shortcode-post-title entry-title\"><a href=\"https:\/\/www.photomontenegro.me\/en\/crkva-sveti-nikola\/\">Crkva Sveti Nikola<\/a><\/h1><\/div><\/div><div class=\"fusion-clearfix\"><\/div><\/div>\n<\/article>\n<article id=\"blog-2-post-2220\" class=\"fusion-post-grid post-2220 post type-post status-publish format-standard has-post-thumbnail hentry category-crna-gora category-hramovi category-kulturno-naslijede tag-crkva-svetih-apostola-petra-i-pavla\">\n<div class=\"fusion-post-wrapper\" style=\"background-color:rgba(255,255,255,1);border:1px solid #ebeaea;border-bottom-width:3px;\"><div class=\"fusion-post-content-wrapper\" style=\"padding:30px 25px 20px 25px;\"><div class=\"fusion-post-content post-content\"><h1 class=\"blog-shortcode-post-title entry-title\"><a href=\"https:\/\/www.photomontenegro.me\/en\/sv-petra-pavla\/\">Crkva Svetih Apostola Petra i Pavla<\/a><\/h1><\/div><\/div><div class=\"fusion-clearfix\"><\/div><\/div>\n<\/article>\n<article id=\"blog-2-post-6434\" class=\"fusion-post-grid post-6434 post type-post status-publish format-standard has-post-thumbnail hentry category-crna-gora category-hramovi tag-crkva-svetog-antuna\">\n<div class=\"fusion-post-wrapper\" style=\"background-color:rgba(255,255,255,1);border:1px solid #ebeaea;border-bottom-width:3px;\"><div class=\"fusion-post-content-wrapper\" style=\"padding:30px 25px 20px 25px;\"><div class=\"fusion-post-content post-content\"><h1 class=\"blog-shortcode-post-title entry-title\"><a href=\"https:\/\/www.photomontenegro.me\/en\/crkva-svetog-antuna\/\">Crkva Svetog Antuna<\/a><\/h1><\/div><\/div><div class=\"fusion-clearfix\"><\/div><\/div>\n<\/article>\n<article id=\"blog-2-post-1922\" class=\"fusion-post-grid post-1922 post type-post status-publish format-standard has-post-thumbnail hentry category-crna-gora category-hramovi category-kulturno-naslijede tag-crkva-svetog-arhandjela-mihaila\">\n<div class=\"fusion-post-wrapper\" style=\"background-color:rgba(255,255,255,1);border:1px solid #ebeaea;border-bottom-width:3px;\"><div class=\"fusion-post-content-wrapper\" style=\"padding:30px 25px 20px 25px;\"><div class=\"fusion-post-content post-content\"><h1 class=\"blog-shortcode-post-title entry-title\"><a href=\"https:\/\/www.photomontenegro.me\/en\/crkva-svetog-arhangela-mihaila\/\">Crkva Svetog Arhangela Mihaila<\/a><\/h1><\/div><\/div><div class=\"fusion-clearfix\"><\/div><\/div>\n<\/article>\n<article id=\"blog-2-post-1298\" class=\"fusion-post-grid post-1298 post type-post status-publish format-standard has-post-thumbnail hentry category-crna-gora category-hramovi category-kulturno-naslijede tag-crkva-svetog-djordja\">\n<div class=\"fusion-post-wrapper\" style=\"background-color:rgba(255,255,255,1);border:1px solid #ebeaea;border-bottom-width:3px;\"><div class=\"fusion-post-content-wrapper\" style=\"padding:30px 25px 20px 25px;\"><div class=\"fusion-post-content post-content\"><h1 class=\"blog-shortcode-post-title entry-title\"><a href=\"https:\/\/www.photomontenegro.me\/en\/crkva-svetog-dorda\/\">Crkva Svetog \u0110or\u0111a<\/a><\/h1><\/div><\/div><div class=\"fusion-clearfix\"><\/div><\/div>\n<\/article>\n<article id=\"blog-2-post-1370\" class=\"fusion-post-grid post-1370 post type-post status-publish format-standard has-post-thumbnail hentry category-crna-gora category-hramovi category-kulturno-naslijede tag-crkva-svetog-ivana\">\n<div class=\"fusion-post-wrapper\" style=\"background-color:rgba(255,255,255,1);border:1px solid #ebeaea;border-bottom-width:3px;\"><div class=\"fusion-post-content-wrapper\" style=\"padding:30px 25px 20px 25px;\"><div class=\"fusion-post-content post-content\"><h1 class=\"blog-shortcode-post-title entry-title\"><a href=\"https:\/\/www.photomontenegro.me\/en\/sveti-ivan\/\">Crkva Svetog Ivana<\/a><\/h1><\/div><\/div><div class=\"fusion-clearfix\"><\/div><\/div>\n<\/article>\n<article id=\"blog-2-post-1231\" class=\"fusion-post-grid post-1231 post type-post status-publish format-standard has-post-thumbnail hentry category-crna-gora category-hramovi category-kulturno-naslijede tag-sv-nikola\">\n<div class=\"fusion-post-wrapper\" style=\"background-color:rgba(255,255,255,1);border:1px solid #ebeaea;border-bottom-width:3px;\"><div class=\"fusion-post-content-wrapper\" style=\"padding:30px 25px 20px 25px;\"><div class=\"fusion-post-content post-content\"><h1 class=\"blog-shortcode-post-title entry-title\"><a href=\"https:\/\/www.photomontenegro.me\/en\/crkva-svetog-nikole\/\">Crkva Svetog Nikole<\/a><\/h1><\/div><\/div><div class=\"fusion-clearfix\"><\/div><\/div>\n<\/article>\n<article id=\"blog-2-post-1843\" class=\"fusion-post-grid post-1843 post type-post status-publish format-standard has-post-thumbnail hentry category-crna-gora category-hramovi category-kulturno-naslijede tag-crkva-svetog-nikole\">\n<div class=\"fusion-post-wrapper\" style=\"background-color:rgba(255,255,255,1);border:1px solid #ebeaea;border-bottom-width:3px;\"><div class=\"fusion-post-content-wrapper\" style=\"padding:30px 25px 20px 25px;\"><div class=\"fusion-post-content post-content\"><h1 class=\"blog-shortcode-post-title entry-title\"><a href=\"https:\/\/www.photomontenegro.me\/en\/crkva-svetog-nikole-2\/\">Crkva Svetog Nikole<\/a><\/h1><\/div><\/div><div class=\"fusion-clearfix\"><\/div><\/div>\n<\/article>\n<article id=\"blog-2-post-1271\" class=\"fusion-post-grid post-1271 post type-post status-publish format-standard has-post-thumbnail hentry category-crna-gora category-hramovi category-kulturno-naslijede tag-crkva-svetog-petra\">\n<div class=\"fusion-post-wrapper\" style=\"background-color:rgba(255,255,255,1);border:1px solid #ebeaea;border-bottom-width:3px;\"><div class=\"fusion-post-content-wrapper\" style=\"padding:30px 25px 20px 25px;\"><div class=\"fusion-post-content post-content\"><h1 class=\"blog-shortcode-post-title entry-title\"><a href=\"https:\/\/www.photomontenegro.me\/en\/crkva-svetog-petra\/\">Crkva Svetog Petra<\/a><\/h1><\/div><\/div><div class=\"fusion-clearfix\"><\/div><\/div>\n<\/article>\n<article id=\"blog-2-post-2063\" class=\"fusion-post-grid post-2063 post type-post status-publish format-standard has-post-thumbnail hentry category-crna-gora category-hramovi category-kulturno-naslijede tag-crkva-svetog-save\">\n<div class=\"fusion-post-wrapper\" style=\"background-color:rgba(255,255,255,1);border:1px solid #ebeaea;border-bottom-width:3px;\"><div class=\"fusion-post-content-wrapper\" style=\"padding:30px 25px 20px 25px;\"><div class=\"fusion-post-content post-content\"><h1 class=\"blog-shortcode-post-title entry-title\"><a href=\"https:\/\/www.photomontenegro.me\/en\/crkva-svetog-save\/\">Crkva Svetog Save<\/a><\/h1><\/div><\/div><div class=\"fusion-clearfix\"><\/div><\/div>\n<\/article>\n<article id=\"blog-2-post-2233\" class=\"fusion-post-grid post-2233 post type-post status-publish format-standard has-post-thumbnail hentry category-crna-gora category-hramovi category-kulturno-naslijede tag-crkva-ruzica\">\n<div class=\"fusion-post-wrapper\" style=\"background-color:rgba(255,255,255,1);border:1px solid #ebeaea;border-bottom-width:3px;\"><div class=\"fusion-post-content-wrapper\" style=\"padding:30px 25px 20px 25px;\"><div class=\"fusion-post-content post-content\"><h1 class=\"blog-shortcode-post-title entry-title\"><a href=\"https:\/\/www.photomontenegro.me\/en\/ruzica\/\">Crkva Svetog Vasilija \u2013 Ru\u017eica<\/a><\/h1><\/div><\/div><div class=\"fusion-clearfix\"><\/div><\/div>\n<\/article>\n<article id=\"blog-2-post-1824\" class=\"fusion-post-grid post-1824 post type-post status-publish format-standard has-post-thumbnail hentry category-crna-gora category-hramovi category-kulturno-naslijede tag-crkve-svetog-djordja-i-spasa\">\n<div class=\"fusion-post-wrapper\" style=\"background-color:rgba(255,255,255,1);border:1px solid #ebeaea;border-bottom-width:3px;\"><div class=\"fusion-post-content-wrapper\" style=\"padding:30px 25px 20px 25px;\"><div class=\"fusion-post-content post-content\"><h1 class=\"blog-shortcode-post-title entry-title\"><a href=\"https:\/\/www.photomontenegro.me\/en\/crkve-svetog-dordija-i-spasa\/\">Crkve Svetog \u0110or\u0111ija i Spasa<\/a><\/h1><\/div><\/div><div class=\"fusion-clearfix\"><\/div><\/div>\n<\/article>\n<article id=\"blog-2-post-1943\" class=\"fusion-post-grid post-1943 post type-post status-publish format-standard has-post-thumbnail hentry category-crna-gora category-hramovi category-kulturno-naslijede tag-crkva-svetog-jeronim tag-crkva-svetog-leopolda-mandica\">\n<div class=\"fusion-post-wrapper\" style=\"background-color:rgba(255,255,255,1);border:1px solid #ebeaea;border-bottom-width:3px;\"><div class=\"fusion-post-content-wrapper\" style=\"padding:30px 25px 20px 25px;\"><div class=\"fusion-post-content post-content\"><h1 class=\"blog-shortcode-post-title entry-title\"><a href=\"https:\/\/www.photomontenegro.me\/en\/crkve-svetog-jeronima\/\">Crkve Svetog Jeronima i Svetog Leopolda Mandi\u0107a<\/a><\/h1><\/div><\/div><div class=\"fusion-clearfix\"><\/div><\/div>\n<\/article>\n<article id=\"blog-2-post-117\" class=\"fusion-post-grid post-117 post type-post status-publish format-standard has-post-thumbnail hentry category-crna-gora category-jezera tag-crno-jezero\">\n<div class=\"fusion-post-wrapper\" style=\"background-color:rgba(255,255,255,1);border:1px solid #ebeaea;border-bottom-width:3px;\"><div class=\"fusion-post-content-wrapper\" style=\"padding:30px 25px 20px 25px;\"><div class=\"fusion-post-content post-content\"><h1 class=\"blog-shortcode-post-title entry-title\"><a href=\"https:\/\/www.photomontenegro.me\/en\/crno-jezero\/\">Crno jezero<\/a><\/h1><\/div><\/div><div class=\"fusion-clearfix\"><\/div><\/div>\n<\/article>\n<article id=\"blog-2-post-2032\" class=\"fusion-post-grid post-2032 post type-post status-publish format-standard has-post-thumbnail hentry category-crna-gora category-kulturno-naslijede tag-crnogorska-narodna-nosnja\">\n<div class=\"fusion-post-wrapper\" style=\"background-color:rgba(255,255,255,1);border:1px solid #ebeaea;border-bottom-width:3px;\"><div class=\"fusion-post-content-wrapper\" style=\"padding:30px 25px 20px 25px;\"><div class=\"fusion-post-content post-content\"><h1 class=\"blog-shortcode-post-title entry-title\"><a href=\"https:\/\/www.photomontenegro.me\/en\/montenegrin-folk-costume\/\">Crnogorska narodna no\u0161nja<\/a><\/h1><\/div><\/div><div class=\"fusion-clearfix\"><\/div><\/div>\n<\/article>\n<article id=\"blog-2-post-6595\" class=\"fusion-post-grid post-6595 post type-post status-publish format-standard has-post-thumbnail hentry category-crna-gora category-kulturno-naslijede tag-crtezi-u-lipcima tag-praistorisjki-crtezi-lipci\">\n<div class=\"fusion-post-wrapper\" style=\"background-color:rgba(255,255,255,1);border:1px solid #ebeaea;border-bottom-width:3px;\"><div class=\"fusion-post-content-wrapper\" style=\"padding:30px 25px 20px 25px;\"><div class=\"fusion-post-content post-content\"><h1 class=\"blog-shortcode-post-title entry-title\"><a href=\"https:\/\/www.photomontenegro.me\/en\/crtezi-u-lipcima\/\">Crte\u017ei u Lipcima<\/a><\/h1><\/div><\/div><div class=\"fusion-clearfix\"><\/div><\/div>\n<\/article>\n<article id=\"blog-2-post-2520\" class=\"fusion-post-grid post-2520 post type-post status-publish format-standard has-post-thumbnail hentry category-crna-gora category-plaze category-primorje tag-crvena-glavica\">\n<div class=\"fusion-post-wrapper\" style=\"background-color:rgba(255,255,255,1);border:1px solid #ebeaea;border-bottom-width:3px;\"><div class=\"fusion-post-content-wrapper\" style=\"padding:30px 25px 20px 25px;\"><div class=\"fusion-post-content post-content\"><h1 class=\"blog-shortcode-post-title entry-title\"><a href=\"https:\/\/www.photomontenegro.me\/en\/crvenaglavica\/\">Crvena Glavica<\/a><\/h1><\/div><\/div><div class=\"fusion-clearfix\"><\/div><\/div>\n<\/article>\n<article id=\"blog-2-post-2685\" class=\"fusion-post-grid post-2685 post type-post status-publish format-standard has-post-thumbnail hentry category-crna-gora category-plaze tag-crvena-plaza tag-crveni-pijesak\">\n<div class=\"fusion-post-wrapper\" style=\"background-color:rgba(255,255,255,1);border:1px solid #ebeaea;border-bottom-width:3px;\"><div class=\"fusion-post-content-wrapper\" style=\"padding:30px 25px 20px 25px;\"><div class=\"fusion-post-content post-content\"><h1 class=\"blog-shortcode-post-title entry-title\"><a href=\"https:\/\/www.photomontenegro.me\/en\/crveni-pijesak\/\">Crveni pijesak<\/a><\/h1><\/div><\/div><div class=\"fusion-clearfix\"><\/div><\/div>\n<\/article>\n<article id=\"blog-2-post-1595\" class=\"fusion-post-grid post-1595 post type-post status-publish format-standard has-post-thumbnail hentry category-crna-gora category-gradovi category-naselja tag-danilovgrad\">\n<div class=\"fusion-post-wrapper\" style=\"background-color:rgba(255,255,255,1);border:1px solid #ebeaea;border-bottom-width:3px;\"><div class=\"fusion-post-content-wrapper\" style=\"padding:30px 25px 20px 25px;\"><div class=\"fusion-post-content post-content\"><h1 class=\"blog-shortcode-post-title entry-title\"><a href=\"https:\/\/www.photomontenegro.me\/en\/danilovgrad\/\">Danilovgrad<\/a><\/h1><\/div><\/div><div class=\"fusion-clearfix\"><\/div><\/div>\n<\/article>\n<article id=\"blog-2-post-6556\" class=\"fusion-post-grid post-6556 post type-post status-publish format-standard has-post-thumbnail hentry category-crna-gora category-plaze tag-dobrec\">\n<div class=\"fusion-post-wrapper\" style=\"background-color:rgba(255,255,255,1);border:1px solid #ebeaea;border-bottom-width:3px;\"><div class=\"fusion-post-content-wrapper\" style=\"padding:30px 25px 20px 25px;\"><div class=\"fusion-post-content post-content\"><h1 class=\"blog-shortcode-post-title entry-title\"><a href=\"https:\/\/www.photomontenegro.me\/en\/dobrec\/\">Dobre\u010d<\/a><\/h1><\/div><\/div><div class=\"fusion-clearfix\"><\/div><\/div>\n<\/article>\n<article id=\"blog-2-post-1377\" class=\"fusion-post-grid post-1377 post type-post status-publish format-standard has-post-thumbnail hentry category-crna-gora category-mjesta category-naselja category-primorje tag-dobrota\">\n<div class=\"fusion-post-wrapper\" style=\"background-color:rgba(255,255,255,1);border:1px solid #ebeaea;border-bottom-width:3px;\"><div class=\"fusion-post-content-wrapper\" style=\"padding:30px 25px 20px 25px;\"><div class=\"fusion-post-content post-content\"><h1 class=\"blog-shortcode-post-title entry-title\"><a href=\"https:\/\/www.photomontenegro.me\/en\/dobrota\/\">Dobrota<\/a><\/h1><\/div><\/div><div class=\"fusion-clearfix\"><\/div><\/div>\n<\/article>\n<article id=\"blog-2-post-1980\" class=\"fusion-post-grid post-1980 post type-post status-publish format-standard has-post-thumbnail hentry category-crna-gora category-mjesta category-naselja tag-dodosi\">\n<div class=\"fusion-post-wrapper\" style=\"background-color:rgba(255,255,255,1);border:1px solid #ebeaea;border-bottom-width:3px;\"><div class=\"fusion-post-content-wrapper\" style=\"padding:30px 25px 20px 25px;\"><div class=\"fusion-post-content post-content\"><h1 class=\"blog-shortcode-post-title entry-title\"><a href=\"https:\/\/www.photomontenegro.me\/en\/dodosi\/\">Dodo\u0161i<\/a><\/h1><\/div><\/div><div class=\"fusion-clearfix\"><\/div><\/div>\n<\/article>\n<article id=\"blog-2-post-1965\" class=\"fusion-post-grid post-1965 post type-post status-publish format-standard has-post-thumbnail hentry category-crna-gora category-mjesta category-naselja category-primorje tag-crkva-svetog-roka tag-donja-lastva\">\n<div class=\"fusion-post-wrapper\" style=\"background-color:rgba(255,255,255,1);border:1px solid #ebeaea;border-bottom-width:3px;\"><div class=\"fusion-post-content-wrapper\" style=\"padding:30px 25px 20px 25px;\"><div class=\"fusion-post-content post-content\"><h1 class=\"blog-shortcode-post-title entry-title\"><a href=\"https:\/\/www.photomontenegro.me\/en\/donja-lastva\/\">Donja Lastva<\/a><\/h1><\/div><\/div><div class=\"fusion-clearfix\"><\/div><\/div>\n<\/article>\n<article id=\"blog-2-post-1334\" class=\"fusion-post-grid post-1334 post type-post status-publish format-standard has-post-thumbnail hentry category-crna-gora category-plaze category-primorje tag-drobni-pijesak\">\n<div class=\"fusion-post-wrapper\" style=\"background-color:rgba(255,255,255,1);border:1px solid #ebeaea;border-bottom-width:3px;\"><div class=\"fusion-post-content-wrapper\" style=\"padding:30px 25px 20px 25px;\"><div class=\"fusion-post-content post-content\"><h1 class=\"blog-shortcode-post-title entry-title\"><a href=\"https:\/\/www.photomontenegro.me\/en\/drobni-pijesak\/\">Drobni Pijesak<\/a><\/h1><\/div><\/div><div class=\"fusion-clearfix\"><\/div><\/div>\n<\/article>\n<article id=\"blog-2-post-1106\" class=\"fusion-post-grid post-1106 post type-post status-publish format-standard has-post-thumbnail hentry category-crna-gora category-kulturno-naslijede category-mjesta category-naselja tag-doclea tag-duklja\">\n<div class=\"fusion-post-wrapper\" style=\"background-color:rgba(255,255,255,1);border:1px solid #ebeaea;border-bottom-width:3px;\"><div class=\"fusion-post-content-wrapper\" style=\"padding:30px 25px 20px 25px;\"><div class=\"fusion-post-content post-content\"><h1 class=\"blog-shortcode-post-title entry-title\"><a href=\"https:\/\/www.photomontenegro.me\/en\/duklja\/\">Duklja<\/a><\/h1><\/div><\/div><div class=\"fusion-clearfix\"><\/div><\/div>\n<\/article>\n<article id=\"blog-2-post-17\" class=\"fusion-post-grid post-17 post type-post status-publish format-standard has-post-thumbnail hentry category-crna-gora category-nacionalni-parkovi category-planine tag-durmitor\">\n<div class=\"fusion-post-wrapper\" style=\"background-color:rgba(255,255,255,1);border:1px solid #ebeaea;border-bottom-width:3px;\"><div class=\"fusion-post-content-wrapper\" style=\"padding:30px 25px 20px 25px;\"><div class=\"fusion-post-content post-content\"><h1 class=\"blog-shortcode-post-title entry-title\"><a href=\"https:\/\/www.photomontenegro.me\/en\/durmitor\/\">Durmitor<\/a><\/h1><\/div><\/div><div class=\"fusion-clearfix\"><\/div><\/div>\n<\/article>\n<article id=\"blog-2-post-2496\" class=\"fusion-post-grid post-2496 post type-post status-publish format-standard has-post-thumbnail hentry category-crna-gora category-mjesta category-primorje tag-djenovici\">\n<div class=\"fusion-post-wrapper\" style=\"background-color:rgba(255,255,255,1);border:1px solid #ebeaea;border-bottom-width:3px;\"><div class=\"fusion-post-content-wrapper\" style=\"padding:30px 25px 20px 25px;\"><div class=\"fusion-post-content post-content\"><h1 class=\"blog-shortcode-post-title entry-title\"><a href=\"https:\/\/www.photomontenegro.me\/en\/denovici\/\">\u0110enovi\u0107i<\/a><\/h1><\/div><\/div><div class=\"fusion-clearfix\"><\/div><\/div>\n<\/article>\n<article id=\"blog-2-post-2189\" class=\"fusion-post-grid post-2189 post type-post status-publish format-standard has-post-thumbnail hentry category-crna-gora category-mjesta category-naselja category-primorje tag-djurasevici\">\n<div class=\"fusion-post-wrapper\" style=\"background-color:rgba(255,255,255,1);border:1px solid #ebeaea;border-bottom-width:3px;\"><div class=\"fusion-post-content-wrapper\" style=\"padding:30px 25px 20px 25px;\"><div class=\"fusion-post-content post-content\"><h1 class=\"blog-shortcode-post-title entry-title\"><a href=\"https:\/\/www.photomontenegro.me\/en\/durasevici\/\">\u0110ura\u0161evi\u0107i<\/a><\/h1><\/div><\/div><div class=\"fusion-clearfix\"><\/div><\/div>\n<\/article>\n<article id=\"blog-2-post-1731\" class=\"fusion-post-grid post-1731 post type-post status-publish format-standard has-post-thumbnail hentry category-crna-gora category-gradevine category-kulturno-naslijede tag-forte-mare\">\n<div class=\"fusion-post-wrapper\" style=\"background-color:rgba(255,255,255,1);border:1px solid #ebeaea;border-bottom-width:3px;\"><div class=\"fusion-post-content-wrapper\" style=\"padding:30px 25px 20px 25px;\"><div class=\"fusion-post-content post-content\"><h1 class=\"blog-shortcode-post-title entry-title\"><a href=\"https:\/\/www.photomontenegro.me\/en\/forte-mare\/\">Forte Mare<\/a><\/h1><\/div><\/div><div class=\"fusion-clearfix\"><\/div><\/div>\n<\/article>\n<article id=\"blog-2-post-1757\" class=\"fusion-post-grid post-1757 post type-post status-publish format-standard has-post-thumbnail hentry category-crna-gora category-hramovi category-kulturno-naslijede tag-franjevacki-manastir-sv-nikole\">\n<div class=\"fusion-post-wrapper\" style=\"background-color:rgba(255,255,255,1);border:1px solid #ebeaea;border-bottom-width:3px;\"><div class=\"fusion-post-content-wrapper\" style=\"padding:30px 25px 20px 25px;\"><div class=\"fusion-post-content post-content\"><h1 class=\"blog-shortcode-post-title entry-title\"><a href=\"https:\/\/www.photomontenegro.me\/en\/franjevacki-manastir-sv-nikole\/\">Franjeva\u010dki Manastir Sv. Nikole<\/a><\/h1><\/div><\/div><div class=\"fusion-clearfix\"><\/div><\/div>\n<\/article>\n<article id=\"blog-2-post-1220\" class=\"fusion-post-grid post-1220 post type-post status-publish format-standard has-post-thumbnail hentry category-crna-gora category-planine tag-garac\">\n<div class=\"fusion-post-wrapper\" style=\"background-color:rgba(255,255,255,1);border:1px solid #ebeaea;border-bottom-width:3px;\"><div class=\"fusion-post-content-wrapper\" style=\"padding:30px 25px 20px 25px;\"><div class=\"fusion-post-content post-content\"><h1 class=\"blog-shortcode-post-title entry-title\"><a href=\"https:\/\/www.photomontenegro.me\/en\/garac\/\">Gara\u010d<\/a><\/h1><\/div><\/div><div class=\"fusion-clearfix\"><\/div><\/div>\n<\/article>\n<article id=\"blog-2-post-2228\" class=\"fusion-post-grid post-2228 post type-post status-publish format-standard has-post-thumbnail hentry category-crna-gora category-mjesta category-naselja tag-glava-zete\">\n<div class=\"fusion-post-wrapper\" style=\"background-color:rgba(255,255,255,1);border:1px solid #ebeaea;border-bottom-width:3px;\"><div class=\"fusion-post-content-wrapper\" style=\"padding:30px 25px 20px 25px;\"><div class=\"fusion-post-content post-content\"><h1 class=\"blog-shortcode-post-title entry-title\"><a href=\"https:\/\/www.photomontenegro.me\/en\/glava-zete\/\">Glava Zete<\/a><\/h1><\/div><\/div><div class=\"fusion-clearfix\"><\/div><\/div>\n<\/article>\n<article id=\"blog-2-post-863\" class=\"fusion-post-grid post-863 post type-post status-publish format-standard has-post-thumbnail hentry category-crna-gora category-mjesta category-naselja tag-godinje\">\n<div class=\"fusion-post-wrapper\" style=\"background-color:rgba(255,255,255,1);border:1px solid #ebeaea;border-bottom-width:3px;\"><div class=\"fusion-post-content-wrapper\" style=\"padding:30px 25px 20px 25px;\"><div class=\"fusion-post-content post-content\"><h1 class=\"blog-shortcode-post-title entry-title\"><a href=\"https:\/\/www.photomontenegro.me\/en\/godinje\/\">Godinje<\/a><\/h1><\/div><\/div><div class=\"fusion-clearfix\"><\/div><\/div>\n<\/article>\n<article id=\"blog-2-post-2612\" class=\"fusion-post-grid post-2612 post type-post status-publish format-standard has-post-thumbnail hentry category-crna-gora category-planine tag-golija\">\n<div class=\"fusion-post-wrapper\" style=\"background-color:rgba(255,255,255,1);border:1px solid #ebeaea;border-bottom-width:3px;\"><div class=\"fusion-post-content-wrapper\" style=\"padding:30px 25px 20px 25px;\"><div class=\"fusion-post-content post-content\"><h1 class=\"blog-shortcode-post-title entry-title\"><a href=\"https:\/\/www.photomontenegro.me\/en\/golija\/\">Golija<\/a><\/h1><\/div><\/div><div class=\"fusion-clearfix\"><\/div><\/div>\n<\/article>\n<article id=\"blog-2-post-5981\" class=\"fusion-post-grid post-5981 post type-post status-publish format-standard has-post-thumbnail hentry category-crna-gora category-mjesta tag-golubovci tag-zeta\">\n<div class=\"fusion-post-wrapper\" style=\"background-color:rgba(255,255,255,1);border:1px solid #ebeaea;border-bottom-width:3px;\"><div class=\"fusion-post-content-wrapper\" style=\"padding:30px 25px 20px 25px;\"><div class=\"fusion-post-content post-content\"><h1 class=\"blog-shortcode-post-title entry-title\"><a href=\"https:\/\/www.photomontenegro.me\/en\/golubovci\/\">Golubovci<\/a><\/h1><\/div><\/div><div class=\"fusion-clearfix\"><\/div><\/div>\n<\/article>\n<article id=\"blog-2-post-7608\" class=\"fusion-post-grid post-7608 post type-post status-publish format-standard has-post-thumbnail hentry category-crna-gora category-gradevine category-kulturno-naslijede tag-gorazda tag-tvrdava-gorazda\">\n<div class=\"fusion-post-wrapper\" style=\"background-color:rgba(255,255,255,1);border:1px solid #ebeaea;border-bottom-width:3px;\"><div class=\"fusion-post-content-wrapper\" style=\"padding:30px 25px 20px 25px;\"><div class=\"fusion-post-content post-content\"><h1 class=\"blog-shortcode-post-title entry-title\"><a href=\"https:\/\/www.photomontenegro.me\/en\/tvrdava-gorazda\/\">Gora\u017eda<\/a><\/h1><\/div><\/div><div class=\"fusion-clearfix\"><\/div><\/div>\n<\/article>\n<article id=\"blog-2-post-2003\" class=\"fusion-post-grid post-2003 post type-post status-publish format-standard has-post-thumbnail hentry category-crna-gora category-mjesta category-naselja tag-gornja-lastva\">\n<div class=\"fusion-post-wrapper\" style=\"background-color:rgba(255,255,255,1);border:1px solid #ebeaea;border-bottom-width:3px;\"><div class=\"fusion-post-content-wrapper\" style=\"padding:30px 25px 20px 25px;\"><div class=\"fusion-post-content post-content\"><h1 class=\"blog-shortcode-post-title entry-title\"><a href=\"https:\/\/www.photomontenegro.me\/en\/gornja-lastva\/\">Gornja Lastva<\/a><\/h1><\/div><\/div><div class=\"fusion-clearfix\"><\/div><\/div>\n<\/article>\n<article id=\"blog-2-post-1904\" class=\"fusion-post-grid post-1904 post type-post status-publish format-standard has-post-thumbnail hentry category-crna-gora category-hramovi category-kulturno-naslijede tag-gospa-od-andjela\">\n<div class=\"fusion-post-wrapper\" style=\"background-color:rgba(255,255,255,1);border:1px solid #ebeaea;border-bottom-width:3px;\"><div class=\"fusion-post-content-wrapper\" style=\"padding:30px 25px 20px 25px;\"><div class=\"fusion-post-content post-content\"><h1 class=\"blog-shortcode-post-title entry-title\"><a href=\"https:\/\/www.photomontenegro.me\/en\/gospa-od-andela\/\">Gospa od An\u0111ela<\/a><\/h1><\/div><\/div><div class=\"fusion-clearfix\"><\/div><\/div>\n<\/article>\n<article id=\"blog-2-post-127\" class=\"fusion-post-grid post-127 post type-post status-publish format-standard has-post-thumbnail hentry category-crna-gora category-hramovi category-kulturno-naslijede category-ostrva category-primorje tag-gospa-od-milosti\">\n<div class=\"fusion-post-wrapper\" style=\"background-color:rgba(255,255,255,1);border:1px solid #ebeaea;border-bottom-width:3px;\"><div class=\"fusion-post-content-wrapper\" style=\"padding:30px 25px 20px 25px;\"><div class=\"fusion-post-content post-content\"><h1 class=\"blog-shortcode-post-title entry-title\"><a href=\"https:\/\/www.photomontenegro.me\/en\/gospa-od-milosti\/\">Gospa od Milosti<\/a><\/h1><\/div><\/div><div class=\"fusion-clearfix\"><\/div><\/div>\n<\/article>\n<article id=\"blog-2-post-141\" class=\"fusion-post-grid post-141 post type-post status-publish format-standard has-post-thumbnail hentry category-crna-gora category-hramovi category-kulturno-naslijede category-ostrva category-primorje tag-gospa-od-mirista tag-vavedenje\">\n<div class=\"fusion-post-wrapper\" style=\"background-color:rgba(255,255,255,1);border:1px solid #ebeaea;border-bottom-width:3px;\"><div class=\"fusion-post-content-wrapper\" style=\"padding:30px 25px 20px 25px;\"><div class=\"fusion-post-content post-content\"><h1 class=\"blog-shortcode-post-title entry-title\"><a href=\"https:\/\/www.photomontenegro.me\/en\/gospa-od-mirista-vavedenje\/\">Gospa od Miri\u0161ta (Vavedenje)<\/a><\/h1><\/div><\/div><div class=\"fusion-clearfix\"><\/div><\/div>\n<\/article>\n<article id=\"blog-2-post-121\" class=\"fusion-post-grid post-121 post type-post status-publish format-standard has-post-thumbnail hentry category-crna-gora category-hramovi category-kulturno-naslijede category-ostrva category-primorje tag-fasinada tag-gospa-od-skrpjela\">\n<div class=\"fusion-post-wrapper\" style=\"background-color:rgba(255,255,255,1);border:1px solid #ebeaea;border-bottom-width:3px;\"><div class=\"fusion-post-content-wrapper\" style=\"padding:30px 25px 20px 25px;\"><div class=\"fusion-post-content post-content\"><h1 class=\"blog-shortcode-post-title entry-title\"><a href=\"https:\/\/www.photomontenegro.me\/en\/gospe-od-skrpjela\/\">Gospa od \u0160krpjela<\/a><\/h1><\/div><\/div><div class=\"fusion-clearfix\"><\/div><\/div>\n<\/article>\n<article id=\"blog-2-post-2182\" class=\"fusion-post-grid post-2182 post type-post status-publish format-standard has-post-thumbnail hentry category-crna-gora category-hramovi category-kulturno-naslijede tag-gospa-od-zdravlja\">\n<div class=\"fusion-post-wrapper\" style=\"background-color:rgba(255,255,255,1);border:1px solid #ebeaea;border-bottom-width:3px;\"><div class=\"fusion-post-content-wrapper\" style=\"padding:30px 25px 20px 25px;\"><div class=\"fusion-post-content post-content\"><h1 class=\"blog-shortcode-post-title entry-title\"><a href=\"https:\/\/www.photomontenegro.me\/en\/gospa-od-zdravlja\/\">Gospa od Zdravlja<\/a><\/h1><\/div><\/div><div class=\"fusion-clearfix\"><\/div><\/div>\n<\/article>\n<article id=\"blog-2-post-2307\" class=\"fusion-post-grid post-2307 post type-post status-publish format-standard has-post-thumbnail hentry category-crna-gora category-jezera tag-govedje-jezero\">\n<div class=\"fusion-post-wrapper\" style=\"background-color:rgba(255,255,255,1);border:1px solid #ebeaea;border-bottom-width:3px;\"><div class=\"fusion-post-content-wrapper\" style=\"padding:30px 25px 20px 25px;\"><div class=\"fusion-post-content post-content\"><h1 class=\"blog-shortcode-post-title entry-title\"><a href=\"https:\/\/www.photomontenegro.me\/en\/govede-jezero\/\">Gove\u0111e jezero<\/a><\/h1><\/div><\/div><div class=\"fusion-clearfix\"><\/div><\/div>\n<\/article>\n<article id=\"blog-2-post-2311\" class=\"fusion-post-grid post-2311 post type-post status-publish format-standard has-post-thumbnail hentry category-crna-gora category-rijeke tag-grabovica\">\n<div class=\"fusion-post-wrapper\" style=\"background-color:rgba(255,255,255,1);border:1px solid #ebeaea;border-bottom-width:3px;\"><div class=\"fusion-post-content-wrapper\" style=\"padding:30px 25px 20px 25px;\"><div class=\"fusion-post-content post-content\"><h1 class=\"blog-shortcode-post-title entry-title\"><a href=\"https:\/\/www.photomontenegro.me\/en\/grabovica\/\">Grabovica<\/a><\/h1><\/div><\/div><div class=\"fusion-clearfix\"><\/div><\/div>\n<\/article>\n<article id=\"blog-2-post-2510\" class=\"fusion-post-grid post-2510 post type-post status-publish format-standard has-post-thumbnail hentry category-crna-gora category-mjesta category-naselja tag-grahovo\">\n<div class=\"fusion-post-wrapper\" style=\"background-color:rgba(255,255,255,1);border:1px solid #ebeaea;border-bottom-width:3px;\"><div class=\"fusion-post-content-wrapper\" style=\"padding:30px 25px 20px 25px;\"><div class=\"fusion-post-content post-content\"><h1 class=\"blog-shortcode-post-title entry-title\"><a href=\"https:\/\/www.photomontenegro.me\/en\/grahovo\/\">Grahovo<\/a><\/h1><\/div><\/div><div class=\"fusion-clearfix\"><\/div><\/div>\n<\/article>\n<article id=\"blog-2-post-829\" class=\"fusion-post-grid post-829 post type-post status-publish format-standard has-post-thumbnail hentry category-crna-gora category-jezera tag-grahovsko-jezero\">\n<div class=\"fusion-post-wrapper\" style=\"background-color:rgba(255,255,255,1);border:1px solid #ebeaea;border-bottom-width:3px;\"><div class=\"fusion-post-content-wrapper\" style=\"padding:30px 25px 20px 25px;\"><div class=\"fusion-post-content post-content\"><h1 class=\"blog-shortcode-post-title entry-title\"><a href=\"https:\/\/www.photomontenegro.me\/en\/grahovsko-jezero\/\">Grahovsko jezero<\/a><\/h1><\/div><\/div><div class=\"fusion-clearfix\"><\/div><\/div>\n<\/article>\n<article id=\"blog-2-post-1196\" class=\"fusion-post-grid post-1196 post type-post status-publish format-standard has-post-thumbnail hentry category-crna-gora category-gradevine category-kulturno-naslijede tag-grmozur\">\n<div class=\"fusion-post-wrapper\" style=\"background-color:rgba(255,255,255,1);border:1px solid #ebeaea;border-bottom-width:3px;\"><div class=\"fusion-post-content-wrapper\" style=\"padding:30px 25px 20px 25px;\"><div class=\"fusion-post-content post-content\"><h1 class=\"blog-shortcode-post-title entry-title\"><a href=\"https:\/\/www.photomontenegro.me\/en\/grmozur\/\">Grmo\u017eur<\/a><\/h1><\/div><\/div><div class=\"fusion-clearfix\"><\/div><\/div>\n<\/article>\n<article id=\"blog-2-post-1743\" class=\"fusion-post-grid post-1743 post type-post status-publish format-standard has-post-thumbnail hentry category-crna-gora category-gradovi category-naselja tag-gusinje\">\n<div class=\"fusion-post-wrapper\" style=\"background-color:rgba(255,255,255,1);border:1px solid #ebeaea;border-bottom-width:3px;\"><div class=\"fusion-post-content-wrapper\" style=\"padding:30px 25px 20px 25px;\"><div class=\"fusion-post-content post-content\"><h1 class=\"blog-shortcode-post-title entry-title\"><a href=\"https:\/\/www.photomontenegro.me\/en\/gusinje\/\">Gusinje<\/a><\/h1><\/div><\/div><div class=\"fusion-clearfix\"><\/div><\/div>\n<\/article>\n<article id=\"blog-2-post-2290\" class=\"fusion-post-grid post-2290 post type-post status-publish format-standard has-post-thumbnail hentry category-crna-gora category-hramovi category-kulturno-naslijede tag-cekica-dzamija tag-gusinjske-dzamije tag-radoncica-dzamija tag-vezirova-dzamija\">\n<div class=\"fusion-post-wrapper\" style=\"background-color:rgba(255,255,255,1);border:1px solid #ebeaea;border-bottom-width:3px;\"><div class=\"fusion-post-content-wrapper\" style=\"padding:30px 25px 20px 25px;\"><div class=\"fusion-post-content post-content\"><h1 class=\"blog-shortcode-post-title entry-title\"><a href=\"https:\/\/www.photomontenegro.me\/en\/gusinjske-dzamije\/\">Gusinjske d\u017eamije<\/a><\/h1><\/div><\/div><div class=\"fusion-clearfix\"><\/div><\/div>\n<\/article>\n<article id=\"blog-2-post-2346\" class=\"fusion-post-grid post-2346 post type-post status-publish format-standard has-post-thumbnail hentry category-crna-gora category-rijeke tag-dolja tag-grlja tag-grncar tag-ljuca tag-skakavica tag-vruja\">\n<div class=\"fusion-post-wrapper\" style=\"background-color:rgba(255,255,255,1);border:1px solid #ebeaea;border-bottom-width:3px;\"><div class=\"fusion-post-content-wrapper\" style=\"padding:30px 25px 20px 25px;\"><div class=\"fusion-post-content post-content\"><h1 class=\"blog-shortcode-post-title entry-title\"><a href=\"https:\/\/www.photomontenegro.me\/en\/gusinjske-rijeke\/\">Gusinjske rijeke<\/a><\/h1><\/div><\/div><div class=\"fusion-clearfix\"><\/div><\/div>\n<\/article>\n<article id=\"blog-2-post-1829\" class=\"fusion-post-grid post-1829 post type-post status-publish format-standard has-post-thumbnail hentry category-crna-gora category-gradevine category-kulturno-naslijede tag-haj-nehaj\">\n<div class=\"fusion-post-wrapper\" style=\"background-color:rgba(255,255,255,1);border:1px solid #ebeaea;border-bottom-width:3px;\"><div class=\"fusion-post-content-wrapper\" style=\"padding:30px 25px 20px 25px;\"><div class=\"fusion-post-content post-content\"><h1 class=\"blog-shortcode-post-title entry-title\"><a href=\"https:\/\/www.photomontenegro.me\/en\/haj-nehaj\/\">Haj Nehaj<\/a><\/h1><\/div><\/div><div class=\"fusion-clearfix\"><\/div><\/div>\n<\/article>\n<article id=\"blog-2-post-7973\" class=\"fusion-post-grid post-7973 post type-post status-publish format-standard has-post-thumbnail hentry category-crna-gora category-planine tag-hajla\">\n<div class=\"fusion-post-wrapper\" style=\"background-color:rgba(255,255,255,1);border:1px solid #ebeaea;border-bottom-width:3px;\"><div class=\"fusion-post-content-wrapper\" style=\"padding:30px 25px 20px 25px;\"><div class=\"fusion-post-content post-content\"><h1 class=\"blog-shortcode-post-title entry-title\"><a href=\"https:\/\/www.photomontenegro.me\/en\/hajla\/\">Hajla<\/a><\/h1><\/div><\/div><div class=\"fusion-clearfix\"><\/div><\/div>\n<\/article>\n<article id=\"blog-2-post-1986\" class=\"fusion-post-grid post-1986 post type-post status-publish format-standard has-post-thumbnail hentry category-crna-gora category-gradovi category-naselja tag-herceg-novi\">\n<div class=\"fusion-post-wrapper\" style=\"background-color:rgba(255,255,255,1);border:1px solid #ebeaea;border-bottom-width:3px;\"><div class=\"fusion-post-content-wrapper\" style=\"padding:30px 25px 20px 25px;\"><div class=\"fusion-post-content post-content\"><h1 class=\"blog-shortcode-post-title entry-title\"><a href=\"https:\/\/www.photomontenegro.me\/en\/herceg-novi\/\">Herceg Novi<\/a><\/h1><\/div><\/div><div class=\"fusion-clearfix\"><\/div><\/div>\n<\/article>\n<article id=\"blog-2-post-2163\" class=\"fusion-post-grid post-2163 post type-post status-publish format-standard has-post-thumbnail hentry category-crna-gora category-hramovi category-kulturno-naslijede tag-hram-hristovog-rozdestva\">\n<div class=\"fusion-post-wrapper\" style=\"background-color:rgba(255,255,255,1);border:1px solid #ebeaea;border-bottom-width:3px;\"><div class=\"fusion-post-content-wrapper\" style=\"padding:30px 25px 20px 25px;\"><div class=\"fusion-post-content post-content\"><h1 class=\"blog-shortcode-post-title entry-title\"><a href=\"https:\/\/www.photomontenegro.me\/en\/hram-hristovog-rozdestva\/\">Hram Hristovog Ro\u017edestva<\/a><\/h1><\/div><\/div><div class=\"fusion-clearfix\"><\/div><\/div>\n<\/article>\n<article id=\"blog-2-post-1660\" class=\"fusion-post-grid post-1660 post type-post status-publish format-standard has-post-thumbnail hentry category-crna-gora category-hramovi category-kulturno-naslijede tag-hram-hristovog-vaskrsenja\">\n<div class=\"fusion-post-wrapper\" style=\"background-color:rgba(255,255,255,1);border:1px solid #ebeaea;border-bottom-width:3px;\"><div class=\"fusion-post-content-wrapper\" style=\"padding:30px 25px 20px 25px;\"><div class=\"fusion-post-content post-content\"><h1 class=\"blog-shortcode-post-title entry-title\"><a href=\"https:\/\/www.photomontenegro.me\/en\/hram-hristovog-vaskrsenja\/\">Hram Hristovog Vaskrsenja<\/a><\/h1><\/div><\/div><div class=\"fusion-clearfix\"><\/div><\/div>\n<\/article>\n<article id=\"blog-2-post-6408\" class=\"fusion-post-grid post-6408 post type-post status-publish format-standard has-post-thumbnail hentry category-crna-gora category-hramovi category-kulturno-naslijede tag-saborni-hram-svetog-jovana\">\n<div class=\"fusion-post-wrapper\" style=\"background-color:rgba(255,255,255,1);border:1px solid #ebeaea;border-bottom-width:3px;\"><div class=\"fusion-post-content-wrapper\" style=\"padding:30px 25px 20px 25px;\"><div class=\"fusion-post-content post-content\"><h1 class=\"blog-shortcode-post-title entry-title\"><a href=\"https:\/\/www.photomontenegro.me\/en\/saborni-hram-sv-jovana-vladimira\/\">Hram Sv. Jovana Vladimira<\/a><\/h1><\/div><\/div><div class=\"fusion-clearfix\"><\/div><\/div>\n<\/article>\n<article id=\"blog-2-post-1392\" class=\"fusion-post-grid post-1392 post type-post status-publish format-standard has-post-thumbnail hentry category-crna-gora category-hramovi category-kulturno-naslijede tag-hram-svetog-vasilija-ostroskog\">\n<div class=\"fusion-post-wrapper\" style=\"background-color:rgba(255,255,255,1);border:1px solid #ebeaea;border-bottom-width:3px;\"><div class=\"fusion-post-content-wrapper\" style=\"padding:30px 25px 20px 25px;\"><div class=\"fusion-post-content post-content\"><h1 class=\"blog-shortcode-post-title entry-title\"><a href=\"https:\/\/www.photomontenegro.me\/en\/hram-sv-vasilija-ostroskog\/\">Hram Sv. Vasilija Ostro\u0161kog<\/a><\/h1><\/div><\/div><div class=\"fusion-clearfix\"><\/div><\/div>\n<\/article>\n<article id=\"blog-2-post-2355\" class=\"fusion-post-grid post-2355 post type-post status-publish format-standard has-post-thumbnail hentry category-crna-gora category-jezera tag-hridsko-jezero\">\n<div class=\"fusion-post-wrapper\" style=\"background-color:rgba(255,255,255,1);border:1px solid #ebeaea;border-bottom-width:3px;\"><div class=\"fusion-post-content-wrapper\" style=\"padding:30px 25px 20px 25px;\"><div class=\"fusion-post-content post-content\"><h1 class=\"blog-shortcode-post-title entry-title\"><a href=\"https:\/\/www.photomontenegro.me\/en\/hridsko-jezero\/\">Hridsko jezero<\/a><\/h1><\/div><\/div><div class=\"fusion-clearfix\"><\/div><\/div>\n<\/article>\n<article id=\"blog-2-post-818\" class=\"fusion-post-grid post-818 post type-post status-publish format-standard has-post-thumbnail hentry category-crna-gora category-hramovi category-kulturno-naslijede tag-husein-pasina-dzamija\">\n<div class=\"fusion-post-wrapper\" style=\"background-color:rgba(255,255,255,1);border:1px solid #ebeaea;border-bottom-width:3px;\"><div class=\"fusion-post-content-wrapper\" style=\"padding:30px 25px 20px 25px;\"><div class=\"fusion-post-content post-content\"><h1 class=\"blog-shortcode-post-title entry-title\"><a href=\"https:\/\/www.photomontenegro.me\/en\/husein-pasina-dzamija\/\">Husein Pa\u0161ina D\u017eamija<\/a><\/h1><\/div><\/div><div class=\"fusion-clearfix\"><\/div><\/div>\n<\/article>\n<article id=\"blog-2-post-4348\" class=\"fusion-post-grid post-4348 post type-post status-publish format-standard has-post-thumbnail hentry category-crna-gora category-rijeke tag-ibar\">\n<div class=\"fusion-post-wrapper\" style=\"background-color:rgba(255,255,255,1);border:1px solid #ebeaea;border-bottom-width:3px;\"><div class=\"fusion-post-content-wrapper\" style=\"padding:30px 25px 20px 25px;\"><div class=\"fusion-post-content post-content\"><h1 class=\"blog-shortcode-post-title entry-title\"><a href=\"https:\/\/www.photomontenegro.me\/en\/ibar\/\">Ibar<\/a><\/h1><\/div><\/div><div class=\"fusion-clearfix\"><\/div><\/div>\n<\/article>\n<article id=\"blog-2-post-1696\" class=\"fusion-post-grid post-1696 post type-post status-publish format-standard has-post-thumbnail hentry category-crna-gora category-mjesta category-naselja category-primorje tag-igalo\">\n<div class=\"fusion-post-wrapper\" style=\"background-color:rgba(255,255,255,1);border:1px solid #ebeaea;border-bottom-width:3px;\"><div class=\"fusion-post-content-wrapper\" style=\"padding:30px 25px 20px 25px;\"><div class=\"fusion-post-content post-content\"><h1 class=\"blog-shortcode-post-title entry-title\"><a href=\"https:\/\/www.photomontenegro.me\/en\/igalo\/\">Igalo<\/a><\/h1><\/div><\/div><div class=\"fusion-clearfix\"><\/div><\/div>\n<\/article>\n<article id=\"blog-2-post-1110\" class=\"fusion-post-grid post-1110 post type-post status-publish format-standard has-post-thumbnail hentry category-crna-gora category-mjesta category-naselja tag-ivanova-korita\">\n<div class=\"fusion-post-wrapper\" style=\"background-color:rgba(255,255,255,1);border:1px solid #ebeaea;border-bottom-width:3px;\"><div class=\"fusion-post-content-wrapper\" style=\"padding:30px 25px 20px 25px;\"><div class=\"fusion-post-content post-content\"><h1 class=\"blog-shortcode-post-title entry-title\"><a href=\"https:\/\/www.photomontenegro.me\/en\/ivanova-korita\/\">Ivanova Korita<\/a><\/h1><\/div><\/div><div class=\"fusion-clearfix\"><\/div><\/div>\n<\/article>\n<article id=\"blog-2-post-2341\" class=\"fusion-post-grid post-2341 post type-post status-publish format-standard has-post-thumbnail hentry category-crna-gora category-jezera tag-jablan-jezero\">\n<div class=\"fusion-post-wrapper\" style=\"background-color:rgba(255,255,255,1);border:1px solid #ebeaea;border-bottom-width:3px;\"><div class=\"fusion-post-content-wrapper\" style=\"padding:30px 25px 20px 25px;\"><div class=\"fusion-post-content post-content\"><h1 class=\"blog-shortcode-post-title entry-title\"><a href=\"https:\/\/www.photomontenegro.me\/en\/jablan-jezero\/\">Jablan jezero<\/a><\/h1><\/div><\/div><div class=\"fusion-clearfix\"><\/div><\/div>\n<\/article>\n<article id=\"blog-2-post-2453\" class=\"fusion-post-grid post-2453 post type-post status-publish format-standard has-post-thumbnail hentry category-crna-gora category-kulturno-naslijede tag-jadran\">\n<div class=\"fusion-post-wrapper\" style=\"background-color:rgba(255,255,255,1);border:1px solid #ebeaea;border-bottom-width:3px;\"><div class=\"fusion-post-content-wrapper\" style=\"padding:30px 25px 20px 25px;\"><div class=\"fusion-post-content post-content\"><h1 class=\"blog-shortcode-post-title entry-title\"><a href=\"https:\/\/www.photomontenegro.me\/en\/jadran\/\">Jadran<\/a><\/h1><\/div><\/div><div class=\"fusion-clearfix\"><\/div><\/div>\n<\/article>\n<article id=\"blog-2-post-773\" class=\"fusion-post-grid post-773 post type-post status-publish format-standard has-post-thumbnail hentry category-crna-gora category-plaze category-primorje tag-jaz\">\n<div class=\"fusion-post-wrapper\" style=\"background-color:rgba(255,255,255,1);border:1px solid #ebeaea;border-bottom-width:3px;\"><div class=\"fusion-post-content-wrapper\" style=\"padding:30px 25px 20px 25px;\"><div class=\"fusion-post-content post-content\"><h1 class=\"blog-shortcode-post-title entry-title\"><a href=\"https:\/\/www.photomontenegro.me\/en\/jaz\/\">Jaz<\/a><\/h1><\/div><\/div><div class=\"fusion-clearfix\"><\/div><\/div>\n<\/article>\n<article id=\"blog-2-post-109\" class=\"fusion-post-grid post-109 post type-post status-publish format-standard has-post-thumbnail hentry category-crna-gora category-jezera tag-jezer\">\n<div class=\"fusion-post-wrapper\" style=\"background-color:rgba(255,255,255,1);border:1px solid #ebeaea;border-bottom-width:3px;\"><div class=\"fusion-post-content-wrapper\" style=\"padding:30px 25px 20px 25px;\"><div class=\"fusion-post-content post-content\"><h1 class=\"blog-shortcode-post-title entry-title\"><a href=\"https:\/\/www.photomontenegro.me\/en\/jezer\/\">Jezer<\/a><\/h1><\/div><\/div><div class=\"fusion-clearfix\"><\/div><\/div>\n<\/article>\n<article id=\"blog-2-post-8030\" class=\"fusion-post-grid post-8030 post type-post status-publish format-standard has-post-thumbnail hentry category-crna-gora category-gradevine category-kulturno-naslijede tag-fort-kabala tag-kabala\">\n<div class=\"fusion-post-wrapper\" style=\"background-color:rgba(255,255,255,1);border:1px solid #ebeaea;border-bottom-width:3px;\"><div class=\"fusion-post-content-wrapper\" style=\"padding:30px 25px 20px 25px;\"><div class=\"fusion-post-content post-content\"><h1 class=\"blog-shortcode-post-title entry-title\"><a href=\"https:\/\/www.photomontenegro.me\/en\/kabala\/\">Kabala<\/a><\/h1><\/div><\/div><div class=\"fusion-clearfix\"><\/div><\/div>\n<\/article>\n<article id=\"blog-2-post-1846\" class=\"fusion-post-grid post-1846 post type-post status-publish format-standard has-post-thumbnail hentry category-crna-gora category-plaze category-primorje tag-kalardovo\">\n<div class=\"fusion-post-wrapper\" style=\"background-color:rgba(255,255,255,1);border:1px solid #ebeaea;border-bottom-width:3px;\"><div class=\"fusion-post-content-wrapper\" style=\"padding:30px 25px 20px 25px;\"><div class=\"fusion-post-content post-content\"><h1 class=\"blog-shortcode-post-title entry-title\"><a href=\"https:\/\/www.photomontenegro.me\/en\/kalardovo\/\">Kalardovo<\/a><\/h1><\/div><\/div><div class=\"fusion-clearfix\"><\/div><\/div>\n<\/article>\n<article id=\"blog-2-post-8035\" class=\"fusion-post-grid post-8035 post type-post status-publish format-standard has-post-thumbnail hentry category-crna-gora category-jezera tag-kalabur-oko tag-kaluderovo-oko\">\n<div class=\"fusion-post-wrapper\" style=\"background-color:rgba(255,255,255,1);border:1px solid #ebeaea;border-bottom-width:3px;\"><div class=\"fusion-post-content-wrapper\" style=\"padding:30px 25px 20px 25px;\"><div class=\"fusion-post-content post-content\"><h1 class=\"blog-shortcode-post-title entry-title\"><a href=\"https:\/\/www.photomontenegro.me\/en\/kaludjerovo-oko\/\">Kalu\u0111erovo oko<\/a><\/h1><\/div><\/div><div class=\"fusion-clearfix\"><\/div><\/div>\n<\/article>\n<article id=\"blog-2-post-2093\" class=\"fusion-post-grid post-2093 post type-post status-publish format-standard has-post-thumbnail hentry category-crna-gora category-mjesta category-primorje tag-kamenari\">\n<div class=\"fusion-post-wrapper\" style=\"background-color:rgba(255,255,255,1);border:1px solid #ebeaea;border-bottom-width:3px;\"><div class=\"fusion-post-content-wrapper\" style=\"padding:30px 25px 20px 25px;\"><div class=\"fusion-post-content post-content\"><h1 class=\"blog-shortcode-post-title entry-title\"><a href=\"https:\/\/www.photomontenegro.me\/en\/kamenari\/\">Kamenari<\/a><\/h1><\/div><\/div><div class=\"fusion-clearfix\"><\/div><\/div>\n<\/article>\n<article id=\"blog-2-post-1152\" class=\"fusion-post-grid post-1152 post type-post status-publish format-standard has-post-thumbnail hentry category-crna-gora category-plaze category-primorje tag-kamenovo\">\n<div class=\"fusion-post-wrapper\" style=\"background-color:rgba(255,255,255,1);border:1px solid #ebeaea;border-bottom-width:3px;\"><div class=\"fusion-post-content-wrapper\" style=\"padding:30px 25px 20px 25px;\"><div class=\"fusion-post-content post-content\"><h1 class=\"blog-shortcode-post-title entry-title\"><a href=\"https:\/\/www.photomontenegro.me\/en\/kamenovo\/\">Kamenovo<\/a><\/h1><\/div><\/div><div class=\"fusion-clearfix\"><\/div><\/div>\n<\/article>\n<article id=\"blog-2-post-2501\" class=\"fusion-post-grid post-2501 post type-post status-publish format-standard has-post-thumbnail hentry category-crna-gora category-gradevine category-kulturno-naslijede tag-kanli-kula\">\n<div class=\"fusion-post-wrapper\" style=\"background-color:rgba(255,255,255,1);border:1px solid #ebeaea;border-bottom-width:3px;\"><div class=\"fusion-post-content-wrapper\" style=\"padding:30px 25px 20px 25px;\"><div class=\"fusion-post-content post-content\"><h1 class=\"blog-shortcode-post-title entry-title\"><a href=\"https:\/\/www.photomontenegro.me\/en\/kanli-kula\/\">Kanli Kula<\/a><\/h1><\/div><\/div><div class=\"fusion-clearfix\"><\/div><\/div>\n<\/article>\n<article id=\"blog-2-post-153\" class=\"fusion-post-grid post-153 post type-post status-publish format-standard has-post-thumbnail hentry category-crna-gora category-jezera tag-kapetanovo-jezero\">\n<div class=\"fusion-post-wrapper\" style=\"background-color:rgba(255,255,255,1);border:1px solid #ebeaea;border-bottom-width:3px;\"><div class=\"fusion-post-content-wrapper\" style=\"padding:30px 25px 20px 25px;\"><div class=\"fusion-post-content post-content\"><h1 class=\"blog-shortcode-post-title entry-title\"><a href=\"https:\/\/www.photomontenegro.me\/en\/kapetanovo-jezero\/\">Kapetanovo jezero<\/a><\/h1><\/div><\/div><div class=\"fusion-clearfix\"><\/div><\/div>\n<\/article>\n<article id=\"blog-2-post-1511\" class=\"fusion-post-grid post-1511 post type-post status-publish format-standard has-post-thumbnail hentry category-crna-gora category-mjesta category-naselja tag-karuc\">\n<div class=\"fusion-post-wrapper\" style=\"background-color:rgba(255,255,255,1);border:1px solid #ebeaea;border-bottom-width:3px;\"><div class=\"fusion-post-content-wrapper\" style=\"padding:30px 25px 20px 25px;\"><div class=\"fusion-post-content post-content\"><h1 class=\"blog-shortcode-post-title entry-title\"><a href=\"https:\/\/www.photomontenegro.me\/en\/karuc\/\">Karu\u010d<\/a><\/h1><\/div><\/div><div class=\"fusion-clearfix\"><\/div><\/div>\n<\/article>\n<article id=\"blog-2-post-1010\" class=\"fusion-post-grid post-1010 post type-post status-publish format-standard has-post-thumbnail hentry category-crna-gora category-hramovi category-kulturno-naslijede tag-katedrala-svetog-tripuna\">\n<div class=\"fusion-post-wrapper\" style=\"background-color:rgba(255,255,255,1);border:1px solid #ebeaea;border-bottom-width:3px;\"><div class=\"fusion-post-content-wrapper\" style=\"padding:30px 25px 20px 25px;\"><div class=\"fusion-post-content post-content\"><h1 class=\"blog-shortcode-post-title entry-title\"><a href=\"https:\/\/www.photomontenegro.me\/en\/katedrala-svetog-tripuna\/\">Katedrala Svetog Tripuna<\/a><\/h1><\/div><\/div><div class=\"fusion-clearfix\"><\/div><\/div>\n<\/article>\n<article id=\"blog-2-post-1912\" class=\"fusion-post-grid post-1912 post type-post status-publish format-standard has-post-thumbnail hentry category-crna-gora category-gradovi category-naselja tag-kolasin\">\n<div class=\"fusion-post-wrapper\" style=\"background-color:rgba(255,255,255,1);border:1px solid #ebeaea;border-bottom-width:3px;\"><div class=\"fusion-post-content-wrapper\" style=\"padding:30px 25px 20px 25px;\"><div class=\"fusion-post-content post-content\"><h1 class=\"blog-shortcode-post-title entry-title\"><a href=\"https:\/\/www.photomontenegro.me\/en\/kolasin\/\">Kola\u0161in<\/a><\/h1><\/div><\/div><div class=\"fusion-clearfix\"><\/div><\/div>\n<\/article>\n<article id=\"blog-2-post-1172\" class=\"fusion-post-grid post-1172 post type-post status-publish format-standard has-post-thumbnail hentry category-crna-gora category-kanjoni category-rijeke tag-komarnica tag-nevidio\">\n<div class=\"fusion-post-wrapper\" style=\"background-color:rgba(255,255,255,1);border:1px solid #ebeaea;border-bottom-width:3px;\"><div class=\"fusion-post-content-wrapper\" style=\"padding:30px 25px 20px 25px;\"><div class=\"fusion-post-content post-content\"><h1 class=\"blog-shortcode-post-title entry-title\"><a href=\"https:\/\/www.photomontenegro.me\/en\/komarnica-nevidio\/\">Komarnica (Nevidio)<\/a><\/h1><\/div><\/div><div class=\"fusion-clearfix\"><\/div><\/div>\n<\/article>\n<article id=\"blog-2-post-877\" class=\"fusion-post-grid post-877 post type-post status-publish format-standard has-post-thumbnail hentry category-crna-gora category-planine tag-komovi\">\n<div class=\"fusion-post-wrapper\" style=\"background-color:rgba(255,255,255,1);border:1px solid #ebeaea;border-bottom-width:3px;\"><div class=\"fusion-post-content-wrapper\" style=\"padding:30px 25px 20px 25px;\"><div class=\"fusion-post-content post-content\"><h1 class=\"blog-shortcode-post-title entry-title\"><a href=\"https:\/\/www.photomontenegro.me\/en\/komovi\/\">Komovi<\/a><\/h1><\/div><\/div><div class=\"fusion-clearfix\"><\/div><\/div>\n<\/article>\n<article id=\"blog-2-post-1521\" class=\"fusion-post-grid post-1521 post type-post status-publish format-standard has-post-thumbnail hentry category-crna-gora category-gradevine category-kulturno-naslijede tag-kosmac\">\n<div class=\"fusion-post-wrapper\" style=\"background-color:rgba(255,255,255,1);border:1px solid #ebeaea;border-bottom-width:3px;\"><div class=\"fusion-post-content-wrapper\" style=\"padding:30px 25px 20px 25px;\"><div class=\"fusion-post-content post-content\"><h1 class=\"blog-shortcode-post-title entry-title\"><a href=\"https:\/\/www.photomontenegro.me\/en\/kosmac\/\">Kosma\u010d<\/a><\/h1><\/div><\/div><div class=\"fusion-clearfix\"><\/div><\/div>\n<\/article>\n<article id=\"blog-2-post-2044\" class=\"fusion-post-grid post-2044 post type-post status-publish format-standard has-post-thumbnail hentry category-crna-gora category-mjesta category-primorje tag-kostanjica\">\n<div class=\"fusion-post-wrapper\" style=\"background-color:rgba(255,255,255,1);border:1px solid #ebeaea;border-bottom-width:3px;\"><div class=\"fusion-post-content-wrapper\" style=\"padding:30px 25px 20px 25px;\"><div class=\"fusion-post-content post-content\"><h1 class=\"blog-shortcode-post-title entry-title\"><a href=\"https:\/\/www.photomontenegro.me\/en\/kostanjica\/\">Kostanjica<\/a><\/h1><\/div><\/div><div class=\"fusion-clearfix\"><\/div><\/div>\n<\/article>\n<article id=\"blog-2-post-1658\" class=\"fusion-post-grid post-1658 post type-post status-publish format-standard has-post-thumbnail hentry category-crna-gora category-gradovi category-naselja tag-kotor\">\n<div class=\"fusion-post-wrapper\" style=\"background-color:rgba(255,255,255,1);border:1px solid #ebeaea;border-bottom-width:3px;\"><div class=\"fusion-post-content-wrapper\" style=\"padding:30px 25px 20px 25px;\"><div class=\"fusion-post-content post-content\"><h1 class=\"blog-shortcode-post-title entry-title\"><a href=\"https:\/\/www.photomontenegro.me\/en\/kotor\/\">Kotor<\/a><\/h1><\/div><\/div><div class=\"fusion-clearfix\"><\/div><\/div>\n<\/article>\n<article id=\"blog-2-post-1656\" class=\"fusion-post-grid post-1656 post type-post status-publish format-standard has-post-thumbnail hentry category-crna-gora category-gradevine category-kulturno-naslijede tag-kotorski-bedemi\">\n<div class=\"fusion-post-wrapper\" style=\"background-color:rgba(255,255,255,1);border:1px solid #ebeaea;border-bottom-width:3px;\"><div class=\"fusion-post-content-wrapper\" style=\"padding:30px 25px 20px 25px;\"><div class=\"fusion-post-content post-content\"><h1 class=\"blog-shortcode-post-title entry-title\"><a href=\"https:\/\/www.photomontenegro.me\/en\/kotorski-bedemi\/\">Kotorski bedemi<\/a><\/h1><\/div><\/div><div class=\"fusion-clearfix\"><\/div><\/div>\n<\/article>\n<article id=\"blog-2-post-2147\" class=\"fusion-post-grid post-2147 post type-post status-publish format-standard has-post-thumbnail hentry category-crna-gora category-mjesta tag-krajinski-arhipelag\">\n<div class=\"fusion-post-wrapper\" style=\"background-color:rgba(255,255,255,1);border:1px solid #ebeaea;border-bottom-width:3px;\"><div class=\"fusion-post-content-wrapper\" style=\"padding:30px 25px 20px 25px;\"><div class=\"fusion-post-content post-content\"><h1 class=\"blog-shortcode-post-title entry-title\"><a href=\"https:\/\/www.photomontenegro.me\/en\/krajinski-arhipelag\/\">Krajinski arhipelag<\/a><\/h1><\/div><\/div><div class=\"fusion-clearfix\"><\/div><\/div>\n<\/article>\n<article id=\"blog-2-post-8123\" class=\"fusion-post-grid post-8123 post type-post status-publish format-standard has-post-thumbnail hentry category-crna-gora category-plaze tag-canj tag-kraljicina-plaza tag-kraljicina-plaza-canj\">\n<div class=\"fusion-post-wrapper\" style=\"background-color:rgba(255,255,255,1);border:1px solid #ebeaea;border-bottom-width:3px;\"><div class=\"fusion-post-content-wrapper\" style=\"padding:30px 25px 20px 25px;\"><div class=\"fusion-post-content post-content\"><h1 class=\"blog-shortcode-post-title entry-title\"><a href=\"https:\/\/www.photomontenegro.me\/en\/kraljicina-plaza-2\/\">Kralji\u010dina pla\u017ea (\u010canj)<\/a><\/h1><\/div><\/div><div class=\"fusion-clearfix\"><\/div><\/div>\n<\/article>\n<article id=\"blog-2-post-1457\" class=\"fusion-post-grid post-1457 post type-post status-publish format-standard has-post-thumbnail hentry category-crna-gora category-plaze category-primorje tag-kraljicina-plaza\">\n<div class=\"fusion-post-wrapper\" style=\"background-color:rgba(255,255,255,1);border:1px solid #ebeaea;border-bottom-width:3px;\"><div class=\"fusion-post-content-wrapper\" style=\"padding:30px 25px 20px 25px;\"><div class=\"fusion-post-content post-content\"><h1 class=\"blog-shortcode-post-title entry-title\"><a href=\"https:\/\/www.photomontenegro.me\/en\/kraljicina-plaza\/\">Kralji\u010dina Pla\u017ea (Pr\u017eno)<\/a><\/h1><\/div><\/div><div class=\"fusion-clearfix\"><\/div><\/div>\n<\/article>\n<article id=\"blog-2-post-1311\" class=\"fusion-post-grid post-1311 post type-post status-publish format-standard has-post-thumbnail hentry category-crna-gora category-mjesta category-naselja category-primorje tag-krasici\">\n<div class=\"fusion-post-wrapper\" style=\"background-color:rgba(255,255,255,1);border:1px solid #ebeaea;border-bottom-width:3px;\"><div class=\"fusion-post-content-wrapper\" style=\"padding:30px 25px 20px 25px;\"><div class=\"fusion-post-content post-content\"><h1 class=\"blog-shortcode-post-title entry-title\"><a href=\"https:\/\/www.photomontenegro.me\/en\/krasici\/\">Kra\u0161i\u0107i<\/a><\/h1><\/div><\/div><div class=\"fusion-clearfix\"><\/div><\/div>\n<\/article>\n<article id=\"blog-2-post-2132\" class=\"fusion-post-grid post-2132 post type-post status-publish format-standard has-post-thumbnail hentry category-crna-gora category-mjesta category-plaze category-primorje tag-kruce\">\n<div class=\"fusion-post-wrapper\" style=\"background-color:rgba(255,255,255,1);border:1px solid #ebeaea;border-bottom-width:3px;\"><div class=\"fusion-post-content-wrapper\" style=\"padding:30px 25px 20px 25px;\"><div class=\"fusion-post-content post-content\"><h1 class=\"blog-shortcode-post-title entry-title\"><a href=\"https:\/\/www.photomontenegro.me\/en\/kruce\/\">Kru\u010de<\/a><\/h1><\/div><\/div><div class=\"fusion-clearfix\"><\/div><\/div>\n<\/article>\n<article id=\"blog-2-post-1251\" class=\"fusion-post-grid post-1251 post type-post status-publish format-standard has-post-thumbnail hentry category-crna-gora category-jezera tag-krupac\">\n<div class=\"fusion-post-wrapper\" style=\"background-color:rgba(255,255,255,1);border:1px solid #ebeaea;border-bottom-width:3px;\"><div class=\"fusion-post-content-wrapper\" style=\"padding:30px 25px 20px 25px;\"><div class=\"fusion-post-content post-content\"><h1 class=\"blog-shortcode-post-title entry-title\"><a href=\"https:\/\/www.photomontenegro.me\/en\/krupac\/\">Krupac<\/a><\/h1><\/div><\/div><div class=\"fusion-clearfix\"><\/div><\/div>\n<\/article>\n<article id=\"blog-2-post-2556\" class=\"fusion-post-grid post-2556 post type-post status-publish format-standard has-post-thumbnail hentry category-crna-gora category-gradevine category-kulturno-naslijede category-primorje tag-racica tag-verona\">\n<div class=\"fusion-post-wrapper\" style=\"background-color:rgba(255,255,255,1);border:1px solid #ebeaea;border-bottom-width:3px;\"><div class=\"fusion-post-content-wrapper\" style=\"padding:30px 25px 20px 25px;\"><div class=\"fusion-post-content post-content\"><h1 class=\"blog-shortcode-post-title entry-title\"><a href=\"https:\/\/www.photomontenegro.me\/en\/kuca-verona\/\">Ku\u0107a Verona<\/a><\/h1><\/div><\/div><div class=\"fusion-clearfix\"><\/div><\/div>\n<\/article>\n<article id=\"blog-2-post-147\" class=\"fusion-post-grid post-147 post type-post status-publish format-standard has-post-thumbnail hentry category-crna-gora category-planine tag-kucka-krajina tag-zijovo\">\n<div class=\"fusion-post-wrapper\" style=\"background-color:rgba(255,255,255,1);border:1px solid #ebeaea;border-bottom-width:3px;\"><div class=\"fusion-post-content-wrapper\" style=\"padding:30px 25px 20px 25px;\"><div class=\"fusion-post-content post-content\"><h1 class=\"blog-shortcode-post-title entry-title\"><a href=\"https:\/\/www.photomontenegro.me\/en\/kucka-krajina\/\">Ku\u010dka Krajina (\u017dijovo)<\/a><\/h1><\/div><\/div><div class=\"fusion-clearfix\"><\/div><\/div>\n<\/article>\n<article id=\"blog-2-post-678\" class=\"fusion-post-grid post-678 post type-post status-publish format-standard has-post-thumbnail hentry category-crna-gora category-mjesta category-naselja category-primorje tag-kumbor\">\n<div class=\"fusion-post-wrapper\" style=\"background-color:rgba(255,255,255,1);border:1px solid #ebeaea;border-bottom-width:3px;\"><div class=\"fusion-post-content-wrapper\" style=\"padding:30px 25px 20px 25px;\"><div class=\"fusion-post-content post-content\"><h1 class=\"blog-shortcode-post-title entry-title\"><a href=\"https:\/\/www.photomontenegro.me\/en\/kumbor\/\">Kumbor<\/a><\/h1><\/div><\/div><div class=\"fusion-clearfix\"><\/div><\/div>\n<\/article>\n<article id=\"blog-2-post-137\" class=\"fusion-post-grid post-137 post type-post status-publish format-standard has-post-thumbnail hentry category-crna-gora category-gradevine category-kulturno-naslijede category-ostrva category-primorje tag-lastavica tag-mamula\">\n<div class=\"fusion-post-wrapper\" style=\"background-color:rgba(255,255,255,1);border:1px solid #ebeaea;border-bottom-width:3px;\"><div class=\"fusion-post-content-wrapper\" style=\"padding:30px 25px 20px 25px;\"><div class=\"fusion-post-content post-content\"><h1 class=\"blog-shortcode-post-title entry-title\"><a href=\"https:\/\/www.photomontenegro.me\/en\/lastavica-mamula\/\">Lastavica (Mamula)<\/a><\/h1><\/div><\/div><div class=\"fusion-clearfix\"><\/div><\/div>\n<\/article>\n<article id=\"blog-2-post-6429\" class=\"fusion-post-grid post-6429 post type-post status-publish format-standard has-post-thumbnail hentry category-crna-gora category-pecine tag-ice-cave tag-ledena-pecina\">\n<div class=\"fusion-post-wrapper\" style=\"background-color:rgba(255,255,255,1);border:1px solid #ebeaea;border-bottom-width:3px;\"><div class=\"fusion-post-content-wrapper\" style=\"padding:30px 25px 20px 25px;\"><div class=\"fusion-post-content post-content\"><h1 class=\"blog-shortcode-post-title entry-title\"><a href=\"https:\/\/www.photomontenegro.me\/en\/ledena-pecina\/\">Ledena pe\u0107ina<\/a><\/h1><\/div><\/div><div class=\"fusion-clearfix\"><\/div><\/div>\n<\/article>\n<article id=\"blog-2-post-1029\" class=\"fusion-post-grid post-1029 post type-post status-publish format-standard has-post-thumbnail hentry category-crna-gora category-mjesta category-primorje tag-lepetane\">\n<div class=\"fusion-post-wrapper\" style=\"background-color:rgba(255,255,255,1);border:1px solid #ebeaea;border-bottom-width:3px;\"><div class=\"fusion-post-content-wrapper\" style=\"padding:30px 25px 20px 25px;\"><div class=\"fusion-post-content post-content\"><h1 class=\"blog-shortcode-post-title entry-title\"><a href=\"https:\/\/www.photomontenegro.me\/en\/lepetane\/\">Lepetane<\/a><\/h1><\/div><\/div><div class=\"fusion-clearfix\"><\/div><\/div>\n<\/article>\n<article id=\"blog-2-post-1215\" class=\"fusion-post-grid post-1215 post type-post status-publish format-standard has-post-thumbnail hentry category-crna-gora category-gradevine category-kulturno-naslijede tag-lesendro\">\n<div class=\"fusion-post-wrapper\" style=\"background-color:rgba(255,255,255,1);border:1px solid #ebeaea;border-bottom-width:3px;\"><div class=\"fusion-post-content-wrapper\" style=\"padding:30px 25px 20px 25px;\"><div class=\"fusion-post-content post-content\"><h1 class=\"blog-shortcode-post-title entry-title\"><a href=\"https:\/\/www.photomontenegro.me\/en\/lesendro\/\">Lesendro<\/a><\/h1><\/div><\/div><div class=\"fusion-clearfix\"><\/div><\/div>\n<\/article>\n<article id=\"blog-2-post-1517\" class=\"fusion-post-grid post-1517 post type-post status-publish format-standard has-post-thumbnail hentry category-crna-gora category-rijeke tag-lim\">\n<div class=\"fusion-post-wrapper\" style=\"background-color:rgba(255,255,255,1);border:1px solid #ebeaea;border-bottom-width:3px;\"><div class=\"fusion-post-content-wrapper\" style=\"padding:30px 25px 20px 25px;\"><div class=\"fusion-post-content post-content\"><h1 class=\"blog-shortcode-post-title entry-title\"><a href=\"https:\/\/www.photomontenegro.me\/en\/lim\/\">Lim<\/a><\/h1><\/div><\/div><div class=\"fusion-clearfix\"><\/div><\/div>\n<\/article>\n<article id=\"blog-2-post-2174\" class=\"fusion-post-grid post-2174 post type-post status-publish format-standard has-post-thumbnail hentry category-crna-gora category-mjesta category-primorje tag-lipci\">\n<div class=\"fusion-post-wrapper\" style=\"background-color:rgba(255,255,255,1);border:1px solid #ebeaea;border-bottom-width:3px;\"><div class=\"fusion-post-content-wrapper\" style=\"padding:30px 25px 20px 25px;\"><div class=\"fusion-post-content post-content\"><h1 class=\"blog-shortcode-post-title entry-title\"><a href=\"https:\/\/www.photomontenegro.me\/en\/lipci\/\">Lipci<\/a><\/h1><\/div><\/div><div class=\"fusion-clearfix\"><\/div><\/div>\n<\/article>\n<article id=\"blog-2-post-6521\" class=\"fusion-post-grid post-6521 post type-post status-publish format-standard has-post-thumbnail hentry category-crna-gora category-pecine tag-lipska-cave tag-lipska-pecina\">\n<div class=\"fusion-post-wrapper\" style=\"background-color:rgba(255,255,255,1);border:1px solid #ebeaea;border-bottom-width:3px;\"><div class=\"fusion-post-content-wrapper\" style=\"padding:30px 25px 20px 25px;\"><div class=\"fusion-post-content post-content\"><h1 class=\"blog-shortcode-post-title entry-title\"><a href=\"https:\/\/www.photomontenegro.me\/en\/lipska-pecina\/\">Lipska pe\u0107ina<\/a><\/h1><\/div><\/div><div class=\"fusion-clearfix\"><\/div><\/div>\n<\/article>\n<article id=\"blog-2-post-1865\" class=\"fusion-post-grid post-1865 post type-post status-publish format-standard has-post-thumbnail hentry category-crna-gora category-planine tag-lisinj\">\n<div class=\"fusion-post-wrapper\" style=\"background-color:rgba(255,255,255,1);border:1px solid #ebeaea;border-bottom-width:3px;\"><div class=\"fusion-post-content-wrapper\" style=\"padding:30px 25px 20px 25px;\"><div class=\"fusion-post-content post-content\"><h1 class=\"blog-shortcode-post-title entry-title\"><a href=\"https:\/\/www.photomontenegro.me\/en\/lisinj\/\">Lisinj<\/a><\/h1><\/div><\/div><div class=\"fusion-clearfix\"><\/div><\/div>\n<\/article>\n<article id=\"blog-2-post-1326\" class=\"fusion-post-grid post-1326 post type-post status-publish format-standard has-post-thumbnail hentry category-crna-gora category-jezera tag-liverovicko-jezero\">\n<div class=\"fusion-post-wrapper\" style=\"background-color:rgba(255,255,255,1);border:1px solid #ebeaea;border-bottom-width:3px;\"><div class=\"fusion-post-content-wrapper\" style=\"padding:30px 25px 20px 25px;\"><div class=\"fusion-post-content post-content\"><h1 class=\"blog-shortcode-post-title entry-title\"><a href=\"https:\/\/www.photomontenegro.me\/en\/liverovicko-jezero\/\">Liverovi\u0107ko jezero<\/a><\/h1><\/div><\/div><div class=\"fusion-clearfix\"><\/div><\/div>\n<\/article>\n<article id=\"blog-2-post-1895\" class=\"fusion-post-grid post-1895 post type-post status-publish format-standard has-post-thumbnail hentry category-crna-gora category-rijeke tag-ljesnica\">\n<div class=\"fusion-post-wrapper\" style=\"background-color:rgba(255,255,255,1);border:1px solid #ebeaea;border-bottom-width:3px;\"><div class=\"fusion-post-content-wrapper\" style=\"padding:30px 25px 20px 25px;\"><div class=\"fusion-post-content post-content\"><h1 class=\"blog-shortcode-post-title entry-title\"><a href=\"https:\/\/www.photomontenegro.me\/en\/ljesnica\/\">Lje\u0161nica<\/a><\/h1><\/div><\/div><div class=\"fusion-clearfix\"><\/div><\/div>\n<\/article>\n<article id=\"blog-2-post-2471\" class=\"fusion-post-grid post-2471 post type-post status-publish format-standard has-post-thumbnail hentry category-crna-gora category-gradevine category-kulturno-naslijede tag-ljetnikovac-buca\">\n<div class=\"fusion-post-wrapper\" style=\"background-color:rgba(255,255,255,1);border:1px solid #ebeaea;border-bottom-width:3px;\"><div class=\"fusion-post-content-wrapper\" style=\"padding:30px 25px 20px 25px;\"><div class=\"fusion-post-content post-content\"><h1 class=\"blog-shortcode-post-title entry-title\"><a href=\"https:\/\/www.photomontenegro.me\/en\/ljetnikovac-buca\/\">Ljetnikovac Bu\u0107a<\/a><\/h1><\/div><\/div><div class=\"fusion-clearfix\"><\/div><\/div>\n<\/article>\n<article id=\"blog-2-post-1366\" class=\"fusion-post-grid post-1366 post type-post status-publish format-standard has-post-thumbnail hentry category-crna-gora category-mjesta category-naselja category-primorje tag-ljuta\">\n<div class=\"fusion-post-wrapper\" style=\"background-color:rgba(255,255,255,1);border:1px solid #ebeaea;border-bottom-width:3px;\"><div class=\"fusion-post-content-wrapper\" style=\"padding:30px 25px 20px 25px;\"><div class=\"fusion-post-content post-content\"><h1 class=\"blog-shortcode-post-title entry-title\"><a href=\"https:\/\/www.photomontenegro.me\/en\/ljuta\/\">Ljuta<\/a><\/h1><\/div><\/div><div class=\"fusion-clearfix\"><\/div><\/div>\n<\/article>\n<article id=\"blog-2-post-2701\" class=\"fusion-post-grid post-2701 post type-post status-publish format-standard has-post-thumbnail hentry category-crna-gora category-rijeke tag-ljutica\">\n<div class=\"fusion-post-wrapper\" style=\"background-color:rgba(255,255,255,1);border:1px solid #ebeaea;border-bottom-width:3px;\"><div class=\"fusion-post-content-wrapper\" style=\"padding:30px 25px 20px 25px;\"><div class=\"fusion-post-content post-content\"><h1 class=\"blog-shortcode-post-title entry-title\"><a href=\"https:\/\/www.photomontenegro.me\/en\/ljutica\/\">Ljutica<\/a><\/h1><\/div><\/div><div class=\"fusion-clearfix\"><\/div><\/div>\n<\/article>\n<article id=\"blog-2-post-7\" class=\"fusion-post-grid post-7 post type-post status-publish format-standard has-post-thumbnail hentry category-crna-gora category-nacionalni-parkovi category-planine tag-lovcen\">\n<div class=\"fusion-post-wrapper\" style=\"background-color:rgba(255,255,255,1);border:1px solid #ebeaea;border-bottom-width:3px;\"><div class=\"fusion-post-content-wrapper\" style=\"padding:30px 25px 20px 25px;\"><div class=\"fusion-post-content post-content\"><h1 class=\"blog-shortcode-post-title entry-title\"><a href=\"https:\/\/www.photomontenegro.me\/en\/lovcen\/\">Lov\u0107en<\/a><\/h1><\/div><\/div><div class=\"fusion-clearfix\"><\/div><\/div>\n<\/article>\n<article id=\"blog-2-post-1698\" class=\"fusion-post-grid post-1698 post type-post status-publish format-standard has-post-thumbnail hentry category-crna-gora category-plaze category-primorje tag-lucice\">\n<div class=\"fusion-post-wrapper\" style=\"background-color:rgba(255,255,255,1);border:1px solid #ebeaea;border-bottom-width:3px;\"><div class=\"fusion-post-content-wrapper\" style=\"padding:30px 25px 20px 25px;\"><div class=\"fusion-post-content post-content\"><h1 class=\"blog-shortcode-post-title entry-title\"><a href=\"https:\/\/www.photomontenegro.me\/en\/lucice\/\">Lu\u010dice<\/a><\/h1><\/div><\/div><div class=\"fusion-clearfix\"><\/div><\/div>\n<\/article>\n<article id=\"blog-2-post-7600\" class=\"fusion-post-grid post-7600 post type-post status-publish format-standard has-post-thumbnail hentry category-crna-gora category-mjesta category-naselja category-primorje category-uncategorized tag-lustica tag-lustica-bay tag-traste\">\n<div class=\"fusion-post-wrapper\" style=\"background-color:rgba(255,255,255,1);border:1px solid #ebeaea;border-bottom-width:3px;\"><div class=\"fusion-post-content-wrapper\" style=\"padding:30px 25px 20px 25px;\"><div class=\"fusion-post-content post-content\"><h1 class=\"blog-shortcode-post-title entry-title\"><a href=\"https:\/\/www.photomontenegro.me\/en\/lustica-bay\/\">Lu\u0161tica bay<\/a><\/h1><\/div><\/div><div class=\"fusion-clearfix\"><\/div><\/div>\n<\/article>\n<article id=\"blog-2-post-1505\" class=\"fusion-post-grid post-1505 post type-post status-publish format-standard has-post-thumbnail hentry category-crna-gora category-planine tag-maganik\">\n<div class=\"fusion-post-wrapper\" style=\"background-color:rgba(255,255,255,1);border:1px solid #ebeaea;border-bottom-width:3px;\"><div class=\"fusion-post-content-wrapper\" style=\"padding:30px 25px 20px 25px;\"><div class=\"fusion-post-content post-content\"><h1 class=\"blog-shortcode-post-title entry-title\"><a href=\"https:\/\/www.photomontenegro.me\/en\/maganik\/\">Maganik<\/a><\/h1><\/div><\/div><div class=\"fusion-clearfix\"><\/div><\/div>\n<\/article>\n<article id=\"blog-2-post-2578\" class=\"fusion-post-grid post-2578 post type-post status-publish format-standard has-post-thumbnail hentry category-crna-gora category-planine tag-bioc tag-maglic tag-trnovacki-durmitor tag-volujak\">\n<div class=\"fusion-post-wrapper\" style=\"background-color:rgba(255,255,255,1);border:1px solid #ebeaea;border-bottom-width:3px;\"><div class=\"fusion-post-content-wrapper\" style=\"padding:30px 25px 20px 25px;\"><div class=\"fusion-post-content post-content\"><h1 class=\"blog-shortcode-post-title entry-title\"><a href=\"https:\/\/www.photomontenegro.me\/en\/maglic-bioc-volujak-trnovacki-durmitor\/\">Magli\u0107 &#8211; Bio\u010d &#8211; Volujak &#8211; Trnova\u010dki Durmitor<\/a><\/h1><\/div><\/div><div class=\"fusion-clearfix\"><\/div><\/div>\n<\/article>\n<article id=\"blog-2-post-1581\" class=\"fusion-post-grid post-1581 post type-post status-publish format-standard has-post-thumbnail hentry category-crna-gora category-plaze category-primorje tag-mala-plaza\">\n<div class=\"fusion-post-wrapper\" style=\"background-color:rgba(255,255,255,1);border:1px solid #ebeaea;border-bottom-width:3px;\"><div class=\"fusion-post-content-wrapper\" style=\"padding:30px 25px 20px 25px;\"><div class=\"fusion-post-content post-content\"><h1 class=\"blog-shortcode-post-title entry-title\"><a href=\"https:\/\/www.photomontenegro.me\/en\/mala-plaza\/\">Mala Pla\u017ea<\/a><\/h1><\/div><\/div><div class=\"fusion-clearfix\"><\/div><\/div>\n<\/article>\n<article id=\"blog-2-post-2549\" class=\"fusion-post-grid post-2549 post type-post status-publish format-standard has-post-thumbnail hentry category-crna-gora category-plaze category-primorje tag-maljevik\">\n<div class=\"fusion-post-wrapper\" style=\"background-color:rgba(255,255,255,1);border:1px solid #ebeaea;border-bottom-width:3px;\"><div class=\"fusion-post-content-wrapper\" style=\"padding:30px 25px 20px 25px;\"><div class=\"fusion-post-content post-content\"><h1 class=\"blog-shortcode-post-title entry-title\"><a href=\"https:\/\/www.photomontenegro.me\/en\/maljevik\/\">Maljevik<\/a><\/h1><\/div><\/div><div class=\"fusion-clearfix\"><\/div><\/div>\n<\/article>\n<article id=\"blog-2-post-2016\" class=\"fusion-post-grid post-2016 post type-post status-publish format-standard has-post-thumbnail hentry category-crna-gora category-hramovi category-kulturno-naslijede tag-manastir-banja\">\n<div class=\"fusion-post-wrapper\" style=\"background-color:rgba(255,255,255,1);border:1px solid #ebeaea;border-bottom-width:3px;\"><div class=\"fusion-post-content-wrapper\" style=\"padding:30px 25px 20px 25px;\"><div class=\"fusion-post-content post-content\"><h1 class=\"blog-shortcode-post-title entry-title\"><a href=\"https:\/\/www.photomontenegro.me\/en\/manastir-banja\/\">Manastir Banja<\/a><\/h1><\/div><\/div><div class=\"fusion-clearfix\"><\/div><\/div>\n<\/article>\n<article id=\"blog-2-post-2325\" class=\"fusion-post-grid post-2325 post type-post status-publish format-standard has-post-thumbnail hentry category-crna-gora category-hramovi category-kulturno-naslijede tag-manastir-bijela\">\n<div class=\"fusion-post-wrapper\" style=\"background-color:rgba(255,255,255,1);border:1px solid #ebeaea;border-bottom-width:3px;\"><div class=\"fusion-post-content-wrapper\" style=\"padding:30px 25px 20px 25px;\"><div class=\"fusion-post-content post-content\"><h1 class=\"blog-shortcode-post-title entry-title\"><a href=\"https:\/\/www.photomontenegro.me\/en\/manastir-bijela\/\">Manastir Bijela<\/a><\/h1><\/div><\/div><div class=\"fusion-clearfix\"><\/div><\/div>\n<\/article>\n<article id=\"blog-2-post-1192\" class=\"fusion-post-grid post-1192 post type-post status-publish format-standard has-post-thumbnail hentry category-crna-gora category-hramovi category-kulturno-naslijede tag-manastir-celija-piperska\">\n<div class=\"fusion-post-wrapper\" style=\"background-color:rgba(255,255,255,1);border:1px solid #ebeaea;border-bottom-width:3px;\"><div class=\"fusion-post-content-wrapper\" style=\"padding:30px 25px 20px 25px;\"><div class=\"fusion-post-content post-content\"><h1 class=\"blog-shortcode-post-title entry-title\"><a href=\"https:\/\/www.photomontenegro.me\/en\/manastir-celija-piperska\/\">Manastir \u0106elija Piperska<\/a><\/h1><\/div><\/div><div class=\"fusion-clearfix\"><\/div><\/div>\n<\/article>\n<article id=\"blog-2-post-1115\" class=\"fusion-post-grid post-1115 post type-post status-publish format-standard has-post-thumbnail hentry category-crna-gora category-hramovi category-kulturno-naslijede tag-manastir-dajbabe\">\n<div class=\"fusion-post-wrapper\" style=\"background-color:rgba(255,255,255,1);border:1px solid #ebeaea;border-bottom-width:3px;\"><div class=\"fusion-post-content-wrapper\" style=\"padding:30px 25px 20px 25px;\"><div class=\"fusion-post-content post-content\"><h1 class=\"blog-shortcode-post-title entry-title\"><a href=\"https:\/\/www.photomontenegro.me\/en\/manastir-dajbabe\/\">Manastir Dajbabe<\/a><\/h1><\/div><\/div><div class=\"fusion-clearfix\"><\/div><\/div>\n<\/article>\n<article id=\"blog-2-post-1156\" class=\"fusion-post-grid post-1156 post type-post status-publish format-standard has-post-thumbnail hentry category-crna-gora category-hramovi category-kulturno-naslijede tag-manastir-dobrilovina\">\n<div class=\"fusion-post-wrapper\" style=\"background-color:rgba(255,255,255,1);border:1px solid #ebeaea;border-bottom-width:3px;\"><div class=\"fusion-post-content-wrapper\" style=\"padding:30px 25px 20px 25px;\"><div class=\"fusion-post-content post-content\"><h1 class=\"blog-shortcode-post-title entry-title\"><a href=\"https:\/\/www.photomontenegro.me\/en\/manastir-dobrilovina\/\">Manastir Dobrilovina<\/a><\/h1><\/div><\/div><div class=\"fusion-clearfix\"><\/div><\/div>\n<\/article>\n<article id=\"blog-2-post-972\" class=\"fusion-post-grid post-972 post type-post status-publish format-standard has-post-thumbnail hentry category-crna-gora category-hramovi category-kulturno-naslijede tag-djurdjevi-stupovi\">\n<div class=\"fusion-post-wrapper\" style=\"background-color:rgba(255,255,255,1);border:1px solid #ebeaea;border-bottom-width:3px;\"><div class=\"fusion-post-content-wrapper\" style=\"padding:30px 25px 20px 25px;\"><div class=\"fusion-post-content post-content\"><h1 class=\"blog-shortcode-post-title entry-title\"><a href=\"https:\/\/www.photomontenegro.me\/en\/manastir-durdevi-stupovi\/\">Manastir \u0110ur\u0111evi Stupovi<\/a><\/h1><\/div><\/div><div class=\"fusion-clearfix\"><\/div><\/div>\n<\/article>\n<article id=\"blog-2-post-1445\" class=\"fusion-post-grid post-1445 post type-post status-publish format-standard has-post-thumbnail hentry category-crna-gora category-hramovi category-kulturno-naslijede tag-manastir-miholjska-prevlaka\">\n<div class=\"fusion-post-wrapper\" style=\"background-color:rgba(255,255,255,1);border:1px solid #ebeaea;border-bottom-width:3px;\"><div class=\"fusion-post-content-wrapper\" style=\"padding:30px 25px 20px 25px;\"><div class=\"fusion-post-content post-content\"><h1 class=\"blog-shortcode-post-title entry-title\"><a href=\"https:\/\/www.photomontenegro.me\/en\/manastir-miholjska-prevlaka\/\">Manastir Miholjska Prevlaka<\/a><\/h1><\/div><\/div><div class=\"fusion-clearfix\"><\/div><\/div>\n<\/article>\n<article id=\"blog-2-post-896\" class=\"fusion-post-grid post-896 post type-post status-publish format-standard has-post-thumbnail hentry category-crna-gora category-hramovi category-kulturno-naslijede tag-manastir-moraca\">\n<div class=\"fusion-post-wrapper\" style=\"background-color:rgba(255,255,255,1);border:1px solid #ebeaea;border-bottom-width:3px;\"><div class=\"fusion-post-content-wrapper\" style=\"padding:30px 25px 20px 25px;\"><div class=\"fusion-post-content post-content\"><h1 class=\"blog-shortcode-post-title entry-title\"><a href=\"https:\/\/www.photomontenegro.me\/en\/manastir-moraca\/\">Manastir Mora\u010da<\/a><\/h1><\/div><\/div><div class=\"fusion-clearfix\"><\/div><\/div>\n<\/article>\n<article id=\"blog-2-post-756\" class=\"fusion-post-grid post-756 post type-post status-publish format-standard has-post-thumbnail hentry category-crna-gora category-hramovi category-kulturno-naslijede tag-ostrog\">\n<div class=\"fusion-post-wrapper\" style=\"background-color:rgba(255,255,255,1);border:1px solid #ebeaea;border-bottom-width:3px;\"><div class=\"fusion-post-content-wrapper\" style=\"padding:30px 25px 20px 25px;\"><div class=\"fusion-post-content post-content\"><h1 class=\"blog-shortcode-post-title entry-title\"><a href=\"https:\/\/www.photomontenegro.me\/en\/manastir-ostrog\/\">Manastir Ostrog<\/a><\/h1><\/div><\/div><div class=\"fusion-clearfix\"><\/div><\/div>\n<\/article>\n<article id=\"blog-2-post-1050\" class=\"fusion-post-grid post-1050 post type-post status-publish format-standard has-post-thumbnail hentry category-crna-gora category-hramovi category-kulturno-naslijede tag-manastir-piva\">\n<div class=\"fusion-post-wrapper\" style=\"background-color:rgba(255,255,255,1);border:1px solid #ebeaea;border-bottom-width:3px;\"><div class=\"fusion-post-content-wrapper\" style=\"padding:30px 25px 20px 25px;\"><div class=\"fusion-post-content post-content\"><h1 class=\"blog-shortcode-post-title entry-title\"><a href=\"https:\/\/www.photomontenegro.me\/en\/manastir-piva\/\">Manastir Piva<\/a><\/h1><\/div><\/div><div class=\"fusion-clearfix\"><\/div><\/div>\n<\/article>\n<article id=\"blog-2-post-1992\" class=\"fusion-post-grid post-1992 post type-post status-publish format-standard has-post-thumbnail hentry category-crna-gora category-hramovi category-kulturno-naslijede tag-manastir-podlastva\">\n<div class=\"fusion-post-wrapper\" style=\"background-color:rgba(255,255,255,1);border:1px solid #ebeaea;border-bottom-width:3px;\"><div class=\"fusion-post-content-wrapper\" style=\"padding:30px 25px 20px 25px;\"><div class=\"fusion-post-content post-content\"><h1 class=\"blog-shortcode-post-title entry-title\"><a href=\"https:\/\/www.photomontenegro.me\/en\/manastir-podlastva\/\">Manastir Podlastva<\/a><\/h1><\/div><\/div><div class=\"fusion-clearfix\"><\/div><\/div>\n<\/article>\n<article id=\"blog-2-post-6543\" class=\"fusion-post-grid post-6543 post type-post status-publish format-standard has-post-thumbnail hentry category-crna-gora category-hramovi category-kulturno-naslijede tag-manastir-precista-krajinska tag-manastir-preciste-krajinske\">\n<div class=\"fusion-post-wrapper\" style=\"background-color:rgba(255,255,255,1);border:1px solid #ebeaea;border-bottom-width:3px;\"><div class=\"fusion-post-content-wrapper\" style=\"padding:30px 25px 20px 25px;\"><div class=\"fusion-post-content post-content\"><h1 class=\"blog-shortcode-post-title entry-title\"><a href=\"https:\/\/www.photomontenegro.me\/en\/manastir-preciste-krajinske\/\">Manastir Pre\u010diste Krajinske<\/a><\/h1><\/div><\/div><div class=\"fusion-clearfix\"><\/div><\/div>\n<\/article>\n<article id=\"blog-2-post-1586\" class=\"fusion-post-grid post-1586 post type-post status-publish format-standard has-post-thumbnail hentry category-crna-gora category-hramovi category-kulturno-naslijede tag-manastir-ribnjak\">\n<div class=\"fusion-post-wrapper\" style=\"background-color:rgba(255,255,255,1);border:1px solid #ebeaea;border-bottom-width:3px;\"><div class=\"fusion-post-content-wrapper\" style=\"padding:30px 25px 20px 25px;\"><div class=\"fusion-post-content post-content\"><h1 class=\"blog-shortcode-post-title entry-title\"><a href=\"https:\/\/www.photomontenegro.me\/en\/manastir-ribnjak\/\">Manastir Ribnjak<\/a><\/h1><\/div><\/div><div class=\"fusion-clearfix\"><\/div><\/div>\n<\/article>\n<article id=\"blog-2-post-1097\" class=\"fusion-post-grid post-1097 post type-post status-publish format-standard has-post-thumbnail hentry category-crna-gora category-hramovi category-kulturno-naslijede tag-manastir-savina\">\n<div class=\"fusion-post-wrapper\" style=\"background-color:rgba(255,255,255,1);border:1px solid #ebeaea;border-bottom-width:3px;\"><div class=\"fusion-post-content-wrapper\" style=\"padding:30px 25px 20px 25px;\"><div class=\"fusion-post-content post-content\"><h1 class=\"blog-shortcode-post-title entry-title\"><a href=\"https:\/\/www.photomontenegro.me\/en\/manastir-savina\/\">Manastir Savina<\/a><\/h1><\/div><\/div><div class=\"fusion-clearfix\"><\/div><\/div>\n<\/article>\n<article id=\"blog-2-post-1033\" class=\"fusion-post-grid post-1033 post type-post status-publish format-standard has-post-thumbnail hentry category-crna-gora category-hramovi category-kulturno-naslijede tag-manastir-svete-trojice\">\n<div class=\"fusion-post-wrapper\" style=\"background-color:rgba(255,255,255,1);border:1px solid #ebeaea;border-bottom-width:3px;\"><div class=\"fusion-post-content-wrapper\" style=\"padding:30px 25px 20px 25px;\"><div class=\"fusion-post-content post-content\"><h1 class=\"blog-shortcode-post-title entry-title\"><a href=\"https:\/\/www.photomontenegro.me\/en\/sveta-trojica\/\">Manastir Svete Trojice<\/a><\/h1><\/div><\/div><div class=\"fusion-clearfix\"><\/div><\/div>\n<\/article>\n<article id=\"blog-2-post-2037\" class=\"fusion-post-grid post-2037 post type-post status-publish format-standard has-post-thumbnail hentry category-crna-gora category-hramovi category-kulturno-naslijede tag-manastir-voljevac\">\n<div class=\"fusion-post-wrapper\" style=\"background-color:rgba(255,255,255,1);border:1px solid #ebeaea;border-bottom-width:3px;\"><div class=\"fusion-post-content-wrapper\" style=\"padding:30px 25px 20px 25px;\"><div class=\"fusion-post-content post-content\"><h1 class=\"blog-shortcode-post-title entry-title\"><a href=\"https:\/\/www.photomontenegro.me\/en\/manastir-voljevac\/\">Manastir Voljevac<\/a><\/h1><\/div><\/div><div class=\"fusion-clearfix\"><\/div><\/div>\n<\/article>\n<article id=\"blog-2-post-1471\" class=\"fusion-post-grid post-1471 post type-post status-publish format-standard has-post-thumbnail hentry category-crna-gora category-hramovi category-kulturno-naslijede tag-manastir-zdrebaonik\">\n<div class=\"fusion-post-wrapper\" style=\"background-color:rgba(255,255,255,1);border:1px solid #ebeaea;border-bottom-width:3px;\"><div class=\"fusion-post-content-wrapper\" style=\"padding:30px 25px 20px 25px;\"><div class=\"fusion-post-content post-content\"><h1 class=\"blog-shortcode-post-title entry-title\"><a href=\"https:\/\/www.photomontenegro.me\/en\/zdrebaonik\/\">Manastir \u017ddrebaonik<\/a><\/h1><\/div><\/div><div class=\"fusion-clearfix\"><\/div><\/div>\n<\/article>\n<article id=\"blog-2-post-2596\" class=\"fusion-post-grid post-2596 post type-post status-publish format-standard has-post-thumbnail hentry category-crna-gora category-hramovi category-kulturno-naslijede tag-manastir-beska tag-manastir-donje-brcele tag-manastir-gornje-brcele tag-manastir-kom tag-manastir-moracnik tag-manastir-orahovo tag-manastir-preciste-krajinske tag-manastir-starceva-gorica tag-manastir-starcevo tag-manastir-svetog-nikole tag-manastir-vranjina tag-skadarski-manastiri\">\n<div class=\"fusion-post-wrapper\" style=\"background-color:rgba(255,255,255,1);border:1px solid #ebeaea;border-bottom-width:3px;\"><div class=\"fusion-post-content-wrapper\" style=\"padding:30px 25px 20px 25px;\"><div class=\"fusion-post-content post-content\"><h1 class=\"blog-shortcode-post-title entry-title\"><a href=\"https:\/\/www.photomontenegro.me\/en\/manastiri-skadarskog-jezera\/\">Manastiri Skadarskog jezera<\/a><\/h1><\/div><\/div><div class=\"fusion-clearfix\"><\/div><\/div>\n<\/article>\n<article id=\"blog-2-post-155\" class=\"fusion-post-grid post-155 post type-post status-publish format-standard has-post-thumbnail hentry category-crna-gora category-jezera tag-manito-jezero\">\n<div class=\"fusion-post-wrapper\" style=\"background-color:rgba(255,255,255,1);border:1px solid #ebeaea;border-bottom-width:3px;\"><div class=\"fusion-post-content-wrapper\" style=\"padding:30px 25px 20px 25px;\"><div class=\"fusion-post-content post-content\"><h1 class=\"blog-shortcode-post-title entry-title\"><a href=\"https:\/\/www.photomontenegro.me\/en\/manito-jezero\/\">Manito jezero<\/a><\/h1><\/div><\/div><div class=\"fusion-clearfix\"><\/div><\/div>\n<\/article>\n<article id=\"blog-2-post-107\" class=\"fusion-post-grid post-107 post type-post status-publish format-standard has-post-thumbnail hentry category-crna-gora category-gradevine category-kulturno-naslijede tag-mauzolej-na-lovcenu tag-njegos\">\n<div class=\"fusion-post-wrapper\" style=\"background-color:rgba(255,255,255,1);border:1px solid #ebeaea;border-bottom-width:3px;\"><div class=\"fusion-post-content-wrapper\" style=\"padding:30px 25px 20px 25px;\"><div class=\"fusion-post-content post-content\"><h1 class=\"blog-shortcode-post-title entry-title\"><a href=\"https:\/\/www.photomontenegro.me\/en\/mauzolej-na-lovcenu\/\">Mauzolej na Lov\u0107enu<\/a><\/h1><\/div><\/div><div class=\"fusion-clearfix\"><\/div><\/div>\n<\/article>\n<article id=\"blog-2-post-145\" class=\"fusion-post-grid post-145 post type-post status-publish format-standard has-post-thumbnail hentry category-crna-gora category-gradevine category-kulturno-naslijede category-mjesta category-naselja tag-kuci tag-marko-miljanov tag-medun\">\n<div class=\"fusion-post-wrapper\" style=\"background-color:rgba(255,255,255,1);border:1px solid #ebeaea;border-bottom-width:3px;\"><div class=\"fusion-post-content-wrapper\" style=\"padding:30px 25px 20px 25px;\"><div class=\"fusion-post-content post-content\"><h1 class=\"blog-shortcode-post-title entry-title\"><a href=\"https:\/\/www.photomontenegro.me\/en\/medun\/\">Medun<\/a><\/h1><\/div><\/div><div class=\"fusion-clearfix\"><\/div><\/div>\n<\/article>\n<article id=\"blog-2-post-2505\" class=\"fusion-post-grid post-2505 post type-post status-publish format-standard has-post-thumbnail hentry category-crna-gora category-mjesta category-plaze category-primorje tag-meljine\">\n<div class=\"fusion-post-wrapper\" style=\"background-color:rgba(255,255,255,1);border:1px solid #ebeaea;border-bottom-width:3px;\"><div class=\"fusion-post-content-wrapper\" style=\"padding:30px 25px 20px 25px;\"><div class=\"fusion-post-content post-content\"><h1 class=\"blog-shortcode-post-title entry-title\"><a href=\"https:\/\/www.photomontenegro.me\/en\/meljine\/\">Meljine<\/a><\/h1><\/div><\/div><div class=\"fusion-clearfix\"><\/div><\/div>\n<\/article>\n<article id=\"blog-2-post-1137\" class=\"fusion-post-grid post-1137 post type-post status-publish format-standard has-post-thumbnail hentry category-crna-gora category-plaze category-primorje tag-milocer\">\n<div class=\"fusion-post-wrapper\" style=\"background-color:rgba(255,255,255,1);border:1px solid #ebeaea;border-bottom-width:3px;\"><div class=\"fusion-post-content-wrapper\" style=\"padding:30px 25px 20px 25px;\"><div class=\"fusion-post-content post-content\"><h1 class=\"blog-shortcode-post-title entry-title\"><a href=\"https:\/\/www.photomontenegro.me\/en\/milocer\/\">Milo\u010der<\/a><\/h1><\/div><\/div><div class=\"fusion-clearfix\"><\/div><\/div>\n<\/article>\n<article id=\"blog-2-post-721\" class=\"fusion-post-grid post-721 post type-post status-publish format-standard has-post-thumbnail hentry category-crna-gora category-plaze category-primorje tag-miriste\">\n<div class=\"fusion-post-wrapper\" style=\"background-color:rgba(255,255,255,1);border:1px solid #ebeaea;border-bottom-width:3px;\"><div class=\"fusion-post-content-wrapper\" style=\"padding:30px 25px 20px 25px;\"><div class=\"fusion-post-content post-content\"><h1 class=\"blog-shortcode-post-title entry-title\"><a href=\"https:\/\/www.photomontenegro.me\/en\/miriste\/\">Miri\u0161te<\/a><\/h1><\/div><\/div><div class=\"fusion-clearfix\"><\/div><\/div>\n<\/article>\n<article id=\"blog-2-post-2330\" class=\"fusion-post-grid post-2330 post type-post status-publish format-standard has-post-thumbnail hentry category-crna-gora category-jezera tag-modro-jezero\">\n<div class=\"fusion-post-wrapper\" style=\"background-color:rgba(255,255,255,1);border:1px solid #ebeaea;border-bottom-width:3px;\"><div class=\"fusion-post-content-wrapper\" style=\"padding:30px 25px 20px 25px;\"><div class=\"fusion-post-content post-content\"><h1 class=\"blog-shortcode-post-title entry-title\"><a href=\"https:\/\/www.photomontenegro.me\/en\/modro-jezero\/\">Modro jezero<\/a><\/h1><\/div><\/div><div class=\"fusion-clearfix\"><\/div><\/div>\n<\/article>\n<article id=\"blog-2-post-1120\" class=\"fusion-post-grid post-1120 post type-post status-publish format-standard has-post-thumbnail hentry category-crna-gora category-plaze category-primorje tag-mogren\">\n<div class=\"fusion-post-wrapper\" style=\"background-color:rgba(255,255,255,1);border:1px solid #ebeaea;border-bottom-width:3px;\"><div class=\"fusion-post-content-wrapper\" style=\"padding:30px 25px 20px 25px;\"><div class=\"fusion-post-content post-content\"><h1 class=\"blog-shortcode-post-title entry-title\"><a href=\"https:\/\/www.photomontenegro.me\/en\/mogren\/\">Mogren<\/a><\/h1><\/div><\/div><div class=\"fusion-clearfix\"><\/div><\/div>\n<\/article>\n<article id=\"blog-2-post-1936\" class=\"fusion-post-grid post-1936 post type-post status-publish format-standard has-post-thumbnail hentry category-crna-gora category-gradovi category-naselja tag-mojkovac\">\n<div class=\"fusion-post-wrapper\" style=\"background-color:rgba(255,255,255,1);border:1px solid #ebeaea;border-bottom-width:3px;\"><div class=\"fusion-post-content-wrapper\" style=\"padding:30px 25px 20px 25px;\"><div class=\"fusion-post-content post-content\"><h1 class=\"blog-shortcode-post-title entry-title\"><a href=\"https:\/\/www.photomontenegro.me\/en\/mojkovac\/\">Mojkovac<\/a><\/h1><\/div><\/div><div class=\"fusion-clearfix\"><\/div><\/div>\n<\/article>\n<article id=\"blog-2-post-1461\" class=\"fusion-post-grid post-1461 post type-post status-publish format-standard has-post-thumbnail hentry category-crna-gora category-kanjoni category-rijeke tag-moraca tag-platije\">\n<div class=\"fusion-post-wrapper\" style=\"background-color:rgba(255,255,255,1);border:1px solid #ebeaea;border-bottom-width:3px;\"><div class=\"fusion-post-content-wrapper\" style=\"padding:30px 25px 20px 25px;\"><div class=\"fusion-post-content post-content\"><h1 class=\"blog-shortcode-post-title entry-title\"><a href=\"https:\/\/www.photomontenegro.me\/en\/moraca\/\">Mora\u010da<\/a><\/h1><\/div><\/div><div class=\"fusion-clearfix\"><\/div><\/div>\n<\/article>\n<article id=\"blog-2-post-151\" class=\"fusion-post-grid post-151 post type-post status-publish format-standard has-post-thumbnail hentry category-crna-gora category-planine tag-moracke-planine\">\n<div class=\"fusion-post-wrapper\" style=\"background-color:rgba(255,255,255,1);border:1px solid #ebeaea;border-bottom-width:3px;\"><div class=\"fusion-post-content-wrapper\" style=\"padding:30px 25px 20px 25px;\"><div class=\"fusion-post-content post-content\"><h1 class=\"blog-shortcode-post-title entry-title\"><a href=\"https:\/\/www.photomontenegro.me\/en\/moracke-planine\/\">Mora\u010dke planine<\/a><\/h1><\/div><\/div><div class=\"fusion-clearfix\"><\/div><\/div>\n<\/article>\n<article id=\"blog-2-post-2023\" class=\"fusion-post-grid post-2023 post type-post status-publish format-standard has-post-thumbnail hentry category-crna-gora category-primorje tag-morinj\">\n<div class=\"fusion-post-wrapper\" style=\"background-color:rgba(255,255,255,1);border:1px solid #ebeaea;border-bottom-width:3px;\"><div class=\"fusion-post-content-wrapper\" style=\"padding:30px 25px 20px 25px;\"><div class=\"fusion-post-content post-content\"><h1 class=\"blog-shortcode-post-title entry-title\"><a href=\"https:\/\/www.photomontenegro.me\/en\/morinj\/\">Morinj<\/a><\/h1><\/div><\/div><div class=\"fusion-clearfix\"><\/div><\/div>\n<\/article>\n<article id=\"blog-2-post-1870\" class=\"fusion-post-grid post-1870 post type-post status-publish format-standard has-post-thumbnail hentry category-crna-gora category-gradevine category-kulturno-naslijede tag-moskovski-most\">\n<div class=\"fusion-post-wrapper\" style=\"background-color:rgba(255,255,255,1);border:1px solid #ebeaea;border-bottom-width:3px;\"><div class=\"fusion-post-content-wrapper\" style=\"padding:30px 25px 20px 25px;\"><div class=\"fusion-post-content post-content\"><h1 class=\"blog-shortcode-post-title entry-title\"><a href=\"https:\/\/www.photomontenegro.me\/en\/moskovski-most\/\">Moskovski most<\/a><\/h1><\/div><\/div><div class=\"fusion-clearfix\"><\/div><\/div>\n<\/article>\n<article id=\"blog-2-post-1931\" class=\"fusion-post-grid post-1931 post type-post status-publish format-standard has-post-thumbnail hentry category-crna-gora category-gradevine category-kulturno-naslijede tag-most-blaza-jovanovica\">\n<div class=\"fusion-post-wrapper\" style=\"background-color:rgba(255,255,255,1);border:1px solid #ebeaea;border-bottom-width:3px;\"><div class=\"fusion-post-content-wrapper\" style=\"padding:30px 25px 20px 25px;\"><div class=\"fusion-post-content post-content\"><h1 class=\"blog-shortcode-post-title entry-title\"><a href=\"https:\/\/www.photomontenegro.me\/en\/most-blaza-jovanovica\/\">Most Bla\u017ea Jovanovi\u0107a<\/a><\/h1><\/div><\/div><div class=\"fusion-clearfix\"><\/div><\/div>\n<\/article>\n<article id=\"blog-2-post-948\" class=\"fusion-post-grid post-948 post type-post status-publish format-standard has-post-thumbnail hentry category-crna-gora category-gradevine category-kulturno-naslijede tag-milenijum\">\n<div class=\"fusion-post-wrapper\" style=\"background-color:rgba(255,255,255,1);border:1px solid #ebeaea;border-bottom-width:3px;\"><div class=\"fusion-post-content-wrapper\" style=\"padding:30px 25px 20px 25px;\"><div class=\"fusion-post-content post-content\"><h1 class=\"blog-shortcode-post-title entry-title\"><a href=\"https:\/\/www.photomontenegro.me\/en\/most-milenijum\/\">Most Milenijum<\/a><\/h1><\/div><\/div><div class=\"fusion-clearfix\"><\/div><\/div>\n<\/article>\n<article id=\"blog-2-post-1025\" class=\"fusion-post-grid post-1025 post type-post status-publish format-standard has-post-thumbnail hentry category-crna-gora category-gradevine category-kulturno-naslijede tag-most-na-djurdjevica-tari\">\n<div class=\"fusion-post-wrapper\" style=\"background-color:rgba(255,255,255,1);border:1px solid #ebeaea;border-bottom-width:3px;\"><div class=\"fusion-post-content-wrapper\" style=\"padding:30px 25px 20px 25px;\"><div class=\"fusion-post-content post-content\"><h1 class=\"blog-shortcode-post-title entry-title\"><a href=\"https:\/\/www.photomontenegro.me\/en\/most-na-durdevica-tari\/\">Most na \u0110ur\u0111evi\u0107a Tari<\/a><\/h1><\/div><\/div><div class=\"fusion-clearfix\"><\/div><\/div>\n<\/article>\n<article id=\"blog-2-post-824\" class=\"fusion-post-grid post-824 post type-post status-publish format-standard has-post-thumbnail hentry category-crna-gora category-gradevine category-kulturno-naslijede tag-most-na-maloj-rijeci\">\n<div class=\"fusion-post-wrapper\" style=\"background-color:rgba(255,255,255,1);border:1px solid #ebeaea;border-bottom-width:3px;\"><div class=\"fusion-post-content-wrapper\" style=\"padding:30px 25px 20px 25px;\"><div class=\"fusion-post-content post-content\"><h1 class=\"blog-shortcode-post-title entry-title\"><a href=\"https:\/\/www.photomontenegro.me\/en\/most-na-maloj-rijeci\/\">Most na Maloj Rijeci<\/a><\/h1><\/div><\/div><div class=\"fusion-clearfix\"><\/div><\/div>\n<\/article>\n<article id=\"blog-2-post-6564\" class=\"fusion-post-grid post-6564 post type-post status-publish format-standard has-post-thumbnail hentry category-crna-gora category-gradevine tag-most-na-mostanici tag-mostanica\">\n<div class=\"fusion-post-wrapper\" style=\"background-color:rgba(255,255,255,1);border:1px solid #ebeaea;border-bottom-width:3px;\"><div class=\"fusion-post-content-wrapper\" style=\"padding:30px 25px 20px 25px;\"><div class=\"fusion-post-content post-content\"><h1 class=\"blog-shortcode-post-title entry-title\"><a href=\"https:\/\/www.photomontenegro.me\/en\/most-na-mostanici\/\">Most na Mo\u0161tanici<\/a><\/h1><\/div><\/div><div class=\"fusion-clearfix\"><\/div><\/div>\n<\/article>\n<article id=\"blog-2-post-21\" class=\"fusion-post-grid post-21 post type-post status-publish format-standard has-post-thumbnail hentry category-crna-gora category-kanjoni category-rijeke tag-kanjon-mrtvice tag-mrtvica\">\n<div class=\"fusion-post-wrapper\" style=\"background-color:rgba(255,255,255,1);border:1px solid #ebeaea;border-bottom-width:3px;\"><div class=\"fusion-post-content-wrapper\" style=\"padding:30px 25px 20px 25px;\"><div class=\"fusion-post-content post-content\"><h1 class=\"blog-shortcode-post-title entry-title\"><a href=\"https:\/\/www.photomontenegro.me\/en\/kanjon-mrtvice\/\">Mrtvica<\/a><\/h1><\/div><\/div><div class=\"fusion-clearfix\"><\/div><\/div>\n<\/article>\n<article id=\"blog-2-post-1490\" class=\"fusion-post-grid post-1490 post type-post status-publish format-standard has-post-thumbnail hentry category-crna-gora category-mjesta category-naselja category-primorje tag-muo\">\n<div class=\"fusion-post-wrapper\" style=\"background-color:rgba(255,255,255,1);border:1px solid #ebeaea;border-bottom-width:3px;\"><div class=\"fusion-post-content-wrapper\" style=\"padding:30px 25px 20px 25px;\"><div class=\"fusion-post-content post-content\"><h1 class=\"blog-shortcode-post-title entry-title\"><a href=\"https:\/\/www.photomontenegro.me\/en\/muo\/\">Muo<\/a><\/h1><\/div><\/div><div class=\"fusion-clearfix\"><\/div><\/div>\n<\/article>\n<article id=\"blog-2-post-1621\" class=\"fusion-post-grid post-1621 post type-post status-publish format-standard has-post-thumbnail hentry category-crna-gora category-mjesta category-naselja tag-murici\">\n<div class=\"fusion-post-wrapper\" style=\"background-color:rgba(255,255,255,1);border:1px solid #ebeaea;border-bottom-width:3px;\"><div class=\"fusion-post-content-wrapper\" style=\"padding:30px 25px 20px 25px;\"><div class=\"fusion-post-content post-content\"><h1 class=\"blog-shortcode-post-title entry-title\"><a href=\"https:\/\/www.photomontenegro.me\/en\/murici\/\">Muri\u0107i<\/a><\/h1><\/div><\/div><div class=\"fusion-clearfix\"><\/div><\/div>\n<\/article>\n<article id=\"blog-2-post-1774\" class=\"fusion-post-grid post-1774 post type-post status-publish format-standard has-post-thumbnail hentry category-crna-gora category-jezera tag-mutno-jezero\">\n<div class=\"fusion-post-wrapper\" style=\"background-color:rgba(255,255,255,1);border:1px solid #ebeaea;border-bottom-width:3px;\"><div class=\"fusion-post-content-wrapper\" style=\"padding:30px 25px 20px 25px;\"><div class=\"fusion-post-content post-content\"><h1 class=\"blog-shortcode-post-title entry-title\"><a href=\"https:\/\/www.photomontenegro.me\/en\/mutno-jezero\/\">Mutno jezero<\/a><\/h1><\/div><\/div><div class=\"fusion-clearfix\"><\/div><\/div>\n<\/article>\n<article id=\"blog-2-post-1483\" class=\"fusion-post-grid post-1483 post type-post status-publish format-standard has-post-thumbnail hentry category-crna-gora category-gradovi category-naselja tag-niksic\">\n<div class=\"fusion-post-wrapper\" style=\"background-color:rgba(255,255,255,1);border:1px solid #ebeaea;border-bottom-width:3px;\"><div class=\"fusion-post-content-wrapper\" style=\"padding:30px 25px 20px 25px;\"><div class=\"fusion-post-content post-content\"><h1 class=\"blog-shortcode-post-title entry-title\"><a href=\"https:\/\/www.photomontenegro.me\/en\/niksic\/\">Nik\u0161i\u0107<\/a><\/h1><\/div><\/div><div class=\"fusion-clearfix\"><\/div><\/div>\n<\/article>\n<article id=\"blog-2-post-951\" class=\"fusion-post-grid post-951 post type-post status-publish format-standard has-post-thumbnail hentry category-crna-gora category-mjesta category-naselja tag-njegusi\">\n<div class=\"fusion-post-wrapper\" style=\"background-color:rgba(255,255,255,1);border:1px solid #ebeaea;border-bottom-width:3px;\"><div class=\"fusion-post-content-wrapper\" style=\"padding:30px 25px 20px 25px;\"><div class=\"fusion-post-content post-content\"><h1 class=\"blog-shortcode-post-title entry-title\"><a href=\"https:\/\/www.photomontenegro.me\/en\/njegusi\/\">Njegu\u0161i<\/a><\/h1><\/div><\/div><div class=\"fusion-clearfix\"><\/div><\/div>\n<\/article>\n<article id=\"blog-2-post-2370\" class=\"fusion-post-grid post-2370 post type-post status-publish format-standard has-post-thumbnail hentry category-crna-gora category-primorje tag-njivice\">\n<div class=\"fusion-post-wrapper\" style=\"background-color:rgba(255,255,255,1);border:1px solid #ebeaea;border-bottom-width:3px;\"><div class=\"fusion-post-content-wrapper\" style=\"padding:30px 25px 20px 25px;\"><div class=\"fusion-post-content post-content\"><h1 class=\"blog-shortcode-post-title entry-title\"><a href=\"https:\/\/www.photomontenegro.me\/en\/njivice\/\">Njivice<\/a><\/h1><\/div><\/div><div class=\"fusion-clearfix\"><\/div><\/div>\n<\/article>\n<article id=\"blog-2-post-2457\" class=\"fusion-post-grid post-2457 post type-post status-publish format-standard has-post-thumbnail hentry category-crna-gora category-mjesta category-naselja tag-nudo\">\n<div class=\"fusion-post-wrapper\" style=\"background-color:rgba(255,255,255,1);border:1px solid #ebeaea;border-bottom-width:3px;\"><div class=\"fusion-post-content-wrapper\" style=\"padding:30px 25px 20px 25px;\"><div class=\"fusion-post-content post-content\"><h1 class=\"blog-shortcode-post-title entry-title\"><a href=\"https:\/\/www.photomontenegro.me\/en\/nudo\/\">Nudo<\/a><\/h1><\/div><\/div><div class=\"fusion-clearfix\"><\/div><\/div>\n<\/article>\n<article id=\"blog-2-post-1949\" class=\"fusion-post-grid post-1949 post type-post status-publish format-standard has-post-thumbnail hentry category-crna-gora category-plaze category-primorje tag-oblatno\">\n<div class=\"fusion-post-wrapper\" style=\"background-color:rgba(255,255,255,1);border:1px solid #ebeaea;border-bottom-width:3px;\"><div class=\"fusion-post-content-wrapper\" style=\"padding:30px 25px 20px 25px;\"><div class=\"fusion-post-content post-content\"><h1 class=\"blog-shortcode-post-title entry-title\"><a href=\"https:\/\/www.photomontenegro.me\/en\/oblatno\/\">Oblatno<\/a><\/h1><\/div><\/div><div class=\"fusion-clearfix\"><\/div><\/div>\n<\/article>\n<article id=\"blog-2-post-5939\" class=\"fusion-post-grid post-5939 post type-post status-publish format-standard has-post-thumbnail hentry category-crna-gora category-gradevine tag-obod tag-oktoih tag-rijecki-grad\">\n<div class=\"fusion-post-wrapper\" style=\"background-color:rgba(255,255,255,1);border:1px solid #ebeaea;border-bottom-width:3px;\"><div class=\"fusion-post-content-wrapper\" style=\"padding:30px 25px 20px 25px;\"><div class=\"fusion-post-content post-content\"><h1 class=\"blog-shortcode-post-title entry-title\"><a href=\"https:\/\/www.photomontenegro.me\/en\/obod-rijecki-grad\/\">Obod<\/a><\/h1><\/div><\/div><div class=\"fusion-clearfix\"><\/div><\/div>\n<\/article>\n<article id=\"blog-2-post-5539\" class=\"fusion-post-grid post-5539 post type-post status-publish format-standard has-post-thumbnail hentry category-crna-gora category-pecine tag-obodska-pecina\">\n<div class=\"fusion-post-wrapper\" style=\"background-color:rgba(255,255,255,1);border:1px solid #ebeaea;border-bottom-width:3px;\"><div class=\"fusion-post-content-wrapper\" style=\"padding:30px 25px 20px 25px;\"><div class=\"fusion-post-content post-content\"><h1 class=\"blog-shortcode-post-title entry-title\"><a href=\"https:\/\/www.photomontenegro.me\/en\/obodska-pecina\/\">Obodska pecina<\/a><\/h1><\/div><\/div><div class=\"fusion-clearfix\"><\/div><\/div>\n<\/article>\n<article id=\"blog-2-post-2349\" class=\"fusion-post-grid post-2349 post type-post status-publish format-standard has-post-thumbnail hentry category-crna-gora category-rijeke tag-oko-skakavice\">\n<div class=\"fusion-post-wrapper\" style=\"background-color:rgba(255,255,255,1);border:1px solid #ebeaea;border-bottom-width:3px;\"><div class=\"fusion-post-content-wrapper\" style=\"padding:30px 25px 20px 25px;\"><div class=\"fusion-post-content post-content\"><h1 class=\"blog-shortcode-post-title entry-title\"><a href=\"https:\/\/www.photomontenegro.me\/en\/oko-skakavice\/\">Oko Skakavice<\/a><\/h1><\/div><\/div><div class=\"fusion-clearfix\"><\/div><\/div>\n<\/article>\n<article id=\"blog-2-post-1320\" class=\"fusion-post-grid post-1320 post type-post status-publish format-standard has-post-thumbnail hentry category-crna-gora category-gradevine category-kulturno-naslijede tag-onogost\">\n<div class=\"fusion-post-wrapper\" style=\"background-color:rgba(255,255,255,1);border:1px solid #ebeaea;border-bottom-width:3px;\"><div class=\"fusion-post-content-wrapper\" style=\"padding:30px 25px 20px 25px;\"><div class=\"fusion-post-content post-content\"><h1 class=\"blog-shortcode-post-title entry-title\"><a href=\"https:\/\/www.photomontenegro.me\/en\/onogost\/\">Onogo\u0161t<\/a><\/h1><\/div><\/div><div class=\"fusion-clearfix\"><\/div><\/div>\n<\/article>\n<article id=\"blog-2-post-1997\" class=\"fusion-post-grid post-1997 post type-post status-publish format-standard has-post-thumbnail hentry category-crna-gora category-plaze category-primorje tag-orahovac\">\n<div class=\"fusion-post-wrapper\" style=\"background-color:rgba(255,255,255,1);border:1px solid #ebeaea;border-bottom-width:3px;\"><div class=\"fusion-post-content-wrapper\" style=\"padding:30px 25px 20px 25px;\"><div class=\"fusion-post-content post-content\"><h1 class=\"blog-shortcode-post-title entry-title\"><a href=\"https:\/\/www.photomontenegro.me\/en\/orahovac\/\">Orahovac<\/a><\/h1><\/div><\/div><div class=\"fusion-clearfix\"><\/div><\/div>\n<\/article>\n<article id=\"blog-2-post-6552\" class=\"fusion-post-grid post-6552 post type-post status-publish format-standard has-post-thumbnail hentry category-crna-gora category-rijeke tag-orahovstica tag-oraovstica\">\n<div class=\"fusion-post-wrapper\" style=\"background-color:rgba(255,255,255,1);border:1px solid #ebeaea;border-bottom-width:3px;\"><div class=\"fusion-post-content-wrapper\" style=\"padding:30px 25px 20px 25px;\"><div class=\"fusion-post-content post-content\"><h1 class=\"blog-shortcode-post-title entry-title\"><a href=\"https:\/\/www.photomontenegro.me\/en\/orahovstica\/\">Orahov\u0161tica<\/a><\/h1><\/div><\/div><div class=\"fusion-clearfix\"><\/div><\/div>\n<\/article>\n<article id=\"blog-2-post-1262\" class=\"fusion-post-grid post-1262 post type-post status-publish format-standard has-post-thumbnail hentry category-crna-gora category-planine tag-orjen\">\n<div class=\"fusion-post-wrapper\" style=\"background-color:rgba(255,255,255,1);border:1px solid #ebeaea;border-bottom-width:3px;\"><div class=\"fusion-post-content-wrapper\" style=\"padding:30px 25px 20px 25px;\"><div class=\"fusion-post-content post-content\"><h1 class=\"blog-shortcode-post-title entry-title\"><a href=\"https:\/\/www.photomontenegro.me\/en\/orjen\/\">Orjen<\/a><\/h1><\/div><\/div><div class=\"fusion-clearfix\"><\/div><\/div>\n<\/article>\n<article id=\"blog-2-post-1590\" class=\"fusion-post-grid post-1590 post type-post status-publish format-standard has-post-thumbnail hentry category-crna-gora category-gradevine category-kulturno-naslijede tag-orlov-krs\">\n<div class=\"fusion-post-wrapper\" style=\"background-color:rgba(255,255,255,1);border:1px solid #ebeaea;border-bottom-width:3px;\"><div class=\"fusion-post-content-wrapper\" style=\"padding:30px 25px 20px 25px;\"><div class=\"fusion-post-content post-content\"><h1 class=\"blog-shortcode-post-title entry-title\"><a href=\"https:\/\/www.photomontenegro.me\/en\/orlov-krs\/\">Orlov Kr\u0161<\/a><\/h1><\/div><\/div><div class=\"fusion-clearfix\"><\/div><\/div>\n<\/article>\n<article id=\"blog-2-post-2442\" class=\"fusion-post-grid post-2442 post type-post status-publish format-standard has-post-thumbnail hentry category-crna-gora category-mjesta category-naselja tag-ostros\">\n<div class=\"fusion-post-wrapper\" style=\"background-color:rgba(255,255,255,1);border:1px solid #ebeaea;border-bottom-width:3px;\"><div class=\"fusion-post-content-wrapper\" style=\"padding:30px 25px 20px 25px;\"><div class=\"fusion-post-content post-content\"><h1 class=\"blog-shortcode-post-title entry-title\"><a href=\"https:\/\/www.photomontenegro.me\/en\/ostros\/\">Ostros<\/a><\/h1><\/div><\/div><div class=\"fusion-clearfix\"><\/div><\/div>\n<\/article>\n<article id=\"blog-2-post-1432\" class=\"fusion-post-grid post-1432 post type-post status-publish format-standard has-post-thumbnail hentry category-crna-gora category-ostrva category-primorje tag-miholjska-prevlaka tag-ostrvo-cvijeca tag-prevlaka\">\n<div class=\"fusion-post-wrapper\" style=\"background-color:rgba(255,255,255,1);border:1px solid #ebeaea;border-bottom-width:3px;\"><div class=\"fusion-post-content-wrapper\" style=\"padding:30px 25px 20px 25px;\"><div class=\"fusion-post-content post-content\"><h1 class=\"blog-shortcode-post-title entry-title\"><a href=\"https:\/\/www.photomontenegro.me\/en\/ostrvo-cvijeca\/\">Ostrvo Cvije\u0107a<\/a><\/h1><\/div><\/div><div class=\"fusion-clearfix\"><\/div><\/div>\n<\/article>\n<article id=\"blog-2-post-2074\" class=\"fusion-post-grid post-2074 post type-post status-publish format-standard has-post-thumbnail hentry category-crna-gora category-planine tag-pastrovacka-gora\">\n<div class=\"fusion-post-wrapper\" style=\"background-color:rgba(255,255,255,1);border:1px solid #ebeaea;border-bottom-width:3px;\"><div class=\"fusion-post-content-wrapper\" style=\"padding:30px 25px 20px 25px;\"><div class=\"fusion-post-content post-content\"><h1 class=\"blog-shortcode-post-title entry-title\"><a href=\"https:\/\/www.photomontenegro.me\/en\/pastrovacka-gora\/\">Pa\u0161trova\u010dka gora<\/a><\/h1><\/div><\/div><div class=\"fusion-clearfix\"><\/div><\/div>\n<\/article>\n<article id=\"blog-2-post-1875\" class=\"fusion-post-grid post-1875 post type-post status-publish format-standard has-post-thumbnail hentry category-crna-gora category-hramovi category-kulturno-naslijede tag-budvanski-manastiri tag-manastir-duljevo tag-manastir-gradiste tag-manastir-podmaine tag-manastir-podostrog tag-manastir-praskvica tag-manastir-rezevici tag-manastir-rustovo tag-manastir-stanjevici tag-manastir-vojnici tag-pastrovacki-manastiri tag-pastrovski-manastiri\">\n<div class=\"fusion-post-wrapper\" style=\"background-color:rgba(255,255,255,1);border:1px solid #ebeaea;border-bottom-width:3px;\"><div class=\"fusion-post-content-wrapper\" style=\"padding:30px 25px 20px 25px;\"><div class=\"fusion-post-content post-content\"><h1 class=\"blog-shortcode-post-title entry-title\"><a href=\"https:\/\/www.photomontenegro.me\/en\/pastrovacki-manastiri\/\">Pa\u0161trovski i Budvanski Manastiri<\/a><\/h1><\/div><\/div><div class=\"fusion-clearfix\"><\/div><\/div>\n<\/article>\n<article id=\"blog-2-post-1566\" class=\"fusion-post-grid post-1566 post type-post status-publish format-standard has-post-thumbnail hentry category-crna-gora category-mjesta tag-pavlova-strana\">\n<div class=\"fusion-post-wrapper\" style=\"background-color:rgba(255,255,255,1);border:1px solid #ebeaea;border-bottom-width:3px;\"><div class=\"fusion-post-content-wrapper\" style=\"padding:30px 25px 20px 25px;\"><div class=\"fusion-post-content post-content\"><h1 class=\"blog-shortcode-post-title entry-title\"><a href=\"https:\/\/www.photomontenegro.me\/en\/pavlova-strana\/\">Pavlova Strana<\/a><\/h1><\/div><\/div><div class=\"fusion-clearfix\"><\/div><\/div>\n<\/article>\n<article id=\"blog-2-post-1204\" class=\"fusion-post-grid post-1204 post type-post status-publish format-standard has-post-thumbnail hentry category-crna-gora category-mjesta category-naselja category-primorje tag-perast\">\n<div class=\"fusion-post-wrapper\" style=\"background-color:rgba(255,255,255,1);border:1px solid #ebeaea;border-bottom-width:3px;\"><div class=\"fusion-post-content-wrapper\" style=\"padding:30px 25px 20px 25px;\"><div class=\"fusion-post-content post-content\"><h1 class=\"blog-shortcode-post-title entry-title\"><a href=\"https:\/\/www.photomontenegro.me\/en\/perast\/\">Perast<\/a><\/h1><\/div><\/div><div class=\"fusion-clearfix\"><\/div><\/div>\n<\/article>\n<article id=\"blog-2-post-2115\" class=\"fusion-post-grid post-2115 post type-post status-publish format-standard has-post-thumbnail hentry category-crna-gora category-plaze category-primorje tag-perazica-do\">\n<div class=\"fusion-post-wrapper\" style=\"background-color:rgba(255,255,255,1);border:1px solid #ebeaea;border-bottom-width:3px;\"><div class=\"fusion-post-content-wrapper\" style=\"padding:30px 25px 20px 25px;\"><div class=\"fusion-post-content post-content\"><h1 class=\"blog-shortcode-post-title entry-title\"><a href=\"https:\/\/www.photomontenegro.me\/en\/perazica-do\/\">Perazi\u0107a Do<\/a><\/h1><\/div><\/div><div class=\"fusion-clearfix\"><\/div><\/div>\n<\/article>\n<article id=\"blog-2-post-2390\" class=\"fusion-post-grid post-2390 post type-post status-publish format-standard has-post-thumbnail hentry category-crna-gora category-jezera tag-pesica-jezero\">\n<div class=\"fusion-post-wrapper\" style=\"background-color:rgba(255,255,255,1);border:1px solid #ebeaea;border-bottom-width:3px;\"><div class=\"fusion-post-content-wrapper\" style=\"padding:30px 25px 20px 25px;\"><div class=\"fusion-post-content post-content\"><h1 class=\"blog-shortcode-post-title entry-title\"><a href=\"https:\/\/www.photomontenegro.me\/en\/pesica-jezero\/\">Pe\u0161i\u0107a jezero<\/a><\/h1><\/div><\/div><div class=\"fusion-clearfix\"><\/div><\/div>\n<\/article>\n<article id=\"blog-2-post-741\" class=\"fusion-post-grid post-741 post type-post status-publish format-standard has-post-thumbnail hentry category-crna-gora category-mjesta category-naselja category-plaze tag-petrovac\">\n<div class=\"fusion-post-wrapper\" style=\"background-color:rgba(255,255,255,1);border:1px solid #ebeaea;border-bottom-width:3px;\"><div class=\"fusion-post-content-wrapper\" style=\"padding:30px 25px 20px 25px;\"><div class=\"fusion-post-content post-content\"><h1 class=\"blog-shortcode-post-title entry-title\"><a href=\"https:\/\/www.photomontenegro.me\/en\/petrovac\/\">Petrovac<\/a><\/h1><\/div><\/div><div class=\"fusion-clearfix\"><\/div><\/div>\n<\/article>\n<article id=\"blog-2-post-1257\" class=\"fusion-post-grid post-1257 post type-post status-publish format-standard has-post-thumbnail hentry category-crna-gora category-kanjoni category-rijeke tag-piva\">\n<div class=\"fusion-post-wrapper\" style=\"background-color:rgba(255,255,255,1);border:1px solid #ebeaea;border-bottom-width:3px;\"><div class=\"fusion-post-content-wrapper\" style=\"padding:30px 25px 20px 25px;\"><div class=\"fusion-post-content post-content\"><h1 class=\"blog-shortcode-post-title entry-title\"><a href=\"https:\/\/www.photomontenegro.me\/en\/piva\/\">Piva<\/a><\/h1><\/div><\/div><div class=\"fusion-clearfix\"><\/div><\/div>\n<\/article>\n<article id=\"blog-2-post-1084\" class=\"fusion-post-grid post-1084 post type-post status-publish format-standard has-post-thumbnail hentry category-crna-gora category-planine tag-pivska-povrs\">\n<div class=\"fusion-post-wrapper\" style=\"background-color:rgba(255,255,255,1);border:1px solid #ebeaea;border-bottom-width:3px;\"><div class=\"fusion-post-content-wrapper\" style=\"padding:30px 25px 20px 25px;\"><div class=\"fusion-post-content post-content\"><h1 class=\"blog-shortcode-post-title entry-title\"><a href=\"https:\/\/www.photomontenegro.me\/en\/pivska-povrs\/\">Pivska povr\u0161<\/a><\/h1><\/div><\/div><div class=\"fusion-clearfix\"><\/div><\/div>\n<\/article>\n<article id=\"blog-2-post-1070\" class=\"fusion-post-grid post-1070 post type-post status-publish format-standard has-post-thumbnail hentry category-crna-gora category-jezera tag-pivsko-jezero\">\n<div class=\"fusion-post-wrapper\" style=\"background-color:rgba(255,255,255,1);border:1px solid #ebeaea;border-bottom-width:3px;\"><div class=\"fusion-post-content-wrapper\" style=\"padding:30px 25px 20px 25px;\"><div class=\"fusion-post-content post-content\"><h1 class=\"blog-shortcode-post-title entry-title\"><a href=\"https:\/\/www.photomontenegro.me\/en\/pivsko-jezero\/\">Pivsko jezero<\/a><\/h1><\/div><\/div><div class=\"fusion-clearfix\"><\/div><\/div>\n<\/article>\n<article id=\"blog-2-post-1704\" class=\"fusion-post-grid post-1704 post type-post status-publish format-standard has-post-thumbnail hentry category-crna-gora category-gradovi category-naselja tag-plav\">\n<div class=\"fusion-post-wrapper\" style=\"background-color:rgba(255,255,255,1);border:1px solid #ebeaea;border-bottom-width:3px;\"><div class=\"fusion-post-content-wrapper\" style=\"padding:30px 25px 20px 25px;\"><div class=\"fusion-post-content post-content\"><h1 class=\"blog-shortcode-post-title entry-title\"><a href=\"https:\/\/www.photomontenegro.me\/en\/plav\/\">Plav<\/a><\/h1><\/div><\/div><div class=\"fusion-clearfix\"><\/div><\/div>\n<\/article>\n<article id=\"blog-2-post-732\" class=\"fusion-post-grid post-732 post type-post status-publish format-standard has-post-thumbnail hentry category-crna-gora category-pecine category-primorje tag-plava-spilja\">\n<div class=\"fusion-post-wrapper\" style=\"background-color:rgba(255,255,255,1);border:1px solid #ebeaea;border-bottom-width:3px;\"><div class=\"fusion-post-content-wrapper\" style=\"padding:30px 25px 20px 25px;\"><div class=\"fusion-post-content post-content\"><h1 class=\"blog-shortcode-post-title entry-title\"><a href=\"https:\/\/www.photomontenegro.me\/en\/plava-spilja\/\">Plava \u0160pilja<\/a><\/h1><\/div><\/div><div class=\"fusion-clearfix\"><\/div><\/div>\n<\/article>\n<article id=\"blog-2-post-1834\" class=\"fusion-post-grid post-1834 post type-post status-publish format-standard has-post-thumbnail hentry category-crna-gora category-plaze category-primorje tag-plavi-horizonti\">\n<div class=\"fusion-post-wrapper\" style=\"background-color:rgba(255,255,255,1);border:1px solid #ebeaea;border-bottom-width:3px;\"><div class=\"fusion-post-content-wrapper\" style=\"padding:30px 25px 20px 25px;\"><div class=\"fusion-post-content post-content\"><h1 class=\"blog-shortcode-post-title entry-title\"><a href=\"https:\/\/www.photomontenegro.me\/en\/plavi-horizonti\/\">Plavi Horizonti<\/a><\/h1><\/div><\/div><div class=\"fusion-clearfix\"><\/div><\/div>\n<\/article>\n<article id=\"blog-2-post-665\" class=\"fusion-post-grid post-665 post type-post status-publish format-standard has-post-thumbnail hentry category-crna-gora category-mjesta category-naselja category-rijeke tag-plavnica\">\n<div class=\"fusion-post-wrapper\" style=\"background-color:rgba(255,255,255,1);border:1px solid #ebeaea;border-bottom-width:3px;\"><div class=\"fusion-post-content-wrapper\" style=\"padding:30px 25px 20px 25px;\"><div class=\"fusion-post-content post-content\"><h1 class=\"blog-shortcode-post-title entry-title\"><a href=\"https:\/\/www.photomontenegro.me\/en\/plavnica\/\">Plavnica<\/a><\/h1><\/div><\/div><div class=\"fusion-clearfix\"><\/div><\/div>\n<\/article>\n<article id=\"blog-2-post-2197\" class=\"fusion-post-grid post-2197 post type-post status-publish format-standard has-post-thumbnail hentry category-crna-gora category-hramovi category-kulturno-naslijede tag-ferovica-dzamija tag-plavske-dzamije tag-redzepagica-dzamija tag-stara-dzamija tag-sultanija-dzamija\">\n<div class=\"fusion-post-wrapper\" style=\"background-color:rgba(255,255,255,1);border:1px solid #ebeaea;border-bottom-width:3px;\"><div class=\"fusion-post-content-wrapper\" style=\"padding:30px 25px 20px 25px;\"><div class=\"fusion-post-content post-content\"><h1 class=\"blog-shortcode-post-title entry-title\"><a href=\"https:\/\/www.photomontenegro.me\/en\/plavske-dzamije\/\">Plavske d\u017eamije<\/a><\/h1><\/div><\/div><div class=\"fusion-clearfix\"><\/div><\/div>\n<\/article>\n<article id=\"blog-2-post-855\" class=\"fusion-post-grid post-855 post type-post status-publish format-standard has-post-thumbnail hentry category-crna-gora category-jezera tag-plavsko-jezero\">\n<div class=\"fusion-post-wrapper\" style=\"background-color:rgba(255,255,255,1);border:1px solid #ebeaea;border-bottom-width:3px;\"><div class=\"fusion-post-content-wrapper\" style=\"padding:30px 25px 20px 25px;\"><div class=\"fusion-post-content post-content\"><h1 class=\"blog-shortcode-post-title entry-title\"><a href=\"https:\/\/www.photomontenegro.me\/en\/plavsko-jezero\/\">Plavsko jezero<\/a><\/h1><\/div><\/div><div class=\"fusion-clearfix\"><\/div><\/div>\n<\/article>\n<article id=\"blog-2-post-2215\" class=\"fusion-post-grid post-2215 post type-post status-publish format-standard has-post-thumbnail hentry category-crna-gora category-plaze category-primorje tag-plaza-albatros\">\n<div class=\"fusion-post-wrapper\" style=\"background-color:rgba(255,255,255,1);border:1px solid #ebeaea;border-bottom-width:3px;\"><div class=\"fusion-post-content-wrapper\" style=\"padding:30px 25px 20px 25px;\"><div class=\"fusion-post-content post-content\"><h1 class=\"blog-shortcode-post-title entry-title\"><a href=\"https:\/\/www.photomontenegro.me\/en\/plaza-albatros\/\">Pla\u017ea Albatros<\/a><\/h1><\/div><\/div><div class=\"fusion-clearfix\"><\/div><\/div>\n<\/article>\n<article id=\"blog-2-post-2205\" class=\"fusion-post-grid post-2205 post type-post status-publish format-standard has-post-thumbnail hentry category-crna-gora category-plaze category-primorje tag-plaza-marina\">\n<div class=\"fusion-post-wrapper\" style=\"background-color:rgba(255,255,255,1);border:1px solid #ebeaea;border-bottom-width:3px;\"><div class=\"fusion-post-content-wrapper\" style=\"padding:30px 25px 20px 25px;\"><div class=\"fusion-post-content post-content\"><h1 class=\"blog-shortcode-post-title entry-title\"><a href=\"https:\/\/www.photomontenegro.me\/en\/marina\/\">Pla\u017ea Marina<\/a><\/h1><\/div><\/div><div class=\"fusion-clearfix\"><\/div><\/div>\n<\/article>\n<article id=\"blog-2-post-2103\" class=\"fusion-post-grid post-2103 post type-post status-publish format-standard has-post-thumbnail hentry category-crna-gora category-gradovi category-naselja tag-pljevlja\">\n<div class=\"fusion-post-wrapper\" style=\"background-color:rgba(255,255,255,1);border:1px solid #ebeaea;border-bottom-width:3px;\"><div class=\"fusion-post-content-wrapper\" style=\"padding:30px 25px 20px 25px;\"><div class=\"fusion-post-content post-content\"><h1 class=\"blog-shortcode-post-title entry-title\"><a href=\"https:\/\/www.photomontenegro.me\/en\/pljevlja\/\">Pljevlja<\/a><\/h1><\/div><\/div><div class=\"fusion-clearfix\"><\/div><\/div>\n<\/article>\n<article id=\"blog-2-post-1407\" class=\"fusion-post-grid post-1407 post type-post status-publish format-standard has-post-thumbnail hentry category-crna-gora category-plaze category-primorje tag-ploce\">\n<div class=\"fusion-post-wrapper\" style=\"background-color:rgba(255,255,255,1);border:1px solid #ebeaea;border-bottom-width:3px;\"><div class=\"fusion-post-content-wrapper\" style=\"padding:30px 25px 20px 25px;\"><div class=\"fusion-post-content post-content\"><h1 class=\"blog-shortcode-post-title entry-title\"><a href=\"https:\/\/www.photomontenegro.me\/en\/ploce\/\">Plo\u010de<\/a><\/h1><\/div><\/div><div class=\"fusion-clearfix\"><\/div><\/div>\n<\/article>\n<article id=\"blog-2-post-1397\" class=\"fusion-post-grid post-1397 post type-post status-publish format-standard has-post-thumbnail hentry category-crna-gora category-gradovi category-naselja tag-pluzine\">\n<div class=\"fusion-post-wrapper\" style=\"background-color:rgba(255,255,255,1);border:1px solid #ebeaea;border-bottom-width:3px;\"><div class=\"fusion-post-content-wrapper\" style=\"padding:30px 25px 20px 25px;\"><div class=\"fusion-post-content post-content\"><h1 class=\"blog-shortcode-post-title entry-title\"><a href=\"https:\/\/www.photomontenegro.me\/en\/pluzine\/\">Plu\u017eine<\/a><\/h1><\/div><\/div><div class=\"fusion-clearfix\"><\/div><\/div>\n<\/article>\n<article id=\"blog-2-post-2248\" class=\"fusion-post-grid post-2248 post type-post status-publish format-standard has-post-thumbnail hentry category-crna-gora category-gradovi category-naselja tag-podgorica\">\n<div class=\"fusion-post-wrapper\" style=\"background-color:rgba(255,255,255,1);border:1px solid #ebeaea;border-bottom-width:3px;\"><div class=\"fusion-post-content-wrapper\" style=\"padding:30px 25px 20px 25px;\"><div class=\"fusion-post-content post-content\"><h1 class=\"blog-shortcode-post-title entry-title\"><a href=\"https:\/\/www.photomontenegro.me\/en\/podgorica\/\">Podgorica<\/a><\/h1><\/div><\/div><div class=\"fusion-clearfix\"><\/div><\/div>\n<\/article>\n<article id=\"blog-2-post-1501\" class=\"fusion-post-grid post-1501 post type-post status-publish format-standard has-post-thumbnail hentry category-crna-gora category-hramovi category-kulturno-naslijede tag-doganjska-dzamija tag-osmanagica-dzamija tag-podgoricke-dzamije\">\n<div class=\"fusion-post-wrapper\" style=\"background-color:rgba(255,255,255,1);border:1px solid #ebeaea;border-bottom-width:3px;\"><div class=\"fusion-post-content-wrapper\" style=\"padding:30px 25px 20px 25px;\"><div class=\"fusion-post-content post-content\"><h1 class=\"blog-shortcode-post-title entry-title\"><a href=\"https:\/\/www.photomontenegro.me\/en\/podgoricke-dzamije\/\">Podgori\u010dke d\u017eamije<\/a><\/h1><\/div><\/div><div class=\"fusion-clearfix\"><\/div><\/div>\n<\/article>\n<article id=\"blog-2-post-7621\" class=\"fusion-post-grid post-7621 post type-post status-publish format-standard has-post-thumbnail hentry category-crna-gora category-jezera category-planine tag-ponikvica tag-ponikvicko-jezero\">\n<div class=\"fusion-post-wrapper\" style=\"background-color:rgba(255,255,255,1);border:1px solid #ebeaea;border-bottom-width:3px;\"><div class=\"fusion-post-content-wrapper\" style=\"padding:30px 25px 20px 25px;\"><div class=\"fusion-post-content post-content\"><h1 class=\"blog-shortcode-post-title entry-title\"><a href=\"https:\/\/www.photomontenegro.me\/en\/ponikvica-i-ponikvicko-jezero\/\">Ponikvica i Ponikvi\u010dko jezero<\/a><\/h1><\/div><\/div><div class=\"fusion-clearfix\"><\/div><\/div>\n<\/article>\n<article id=\"blog-2-post-1752\" class=\"fusion-post-grid post-1752 post type-post status-publish format-standard has-post-thumbnail hentry category-crna-gora category-mjesta category-naselja category-primorje tag-porto-montenegro\">\n<div class=\"fusion-post-wrapper\" style=\"background-color:rgba(255,255,255,1);border:1px solid #ebeaea;border-bottom-width:3px;\"><div class=\"fusion-post-content-wrapper\" style=\"padding:30px 25px 20px 25px;\"><div class=\"fusion-post-content post-content\"><h1 class=\"blog-shortcode-post-title entry-title\"><a href=\"https:\/\/www.photomontenegro.me\/en\/porto-montenegro\/\">Porto Montenegro<\/a><\/h1><\/div><\/div><div class=\"fusion-clearfix\"><\/div><\/div>\n<\/article>\n<article id=\"blog-2-post-1127\" class=\"fusion-post-grid post-1127 post type-post status-publish format-standard has-post-thumbnail hentry category-crna-gora category-jezera tag-malo-poscensko-jezero tag-poscenska-jezera tag-veliko-poscensko-jezero\">\n<div class=\"fusion-post-wrapper\" style=\"background-color:rgba(255,255,255,1);border:1px solid #ebeaea;border-bottom-width:3px;\"><div class=\"fusion-post-content-wrapper\" style=\"padding:30px 25px 20px 25px;\"><div class=\"fusion-post-content post-content\"><h1 class=\"blog-shortcode-post-title entry-title\"><a href=\"https:\/\/www.photomontenegro.me\/en\/poscenska-jezera\/\">Po\u0161\u0107enska jezera<\/a><\/h1><\/div><\/div><div class=\"fusion-clearfix\"><\/div><\/div>\n<\/article>\n<article id=\"blog-2-post-1227\" class=\"fusion-post-grid post-1227 post type-post status-publish format-standard has-post-thumbnail hentry category-crna-gora category-jezera tag-poscensko-jezero\">\n<div class=\"fusion-post-wrapper\" style=\"background-color:rgba(255,255,255,1);border:1px solid #ebeaea;border-bottom-width:3px;\"><div class=\"fusion-post-content-wrapper\" style=\"padding:30px 25px 20px 25px;\"><div class=\"fusion-post-content post-content\"><h1 class=\"blog-shortcode-post-title entry-title\"><a href=\"https:\/\/www.photomontenegro.me\/en\/poscensko-jezero\/\">Po\u0161\u0107ensko jezero<\/a><\/h1><\/div><\/div><div class=\"fusion-clearfix\"><\/div><\/div>\n<\/article>\n<article id=\"blog-2-post-2562\" class=\"fusion-post-grid post-2562 post type-post status-publish format-standard has-post-thumbnail hentry category-crna-gora category-mjesta category-naselja tag-poseljani\">\n<div class=\"fusion-post-wrapper\" style=\"background-color:rgba(255,255,255,1);border:1px solid #ebeaea;border-bottom-width:3px;\"><div class=\"fusion-post-content-wrapper\" style=\"padding:30px 25px 20px 25px;\"><div class=\"fusion-post-content post-content\"><h1 class=\"blog-shortcode-post-title entry-title\"><a href=\"https:\/\/www.photomontenegro.me\/en\/poseljani\/\">Poseljani<\/a><\/h1><\/div><\/div><div class=\"fusion-clearfix\"><\/div><\/div>\n<\/article>\n<article id=\"blog-2-post-1543\" class=\"fusion-post-grid post-1543 post type-post status-publish format-standard has-post-thumbnail hentry category-crna-gora category-mjesta category-naselja category-primorje tag-prcanj\">\n<div class=\"fusion-post-wrapper\" style=\"background-color:rgba(255,255,255,1);border:1px solid #ebeaea;border-bottom-width:3px;\"><div class=\"fusion-post-content-wrapper\" style=\"padding:30px 25px 20px 25px;\"><div class=\"fusion-post-content post-content\"><h1 class=\"blog-shortcode-post-title entry-title\"><a href=\"https:\/\/www.photomontenegro.me\/en\/prcanj\/\">Pr\u010danj<\/a><\/h1><\/div><\/div><div class=\"fusion-clearfix\"><\/div><\/div>\n<\/article>\n<article id=\"blog-2-post-965\" class=\"fusion-post-grid post-965 post type-post status-publish format-standard has-post-thumbnail hentry category-crna-gora category-nacionalni-parkovi category-planine tag-prokletije\">\n<div class=\"fusion-post-wrapper\" style=\"background-color:rgba(255,255,255,1);border:1px solid #ebeaea;border-bottom-width:3px;\"><div class=\"fusion-post-content-wrapper\" style=\"padding:30px 25px 20px 25px;\"><div class=\"fusion-post-content post-content\"><h1 class=\"blog-shortcode-post-title entry-title\"><a href=\"https:\/\/www.photomontenegro.me\/en\/prokletije\/\">Prokletije<\/a><\/h1><\/div><\/div><div class=\"fusion-clearfix\"><\/div><\/div>\n<\/article>\n<article id=\"blog-2-post-1245\" class=\"fusion-post-grid post-1245 post type-post status-publish format-standard has-post-thumbnail hentry category-crna-gora category-plaze category-primorje tag-przno\">\n<div class=\"fusion-post-wrapper\" style=\"background-color:rgba(255,255,255,1);border:1px solid #ebeaea;border-bottom-width:3px;\"><div class=\"fusion-post-content-wrapper\" style=\"padding:30px 25px 20px 25px;\"><div class=\"fusion-post-content post-content\"><h1 class=\"blog-shortcode-post-title entry-title\"><a href=\"https:\/\/www.photomontenegro.me\/en\/przno\/\">Pr\u017eno<\/a><\/h1><\/div><\/div><div class=\"fusion-clearfix\"><\/div><\/div>\n<\/article>\n<article id=\"blog-2-post-2127\" class=\"fusion-post-grid post-2127 post type-post status-publish format-standard has-post-thumbnail hentry category-crna-gora category-mjesta category-naselja category-primorje tag-radovici\">\n<div class=\"fusion-post-wrapper\" style=\"background-color:rgba(255,255,255,1);border:1px solid #ebeaea;border-bottom-width:3px;\"><div class=\"fusion-post-content-wrapper\" style=\"padding:30px 25px 20px 25px;\"><div class=\"fusion-post-content post-content\"><h1 class=\"blog-shortcode-post-title entry-title\"><a href=\"https:\/\/www.photomontenegro.me\/en\/radovici\/\">Radovi\u0107i<\/a><\/h1><\/div><\/div><div class=\"fusion-clearfix\"><\/div><\/div>\n<\/article>\n<article id=\"blog-2-post-1593\" class=\"fusion-post-grid post-1593 post type-post status-publish format-standard has-post-thumbnail hentry category-crna-gora category-gradevine category-kulturno-naslijede tag-redzepagica-kula\">\n<div class=\"fusion-post-wrapper\" style=\"background-color:rgba(255,255,255,1);border:1px solid #ebeaea;border-bottom-width:3px;\"><div class=\"fusion-post-content-wrapper\" style=\"padding:30px 25px 20px 25px;\"><div class=\"fusion-post-content post-content\"><h1 class=\"blog-shortcode-post-title entry-title\"><a href=\"https:\/\/www.photomontenegro.me\/en\/radzepagica-kula\/\">Rad\u017eepagi\u0107a Kula<\/a><\/h1><\/div><\/div><div class=\"fusion-clearfix\"><\/div><\/div>\n<\/article>\n<article id=\"blog-2-post-2099\" class=\"fusion-post-grid post-2099 post type-post status-publish format-standard has-post-thumbnail hentry category-crna-gora category-mjesta category-plaze category-primorje tag-rafailovici\">\n<div class=\"fusion-post-wrapper\" style=\"background-color:rgba(255,255,255,1);border:1px solid #ebeaea;border-bottom-width:3px;\"><div class=\"fusion-post-content-wrapper\" style=\"padding:30px 25px 20px 25px;\"><div class=\"fusion-post-content post-content\"><h1 class=\"blog-shortcode-post-title entry-title\"><a href=\"https:\/\/www.photomontenegro.me\/en\/rafailovici\/\">Rafailovi\u0107i<\/a><\/h1><\/div><\/div><div class=\"fusion-clearfix\"><\/div><\/div>\n<\/article>\n<article id=\"blog-2-post-797\" class=\"fusion-post-grid post-797 post type-post status-publish format-standard has-post-thumbnail hentry category-crna-gora category-jezera tag-riblje-jezero\">\n<div class=\"fusion-post-wrapper\" style=\"background-color:rgba(255,255,255,1);border:1px solid #ebeaea;border-bottom-width:3px;\"><div class=\"fusion-post-content-wrapper\" style=\"padding:30px 25px 20px 25px;\"><div class=\"fusion-post-content post-content\"><h1 class=\"blog-shortcode-post-title entry-title\"><a href=\"https:\/\/www.photomontenegro.me\/en\/riblje-jezero\/\">Riblje jezero<\/a><\/h1><\/div><\/div><div class=\"fusion-clearfix\"><\/div><\/div>\n<\/article>\n<article id=\"blog-2-post-2080\" class=\"fusion-post-grid post-2080 post type-post status-publish format-standard has-post-thumbnail hentry category-crna-gora category-rijeke tag-ribnica\">\n<div class=\"fusion-post-wrapper\" style=\"background-color:rgba(255,255,255,1);border:1px solid #ebeaea;border-bottom-width:3px;\"><div class=\"fusion-post-content-wrapper\" style=\"padding:30px 25px 20px 25px;\"><div class=\"fusion-post-content post-content\"><h1 class=\"blog-shortcode-post-title entry-title\"><a href=\"https:\/\/www.photomontenegro.me\/en\/ribnica\/\">Ribnica<\/a><\/h1><\/div><\/div><div class=\"fusion-clearfix\"><\/div><\/div>\n<\/article>\n<article id=\"blog-2-post-710\" class=\"fusion-post-grid post-710 post type-post status-publish format-standard has-post-thumbnail hentry category-crna-gora category-mjesta category-naselja category-rijeke tag-rijeka-crnojevica\">\n<div class=\"fusion-post-wrapper\" style=\"background-color:rgba(255,255,255,1);border:1px solid #ebeaea;border-bottom-width:3px;\"><div class=\"fusion-post-content-wrapper\" style=\"padding:30px 25px 20px 25px;\"><div class=\"fusion-post-content post-content\"><h1 class=\"blog-shortcode-post-title entry-title\"><a href=\"https:\/\/www.photomontenegro.me\/en\/rijeka-crnojevica\/\">Rijeka Crnojevi\u0107a<\/a><\/h1><\/div><\/div><div class=\"fusion-clearfix\"><\/div><\/div>\n<\/article>\n<article id=\"blog-2-post-1102\" class=\"fusion-post-grid post-1102 post type-post status-publish format-standard has-post-thumbnail hentry category-crna-gora category-jezera tag-rikavacko-jezero\">\n<div class=\"fusion-post-wrapper\" style=\"background-color:rgba(255,255,255,1);border:1px solid #ebeaea;border-bottom-width:3px;\"><div class=\"fusion-post-content-wrapper\" style=\"padding:30px 25px 20px 25px;\"><div class=\"fusion-post-content post-content\"><h1 class=\"blog-shortcode-post-title entry-title\"><a href=\"https:\/\/www.photomontenegro.me\/en\/rikavacko-jezero\/\">Rikava\u010dko jezero<\/a><\/h1><\/div><\/div><div class=\"fusion-clearfix\"><\/div><\/div>\n<\/article>\n<article id=\"blog-2-post-908\" class=\"fusion-post-grid post-908 post type-post status-publish format-standard has-post-thumbnail hentry category-crna-gora category-kulturno-naslijede tag-rimski-mozaici\">\n<div class=\"fusion-post-wrapper\" style=\"background-color:rgba(255,255,255,1);border:1px solid #ebeaea;border-bottom-width:3px;\"><div class=\"fusion-post-content-wrapper\" style=\"padding:30px 25px 20px 25px;\"><div class=\"fusion-post-content post-content\"><h1 class=\"blog-shortcode-post-title entry-title\"><a href=\"https:\/\/www.photomontenegro.me\/en\/rimski-mozaici\/\">Rimski mozaici<\/a><\/h1><\/div><\/div><div class=\"fusion-clearfix\"><\/div><\/div>\n<\/article>\n<article id=\"blog-2-post-1381\" class=\"fusion-post-grid post-1381 post type-post status-publish format-standard has-post-thumbnail hentry category-crna-gora category-mjesta category-naselja category-primorje tag-risan\">\n<div class=\"fusion-post-wrapper\" style=\"background-color:rgba(255,255,255,1);border:1px solid #ebeaea;border-bottom-width:3px;\"><div class=\"fusion-post-content-wrapper\" style=\"padding:30px 25px 20px 25px;\"><div class=\"fusion-post-content post-content\"><h1 class=\"blog-shortcode-post-title entry-title\"><a href=\"https:\/\/www.photomontenegro.me\/en\/risan\/\">Risan<\/a><\/h1><\/div><\/div><div class=\"fusion-clearfix\"><\/div><\/div>\n<\/article>\n<article id=\"blog-2-post-1182\" class=\"fusion-post-grid post-1182 post type-post status-publish format-standard has-post-thumbnail hentry category-crna-gora category-mjesta category-primorje tag-rose\">\n<div class=\"fusion-post-wrapper\" style=\"background-color:rgba(255,255,255,1);border:1px solid #ebeaea;border-bottom-width:3px;\"><div class=\"fusion-post-content-wrapper\" style=\"padding:30px 25px 20px 25px;\"><div class=\"fusion-post-content post-content\"><h1 class=\"blog-shortcode-post-title entry-title\"><a href=\"https:\/\/www.photomontenegro.me\/en\/rose\/\">Rose<\/a><\/h1><\/div><\/div><div class=\"fusion-clearfix\"><\/div><\/div>\n<\/article>\n<article id=\"blog-2-post-2055\" class=\"fusion-post-grid post-2055 post type-post status-publish format-standard has-post-thumbnail hentry category-crna-gora category-gradovi category-naselja tag-rozaje\">\n<div class=\"fusion-post-wrapper\" style=\"background-color:rgba(255,255,255,1);border:1px solid #ebeaea;border-bottom-width:3px;\"><div class=\"fusion-post-content-wrapper\" style=\"padding:30px 25px 20px 25px;\"><div class=\"fusion-post-content post-content\"><h1 class=\"blog-shortcode-post-title entry-title\"><a href=\"https:\/\/www.photomontenegro.me\/en\/rozaje\/\">Ro\u017eaje<\/a><\/h1><\/div><\/div><div class=\"fusion-clearfix\"><\/div><\/div>\n<\/article>\n<article id=\"blog-2-post-1440\" class=\"fusion-post-grid post-1440 post type-post status-publish format-standard has-post-thumbnail hentry category-crna-gora category-planine tag-rumija\">\n<div class=\"fusion-post-wrapper\" style=\"background-color:rgba(255,255,255,1);border:1px solid #ebeaea;border-bottom-width:3px;\"><div class=\"fusion-post-content-wrapper\" style=\"padding:30px 25px 20px 25px;\"><div class=\"fusion-post-content post-content\"><h1 class=\"blog-shortcode-post-title entry-title\"><a href=\"https:\/\/www.photomontenegro.me\/en\/rumija\/\">Rumija<\/a><\/h1><\/div><\/div><div class=\"fusion-clearfix\"><\/div><\/div>\n<\/article>\n<article id=\"blog-2-post-1900\" class=\"fusion-post-grid post-1900 post type-post status-publish format-standard has-post-thumbnail hentry category-crna-gora category-gradevine category-kulturno-naslijede tag-sahat-kula\">\n<div class=\"fusion-post-wrapper\" style=\"background-color:rgba(255,255,255,1);border:1px solid #ebeaea;border-bottom-width:3px;\"><div class=\"fusion-post-content-wrapper\" style=\"padding:30px 25px 20px 25px;\"><div class=\"fusion-post-content post-content\"><h1 class=\"blog-shortcode-post-title entry-title\"><a href=\"https:\/\/www.photomontenegro.me\/en\/sahat-kula\/\">Sahat kula<\/a><\/h1><\/div><\/div><div class=\"fusion-clearfix\"><\/div><\/div>\n<\/article>\n<article id=\"blog-2-post-1416\" class=\"fusion-post-grid post-1416 post type-post status-publish format-standard has-post-thumbnail hentry category-crna-gora category-hramovi category-kulturno-naslijede tag-santa-maria-in-punta\">\n<div class=\"fusion-post-wrapper\" style=\"background-color:rgba(255,255,255,1);border:1px solid #ebeaea;border-bottom-width:3px;\"><div class=\"fusion-post-content-wrapper\" style=\"padding:30px 25px 20px 25px;\"><div class=\"fusion-post-content post-content\"><h1 class=\"blog-shortcode-post-title entry-title\"><a href=\"https:\/\/www.photomontenegro.me\/en\/santa-maria-in-punta\/\">Santa Maria In Punta<\/a><\/h1><\/div><\/div><div class=\"fusion-clearfix\"><\/div><\/div>\n<\/article>\n<article id=\"blog-2-post-1038\" class=\"fusion-post-grid post-1038 post type-post status-publish format-standard has-post-thumbnail hentry category-crna-gora category-jezera tag-sasko-jezero\">\n<div class=\"fusion-post-wrapper\" style=\"background-color:rgba(255,255,255,1);border:1px solid #ebeaea;border-bottom-width:3px;\"><div class=\"fusion-post-content-wrapper\" style=\"padding:30px 25px 20px 25px;\"><div class=\"fusion-post-content post-content\"><h1 class=\"blog-shortcode-post-title entry-title\"><a href=\"https:\/\/www.photomontenegro.me\/en\/sasko-jezero\/\">\u0160asko jezero<\/a><\/h1><\/div><\/div><div class=\"fusion-clearfix\"><\/div><\/div>\n<\/article>\n<article id=\"blog-2-post-1841\" class=\"fusion-post-grid post-1841 post type-post status-publish format-standard has-post-thumbnail hentry category-crna-gora category-gradevine category-kulturno-naslijede tag-sat-kula\">\n<div class=\"fusion-post-wrapper\" style=\"background-color:rgba(255,255,255,1);border:1px solid #ebeaea;border-bottom-width:3px;\"><div class=\"fusion-post-content-wrapper\" style=\"padding:30px 25px 20px 25px;\"><div class=\"fusion-post-content post-content\"><h1 class=\"blog-shortcode-post-title entry-title\"><a href=\"https:\/\/www.photomontenegro.me\/en\/sat-kula\/\">Sat Kula<\/a><\/h1><\/div><\/div><div class=\"fusion-clearfix\"><\/div><\/div>\n<\/article>\n<article id=\"blog-2-post-2367\" class=\"fusion-post-grid post-2367 post type-post status-publish format-standard has-post-thumbnail hentry category-crna-gora category-primorje tag-savina\">\n<div class=\"fusion-post-wrapper\" style=\"background-color:rgba(255,255,255,1);border:1px solid #ebeaea;border-bottom-width:3px;\"><div class=\"fusion-post-content-wrapper\" style=\"padding:30px 25px 20px 25px;\"><div class=\"fusion-post-content post-content\"><h1 class=\"blog-shortcode-post-title entry-title\"><a href=\"https:\/\/www.photomontenegro.me\/en\/savina\/\">Savina<\/a><\/h1><\/div><\/div><div class=\"fusion-clearfix\"><\/div><\/div>\n<\/article>\n<article id=\"blog-2-post-2316\" class=\"fusion-post-grid post-2316 post type-post status-publish format-standard has-post-thumbnail hentry category-crna-gora category-rijeke tag-savnicke-rijeke\">\n<div class=\"fusion-post-wrapper\" style=\"background-color:rgba(255,255,255,1);border:1px solid #ebeaea;border-bottom-width:3px;\"><div class=\"fusion-post-content-wrapper\" style=\"padding:30px 25px 20px 25px;\"><div class=\"fusion-post-content post-content\"><h1 class=\"blog-shortcode-post-title entry-title\"><a href=\"https:\/\/www.photomontenegro.me\/en\/savnicke-rijeke\/\">\u0160avni\u010dke rijeke<\/a><\/h1><\/div><\/div><div class=\"fusion-clearfix\"><\/div><\/div>\n<\/article>\n<article id=\"blog-2-post-1650\" class=\"fusion-post-grid post-1650 post type-post status-publish format-standard has-post-thumbnail hentry category-crna-gora category-gradovi category-naselja tag-savnik\">\n<div class=\"fusion-post-wrapper\" style=\"background-color:rgba(255,255,255,1);border:1px solid #ebeaea;border-bottom-width:3px;\"><div class=\"fusion-post-content-wrapper\" style=\"padding:30px 25px 20px 25px;\"><div class=\"fusion-post-content post-content\"><h1 class=\"blog-shortcode-post-title entry-title\"><a href=\"https:\/\/www.photomontenegro.me\/en\/savnik\/\">\u0160avnik<\/a><\/h1><\/div><\/div><div class=\"fusion-clearfix\"><\/div><\/div>\n<\/article>\n<article id=\"blog-2-post-2067\" class=\"fusion-post-grid post-2067 post type-post status-publish format-standard has-post-thumbnail hentry category-crna-gora category-mjesta category-plaze category-primorje tag-seljanovo\">\n<div class=\"fusion-post-wrapper\" style=\"background-color:rgba(255,255,255,1);border:1px solid #ebeaea;border-bottom-width:3px;\"><div class=\"fusion-post-content-wrapper\" style=\"padding:30px 25px 20px 25px;\"><div class=\"fusion-post-content post-content\"><h1 class=\"blog-shortcode-post-title entry-title\"><a href=\"https:\/\/www.photomontenegro.me\/en\/seljanovo\/\">Seljanovo<\/a><\/h1><\/div><\/div><div class=\"fusion-clearfix\"><\/div><\/div>\n<\/article>\n<article id=\"blog-2-post-7963\" class=\"fusion-post-grid post-7963 post type-post status-publish format-standard has-post-thumbnail hentry category-crna-gora category-jezera tag-sevarina tag-sevarinsko-jezero\">\n<div class=\"fusion-post-wrapper\" style=\"background-color:rgba(255,255,255,1);border:1px solid #ebeaea;border-bottom-width:3px;\"><div class=\"fusion-post-content-wrapper\" style=\"padding:30px 25px 20px 25px;\"><div class=\"fusion-post-content post-content\"><h1 class=\"blog-shortcode-post-title entry-title\"><a href=\"https:\/\/www.photomontenegro.me\/en\/sevarina\/\">\u0160evarina (\u0160evarinsko jezero)<\/a><\/h1><\/div><\/div><div class=\"fusion-clearfix\"><\/div><\/div>\n<\/article>\n<article id=\"blog-2-post-2299\" class=\"fusion-post-grid post-2299 post type-post status-publish format-standard has-post-thumbnail hentry category-crna-gora category-jezera tag-sevarita-lokva\">\n<div class=\"fusion-post-wrapper\" style=\"background-color:rgba(255,255,255,1);border:1px solid #ebeaea;border-bottom-width:3px;\"><div class=\"fusion-post-content-wrapper\" style=\"padding:30px 25px 20px 25px;\"><div class=\"fusion-post-content post-content\"><h1 class=\"blog-shortcode-post-title entry-title\"><a href=\"https:\/\/www.photomontenegro.me\/en\/sevarita-lokva\/\">\u0160evarita lokva<\/a><\/h1><\/div><\/div><div class=\"fusion-clearfix\"><\/div><\/div>\n<\/article>\n<article id=\"blog-2-post-1343\" class=\"fusion-post-grid post-1343 post type-post status-publish format-standard has-post-thumbnail hentry category-crna-gora category-planine tag-sinjajevina\">\n<div class=\"fusion-post-wrapper\" style=\"background-color:rgba(255,255,255,1);border:1px solid #ebeaea;border-bottom-width:3px;\"><div class=\"fusion-post-content-wrapper\" style=\"padding:30px 25px 20px 25px;\"><div class=\"fusion-post-content post-content\"><h1 class=\"blog-shortcode-post-title entry-title\"><a href=\"https:\/\/www.photomontenegro.me\/en\/sinjajevina\/\">Sinjajevina<\/a><\/h1><\/div><\/div><div class=\"fusion-clearfix\"><\/div><\/div>\n<\/article>\n<article id=\"blog-2-post-2388\" class=\"fusion-post-grid post-2388 post type-post status-publish format-standard has-post-thumbnail hentry category-crna-gora category-jezera tag-malo-sisko-jezero tag-siska-jezera tag-sisko-jezero tag-veliko-sisko-jezero\">\n<div class=\"fusion-post-wrapper\" style=\"background-color:rgba(255,255,255,1);border:1px solid #ebeaea;border-bottom-width:3px;\"><div class=\"fusion-post-content-wrapper\" style=\"padding:30px 25px 20px 25px;\"><div class=\"fusion-post-content post-content\"><h1 class=\"blog-shortcode-post-title entry-title\"><a href=\"https:\/\/www.photomontenegro.me\/en\/sisko-jezero\/\">\u0160i\u0161ko jezero<\/a><\/h1><\/div><\/div><div class=\"fusion-clearfix\"><\/div><\/div>\n<\/article>\n<article id=\"blog-2-post-2009\" class=\"fusion-post-grid post-2009 post type-post status-publish format-standard has-post-thumbnail hentry category-crna-gora category-rijeke tag-matica tag-sitnica\">\n<div class=\"fusion-post-wrapper\" style=\"background-color:rgba(255,255,255,1);border:1px solid #ebeaea;border-bottom-width:3px;\"><div class=\"fusion-post-content-wrapper\" style=\"padding:30px 25px 20px 25px;\"><div class=\"fusion-post-content post-content\"><h1 class=\"blog-shortcode-post-title entry-title\"><a href=\"https:\/\/www.photomontenegro.me\/en\/sitnica\/\">Sitnica<\/a><\/h1><\/div><\/div><div class=\"fusion-clearfix\"><\/div><\/div>\n<\/article>\n<article id=\"blog-2-post-3\" class=\"fusion-post-grid post-3 post type-post status-publish format-standard has-post-thumbnail hentry category-crna-gora category-jezera category-nacionalni-parkovi tag-skadarsko-jezero\">\n<div class=\"fusion-post-wrapper\" style=\"background-color:rgba(255,255,255,1);border:1px solid #ebeaea;border-bottom-width:3px;\"><div class=\"fusion-post-content-wrapper\" style=\"padding:30px 25px 20px 25px;\"><div class=\"fusion-post-content post-content\"><h1 class=\"blog-shortcode-post-title entry-title\"><a href=\"https:\/\/www.photomontenegro.me\/en\/skadarsko-jezero\/\">Skadarsko jezero<\/a><\/h1><\/div><\/div><div class=\"fusion-clearfix\"><\/div><\/div>\n<\/article>\n<article id=\"blog-2-post-2627\" class=\"fusion-post-grid post-2627 post type-post status-publish format-standard has-post-thumbnail hentry category-crna-gora category-jezera tag-malo-skrcko-jezero tag-skrcka-jezera tag-skrka tag-veliko-skrcko-jezero\">\n<div class=\"fusion-post-wrapper\" style=\"background-color:rgba(255,255,255,1);border:1px solid #ebeaea;border-bottom-width:3px;\"><div class=\"fusion-post-content-wrapper\" style=\"padding:30px 25px 20px 25px;\"><div class=\"fusion-post-content post-content\"><h1 class=\"blog-shortcode-post-title entry-title\"><a href=\"https:\/\/www.photomontenegro.me\/en\/skrcka-jezera\/\">\u0160kr\u010dka jezera<\/a><\/h1><\/div><\/div><div class=\"fusion-clearfix\"><\/div><\/div>\n<\/article>\n<article id=\"blog-2-post-1633\" class=\"fusion-post-grid post-1633 post type-post status-publish format-standard has-post-thumbnail hentry category-crna-gora category-kanjoni category-rijeke tag-skurda\">\n<div class=\"fusion-post-wrapper\" style=\"background-color:rgba(255,255,255,1);border:1px solid #ebeaea;border-bottom-width:3px;\"><div class=\"fusion-post-content-wrapper\" style=\"padding:30px 25px 20px 25px;\"><div class=\"fusion-post-content post-content\"><h1 class=\"blog-shortcode-post-title entry-title\"><a href=\"https:\/\/www.photomontenegro.me\/en\/skurda\/\">\u0160kurda<\/a><\/h1><\/div><\/div><div class=\"fusion-clearfix\"><\/div><\/div>\n<\/article>\n<article id=\"blog-2-post-1188\" class=\"fusion-post-grid post-1188 post type-post status-publish format-standard has-post-thumbnail hentry category-crna-gora category-jezera tag-slano-jezero\">\n<div class=\"fusion-post-wrapper\" style=\"background-color:rgba(255,255,255,1);border:1px solid #ebeaea;border-bottom-width:3px;\"><div class=\"fusion-post-content-wrapper\" style=\"padding:30px 25px 20px 25px;\"><div class=\"fusion-post-content post-content\"><h1 class=\"blog-shortcode-post-title entry-title\"><a href=\"https:\/\/www.photomontenegro.me\/en\/slano-jezero\/\">Slano jezero<\/a><\/h1><\/div><\/div><div class=\"fusion-clearfix\"><\/div><\/div>\n<\/article>\n<article id=\"blog-2-post-3764\" class=\"fusion-post-grid post-3764 post type-post status-publish format-standard has-post-thumbnail hentry category-crna-gora category-jezera category-mjesta tag-solana tag-ulcinjska-solana tag-zoganj tag-zoganjsko-blato\">\n<div class=\"fusion-post-wrapper\" style=\"background-color:rgba(255,255,255,1);border:1px solid #ebeaea;border-bottom-width:3px;\"><div class=\"fusion-post-content-wrapper\" style=\"padding:30px 25px 20px 25px;\"><div class=\"fusion-post-content post-content\"><h1 class=\"blog-shortcode-post-title entry-title\"><a href=\"https:\/\/www.photomontenegro.me\/en\/ulcinjska-solana\/\">Solana<\/a><\/h1><\/div><\/div><div class=\"fusion-clearfix\"><\/div><\/div>\n<\/article>\n<article id=\"blog-2-post-1815\" class=\"fusion-post-grid post-1815 post type-post status-publish format-standard has-post-thumbnail hentry category-crna-gora category-primorje tag-solila\">\n<div class=\"fusion-post-wrapper\" style=\"background-color:rgba(255,255,255,1);border:1px solid #ebeaea;border-bottom-width:3px;\"><div class=\"fusion-post-content-wrapper\" style=\"padding:30px 25px 20px 25px;\"><div class=\"fusion-post-content post-content\"><h1 class=\"blog-shortcode-post-title entry-title\"><a href=\"https:\/\/www.photomontenegro.me\/en\/solila\/\">Solila<\/a><\/h1><\/div><\/div><div class=\"fusion-clearfix\"><\/div><\/div>\n<\/article>\n<article id=\"blog-2-post-2487\" class=\"fusion-post-grid post-2487 post type-post status-publish format-standard has-post-thumbnail hentry category-crna-gora category-gradevine category-kulturno-naslijede tag-spanjola\">\n<div class=\"fusion-post-wrapper\" style=\"background-color:rgba(255,255,255,1);border:1px solid #ebeaea;border-bottom-width:3px;\"><div class=\"fusion-post-content-wrapper\" style=\"padding:30px 25px 20px 25px;\"><div class=\"fusion-post-content post-content\"><h1 class=\"blog-shortcode-post-title entry-title\"><a href=\"https:\/\/www.photomontenegro.me\/en\/spanjola\/\">\u0160panjola<\/a><\/h1><\/div><\/div><div class=\"fusion-clearfix\"><\/div><\/div>\n<\/article>\n<article id=\"blog-2-post-8041\" class=\"fusion-post-grid post-8041 post type-post status-publish format-standard has-post-thumbnail hentry category-crna-gora category-gradevine category-kulturno-naslijede tag-barutana-monument tag-kana-radevic tag-spomenik-na-barutani\">\n<div class=\"fusion-post-wrapper\" style=\"background-color:rgba(255,255,255,1);border:1px solid #ebeaea;border-bottom-width:3px;\"><div class=\"fusion-post-content-wrapper\" style=\"padding:30px 25px 20px 25px;\"><div class=\"fusion-post-content post-content\"><h1 class=\"blog-shortcode-post-title entry-title\"><a href=\"https:\/\/www.photomontenegro.me\/en\/barutana\/\">Spomenik na barutani<\/a><\/h1><\/div><\/div><div class=\"fusion-clearfix\"><\/div><\/div>\n<\/article>\n<article id=\"blog-2-post-6414\" class=\"fusion-post-grid post-6414 post type-post status-publish format-standard has-post-thumbnail hentry category-crna-gora category-gradevine category-kulturno-naslijede tag-podgorica tag-spomenik-na-gorici tag-spomenik-partizanu-borcu\">\n<div class=\"fusion-post-wrapper\" style=\"background-color:rgba(255,255,255,1);border:1px solid #ebeaea;border-bottom-width:3px;\"><div class=\"fusion-post-content-wrapper\" style=\"padding:30px 25px 20px 25px;\"><div class=\"fusion-post-content post-content\"><h1 class=\"blog-shortcode-post-title entry-title\"><a href=\"https:\/\/www.photomontenegro.me\/en\/spomenik-partizanu-borcu\/\">Spomenik Partizanu borcu<\/a><\/h1><\/div><\/div><div class=\"fusion-clearfix\"><\/div><\/div>\n<\/article>\n<article id=\"blog-2-post-2629\" class=\"fusion-post-grid post-2629 post type-post status-publish format-standard has-post-thumbnail hentry category-crna-gora category-jezera tag-srablje-jezero\">\n<div class=\"fusion-post-wrapper\" style=\"background-color:rgba(255,255,255,1);border:1px solid #ebeaea;border-bottom-width:3px;\"><div class=\"fusion-post-content-wrapper\" style=\"padding:30px 25px 20px 25px;\"><div class=\"fusion-post-content post-content\"><h1 class=\"blog-shortcode-post-title entry-title\"><a href=\"https:\/\/www.photomontenegro.me\/en\/srablje-jezero\/\">Srablje jezero<\/a><\/h1><\/div><\/div><div class=\"fusion-clearfix\"><\/div><\/div>\n<\/article>\n<article id=\"blog-2-post-2616\" class=\"fusion-post-grid post-2616 post type-post status-publish format-standard has-post-thumbnail hentry category-crna-gora category-jezera tag-malo-stabansko-jezero tag-stabanska-jezera tag-veliko-stabansko-jezero\">\n<div class=\"fusion-post-wrapper\" style=\"background-color:rgba(255,255,255,1);border:1px solid #ebeaea;border-bottom-width:3px;\"><div class=\"fusion-post-content-wrapper\" style=\"padding:30px 25px 20px 25px;\"><div class=\"fusion-post-content post-content\"><h1 class=\"blog-shortcode-post-title entry-title\"><a href=\"https:\/\/www.photomontenegro.me\/en\/stabanska-jezera\/\">Stabanska jezera<\/a><\/h1><\/div><\/div><div class=\"fusion-clearfix\"><\/div><\/div>\n<\/article>\n<article id=\"blog-2-post-922\" class=\"fusion-post-grid post-922 post type-post status-publish format-standard has-post-thumbnail hentry category-crna-gora category-kulturno-naslijede tag-stara-maslina\">\n<div class=\"fusion-post-wrapper\" style=\"background-color:rgba(255,255,255,1);border:1px solid #ebeaea;border-bottom-width:3px;\"><div class=\"fusion-post-content-wrapper\" style=\"padding:30px 25px 20px 25px;\"><div class=\"fusion-post-content post-content\"><h1 class=\"blog-shortcode-post-title entry-title\"><a href=\"https:\/\/www.photomontenegro.me\/en\/stara-maslina\/\">Stara Maslina<\/a><\/h1><\/div><\/div><div class=\"fusion-clearfix\"><\/div><\/div>\n<\/article>\n<article id=\"blog-2-post-1123\" class=\"fusion-post-grid post-1123 post type-post status-publish format-standard has-post-thumbnail hentry category-crna-gora category-kulturno-naslijede category-mjesta category-naselja tag-stari-bar\">\n<div class=\"fusion-post-wrapper\" style=\"background-color:rgba(255,255,255,1);border:1px solid #ebeaea;border-bottom-width:3px;\"><div class=\"fusion-post-content-wrapper\" style=\"padding:30px 25px 20px 25px;\"><div class=\"fusion-post-content post-content\"><h1 class=\"blog-shortcode-post-title entry-title\"><a href=\"https:\/\/www.photomontenegro.me\/en\/stari-bar\/\">Stari Bar<\/a><\/h1><\/div><\/div><div class=\"fusion-clearfix\"><\/div><\/div>\n<\/article>\n<article id=\"blog-2-post-1043\" class=\"fusion-post-grid post-1043 post type-post status-publish format-standard has-post-thumbnail hentry category-crna-gora category-ostrva category-primorje tag-stari-ulcinj\">\n<div class=\"fusion-post-wrapper\" style=\"background-color:rgba(255,255,255,1);border:1px solid #ebeaea;border-bottom-width:3px;\"><div class=\"fusion-post-content-wrapper\" style=\"padding:30px 25px 20px 25px;\"><div class=\"fusion-post-content post-content\"><h1 class=\"blog-shortcode-post-title entry-title\"><a href=\"https:\/\/www.photomontenegro.me\/en\/stari-ulcinj\/\">Stari Ulcinj<\/a><\/h1><\/div><\/div><div class=\"fusion-clearfix\"><\/div><\/div>\n<\/article>\n<article id=\"blog-2-post-2622\" class=\"fusion-post-grid post-2622 post type-post status-publish format-standard has-post-thumbnail hentry category-crna-gora category-kulturno-naslijede tag-durmitorski-stecci tag-stecci\">\n<div class=\"fusion-post-wrapper\" style=\"background-color:rgba(255,255,255,1);border:1px solid #ebeaea;border-bottom-width:3px;\"><div class=\"fusion-post-content-wrapper\" style=\"padding:30px 25px 20px 25px;\"><div class=\"fusion-post-content post-content\"><h1 class=\"blog-shortcode-post-title entry-title\"><a href=\"https:\/\/www.photomontenegro.me\/en\/stecci\/\">Ste\u0107ci<\/a><\/h1><\/div><\/div><div class=\"fusion-clearfix\"><\/div><\/div>\n<\/article>\n<article id=\"blog-2-post-2243\" class=\"fusion-post-grid post-2243 post type-post status-publish format-standard has-post-thumbnail hentry category-crna-gora category-rijeke tag-stitaricka-rijeka\">\n<div class=\"fusion-post-wrapper\" style=\"background-color:rgba(255,255,255,1);border:1px solid #ebeaea;border-bottom-width:3px;\"><div class=\"fusion-post-content-wrapper\" style=\"padding:30px 25px 20px 25px;\"><div class=\"fusion-post-content post-content\"><h1 class=\"blog-shortcode-post-title entry-title\"><a href=\"https:\/\/www.photomontenegro.me\/en\/stitaricka-rijeka\/\">\u0160titari\u010dka rijeka<\/a><\/h1><\/div><\/div><div class=\"fusion-clearfix\"><\/div><\/div>\n<\/article>\n<article id=\"blog-2-post-1401\" class=\"fusion-post-grid post-1401 post type-post status-publish format-standard has-post-thumbnail hentry category-crna-gora category-mjesta category-naselja category-primorje tag-crkva-imena-marijinog tag-stoliv\">\n<div class=\"fusion-post-wrapper\" style=\"background-color:rgba(255,255,255,1);border:1px solid #ebeaea;border-bottom-width:3px;\"><div class=\"fusion-post-content-wrapper\" style=\"padding:30px 25px 20px 25px;\"><div class=\"fusion-post-content post-content\"><h1 class=\"blog-shortcode-post-title entry-title\"><a href=\"https:\/\/www.photomontenegro.me\/en\/stoliv\/\">Stoliv<\/a><\/h1><\/div><\/div><div class=\"fusion-clearfix\"><\/div><\/div>\n<\/article>\n<article id=\"blog-2-post-1976\" class=\"fusion-post-grid post-1976 post type-post status-publish format-standard has-post-thumbnail hentry category-crna-gora category-mjesta category-primorje tag-strp\">\n<div class=\"fusion-post-wrapper\" style=\"background-color:rgba(255,255,255,1);border:1px solid #ebeaea;border-bottom-width:3px;\"><div class=\"fusion-post-content-wrapper\" style=\"padding:30px 25px 20px 25px;\"><div class=\"fusion-post-content post-content\"><h1 class=\"blog-shortcode-post-title entry-title\"><a href=\"https:\/\/www.photomontenegro.me\/en\/strp\/\">Strp<\/a><\/h1><\/div><\/div><div class=\"fusion-clearfix\"><\/div><\/div>\n<\/article>\n<article id=\"blog-2-post-2169\" class=\"fusion-post-grid post-2169 post type-post status-publish format-standard has-post-thumbnail hentry category-crna-gora category-hramovi category-kulturno-naslijede tag-kurtagica-dzamija tag-sultan-murat-ii-dzamija\">\n<div class=\"fusion-post-wrapper\" style=\"background-color:rgba(255,255,255,1);border:1px solid #ebeaea;border-bottom-width:3px;\"><div class=\"fusion-post-content-wrapper\" style=\"padding:30px 25px 20px 25px;\"><div class=\"fusion-post-content post-content\"><h1 class=\"blog-shortcode-post-title entry-title\"><a href=\"https:\/\/www.photomontenegro.me\/en\/kurtagica-dzamija\/\">Sultan Murat II d\u017eamija<\/a><\/h1><\/div><\/div><div class=\"fusion-clearfix\"><\/div><\/div>\n<\/article>\n<article id=\"blog-2-post-1554\" class=\"fusion-post-grid post-1554 post type-post status-publish format-standard has-post-thumbnail hentry category-crna-gora category-kanjoni category-rijeke tag-kanjon-susice tag-susica\">\n<div class=\"fusion-post-wrapper\" style=\"background-color:rgba(255,255,255,1);border:1px solid #ebeaea;border-bottom-width:3px;\"><div class=\"fusion-post-content-wrapper\" style=\"padding:30px 25px 20px 25px;\"><div class=\"fusion-post-content post-content\"><h1 class=\"blog-shortcode-post-title entry-title\"><a href=\"https:\/\/www.photomontenegro.me\/en\/kanjon-susice\/\">Su\u0161ica<\/a><\/h1><\/div><\/div><div class=\"fusion-clearfix\"><\/div><\/div>\n<\/article>\n<article id=\"blog-2-post-2282\" class=\"fusion-post-grid post-2282 post type-post status-publish format-standard has-post-thumbnail hentry category-crna-gora category-jezera tag-susicko-jezero\">\n<div class=\"fusion-post-wrapper\" style=\"background-color:rgba(255,255,255,1);border:1px solid #ebeaea;border-bottom-width:3px;\"><div class=\"fusion-post-content-wrapper\" style=\"padding:30px 25px 20px 25px;\"><div class=\"fusion-post-content post-content\"><h1 class=\"blog-shortcode-post-title entry-title\"><a href=\"https:\/\/www.photomontenegro.me\/en\/susicko-jezero\/\">Su\u0161i\u0107ko jezero<\/a><\/h1><\/div><\/div><div class=\"fusion-clearfix\"><\/div><\/div>\n<\/article>\n<article id=\"blog-2-post-1426\" class=\"fusion-post-grid post-1426 post type-post status-publish format-standard has-post-thumbnail hentry category-crna-gora category-mjesta category-naselja category-plaze category-primorje tag-sutomore\">\n<div class=\"fusion-post-wrapper\" style=\"background-color:rgba(255,255,255,1);border:1px solid #ebeaea;border-bottom-width:3px;\"><div class=\"fusion-post-content-wrapper\" style=\"padding:30px 25px 20px 25px;\"><div class=\"fusion-post-content post-content\"><h1 class=\"blog-shortcode-post-title entry-title\"><a href=\"https:\/\/www.photomontenegro.me\/en\/sutomore\/\">Sutomore<\/a><\/h1><\/div><\/div><div class=\"fusion-clearfix\"><\/div><\/div>\n<\/article>\n<article id=\"blog-2-post-1916\" class=\"fusion-post-grid post-1916 post type-post status-publish format-standard has-post-thumbnail hentry category-crna-gora category-mjesta category-naselja tag-sutorina\">\n<div class=\"fusion-post-wrapper\" style=\"background-color:rgba(255,255,255,1);border:1px solid #ebeaea;border-bottom-width:3px;\"><div class=\"fusion-post-content-wrapper\" style=\"padding:30px 25px 20px 25px;\"><div class=\"fusion-post-content post-content\"><h1 class=\"blog-shortcode-post-title entry-title\"><a href=\"https:\/\/www.photomontenegro.me\/en\/sutorina\/\">Sutorina<\/a><\/h1><\/div><\/div><div class=\"fusion-clearfix\"><\/div><\/div>\n<\/article>\n<article id=\"blog-2-post-1642\" class=\"fusion-post-grid post-1642 post type-post status-publish format-standard has-post-thumbnail hentry category-crna-gora category-planine tag-sutorman\">\n<div class=\"fusion-post-wrapper\" style=\"background-color:rgba(255,255,255,1);border:1px solid #ebeaea;border-bottom-width:3px;\"><div class=\"fusion-post-content-wrapper\" style=\"padding:30px 25px 20px 25px;\"><div class=\"fusion-post-content post-content\"><h1 class=\"blog-shortcode-post-title entry-title\"><a href=\"https:\/\/www.photomontenegro.me\/en\/sutorman\/\">Sutorman<\/a><\/h1><\/div><\/div><div class=\"fusion-clearfix\"><\/div><\/div>\n<\/article>\n<article id=\"blog-2-post-2277\" class=\"fusion-post-grid post-2277 post type-post status-publish format-standard has-post-thumbnail hentry category-crna-gora category-jezera tag-suva-lokva\">\n<div class=\"fusion-post-wrapper\" style=\"background-color:rgba(255,255,255,1);border:1px solid #ebeaea;border-bottom-width:3px;\"><div class=\"fusion-post-content-wrapper\" style=\"padding:30px 25px 20px 25px;\"><div class=\"fusion-post-content post-content\"><h1 class=\"blog-shortcode-post-title entry-title\"><a href=\"https:\/\/www.photomontenegro.me\/en\/suva-lokva\/\">Suva lokva<\/a><\/h1><\/div><\/div><div class=\"fusion-clearfix\"><\/div><\/div>\n<\/article>\n<article id=\"blog-2-post-1259\" class=\"fusion-post-grid post-1259 post type-post status-publish format-standard has-post-thumbnail hentry category-crna-gora category-gradevine category-kulturno-naslijede category-mjesta tag-svac\">\n<div class=\"fusion-post-wrapper\" style=\"background-color:rgba(255,255,255,1);border:1px solid #ebeaea;border-bottom-width:3px;\"><div class=\"fusion-post-content-wrapper\" style=\"padding:30px 25px 20px 25px;\"><div class=\"fusion-post-content post-content\"><h1 class=\"blog-shortcode-post-title entry-title\"><a href=\"https:\/\/www.photomontenegro.me\/en\/svac\/\">Sva\u010d<\/a><\/h1><\/div><\/div><div class=\"fusion-clearfix\"><\/div><\/div>\n<\/article>\n<article id=\"blog-2-post-143\" class=\"fusion-post-grid post-143 post type-post status-publish format-standard has-post-thumbnail hentry category-crna-gora category-hramovi category-kulturno-naslijede category-ostrva category-primorje tag-katic tag-sveta-nedjelja\">\n<div class=\"fusion-post-wrapper\" style=\"background-color:rgba(255,255,255,1);border:1px solid #ebeaea;border-bottom-width:3px;\"><div class=\"fusion-post-content-wrapper\" style=\"padding:30px 25px 20px 25px;\"><div class=\"fusion-post-content post-content\"><h1 class=\"blog-shortcode-post-title entry-title\"><a href=\"https:\/\/www.photomontenegro.me\/en\/sveta-nedelja-i-katic\/\">Sveta Ne\u0111elja &#038; Kati\u010d<\/a><\/h1><\/div><\/div><div class=\"fusion-clearfix\"><\/div><\/div>\n<\/article>\n<article id=\"blog-2-post-130\" class=\"fusion-post-grid post-130 post type-post status-publish format-standard has-post-thumbnail hentry category-crna-gora category-kulturno-naslijede category-ostrva category-primorje tag-sveti-djordje\">\n<div class=\"fusion-post-wrapper\" style=\"background-color:rgba(255,255,255,1);border:1px solid #ebeaea;border-bottom-width:3px;\"><div class=\"fusion-post-content-wrapper\" style=\"padding:30px 25px 20px 25px;\"><div class=\"fusion-post-content post-content\"><h1 class=\"blog-shortcode-post-title entry-title\"><a href=\"https:\/\/www.photomontenegro.me\/en\/sveti-dorde\/\">Sveti \u0110or\u0111e<\/a><\/h1><\/div><\/div><div class=\"fusion-clearfix\"><\/div><\/div>\n<\/article>\n<article id=\"blog-2-post-134\" class=\"fusion-post-grid post-134 post type-post status-publish format-standard has-post-thumbnail hentry category-crna-gora category-ostrva category-primorje tag-sveti-marko\">\n<div class=\"fusion-post-wrapper\" style=\"background-color:rgba(255,255,255,1);border:1px solid #ebeaea;border-bottom-width:3px;\"><div class=\"fusion-post-content-wrapper\" style=\"padding:30px 25px 20px 25px;\"><div class=\"fusion-post-content post-content\"><h1 class=\"blog-shortcode-post-title entry-title\"><a href=\"https:\/\/www.photomontenegro.me\/en\/sveti-marko\/\">Sveti Marko<\/a><\/h1><\/div><\/div><div class=\"fusion-clearfix\"><\/div><\/div>\n<\/article>\n<article id=\"blog-2-post-139\" class=\"fusion-post-grid post-139 post type-post status-publish format-standard has-post-thumbnail hentry category-crna-gora category-ostrva category-primorje tag-havaji tag-sveti-nikola\">\n<div class=\"fusion-post-wrapper\" style=\"background-color:rgba(255,255,255,1);border:1px solid #ebeaea;border-bottom-width:3px;\"><div class=\"fusion-post-content-wrapper\" style=\"padding:30px 25px 20px 25px;\"><div class=\"fusion-post-content post-content\"><h1 class=\"blog-shortcode-post-title entry-title\"><a href=\"https:\/\/www.photomontenegro.me\/en\/sveti-nikola\/\">Sveti Nikola<\/a><\/h1><\/div><\/div><div class=\"fusion-clearfix\"><\/div><\/div>\n<\/article>\n<article id=\"blog-2-post-132\" class=\"fusion-post-grid post-132 post type-post status-publish format-standard has-post-thumbnail hentry category-crna-gora category-ostrva category-primorje tag-sveti-stefan\">\n<div class=\"fusion-post-wrapper\" style=\"background-color:rgba(255,255,255,1);border:1px solid #ebeaea;border-bottom-width:3px;\"><div class=\"fusion-post-content-wrapper\" style=\"padding:30px 25px 20px 25px;\"><div class=\"fusion-post-content post-content\"><h1 class=\"blog-shortcode-post-title entry-title\"><a href=\"https:\/\/www.photomontenegro.me\/en\/sveti-stefan\/\">Sveti Stefan<\/a><\/h1><\/div><\/div><div class=\"fusion-clearfix\"><\/div><\/div>\n<\/article>\n<article id=\"blog-2-post-1358\" class=\"fusion-post-grid post-1358 post type-post status-publish format-standard has-post-thumbnail hentry category-crna-gora category-kanjoni category-rijeke tag-tara\">\n<div class=\"fusion-post-wrapper\" style=\"background-color:rgba(255,255,255,1);border:1px solid #ebeaea;border-bottom-width:3px;\"><div class=\"fusion-post-content-wrapper\" style=\"padding:30px 25px 20px 25px;\"><div class=\"fusion-post-content post-content\"><h1 class=\"blog-shortcode-post-title entry-title\"><a href=\"https:\/\/www.photomontenegro.me\/en\/tara\/\">Tara<\/a><\/h1><\/div><\/div><div class=\"fusion-clearfix\"><\/div><\/div>\n<\/article>\n<article id=\"blog-2-post-2122\" class=\"fusion-post-grid post-2122 post type-post status-publish format-standard has-post-thumbnail hentry category-crna-gora category-gradovi category-naselja tag-tivat\">\n<div class=\"fusion-post-wrapper\" style=\"background-color:rgba(255,255,255,1);border:1px solid #ebeaea;border-bottom-width:3px;\"><div class=\"fusion-post-content-wrapper\" style=\"padding:30px 25px 20px 25px;\"><div class=\"fusion-post-content post-content\"><h1 class=\"blog-shortcode-post-title entry-title\"><a href=\"https:\/\/www.photomontenegro.me\/en\/tivat\/\">Tivat<\/a><\/h1><\/div><\/div><div class=\"fusion-clearfix\"><\/div><\/div>\n<\/article>\n<article id=\"blog-2-post-2683\" class=\"fusion-post-grid post-2683 post type-post status-publish format-standard has-post-thumbnail hentry category-crna-gora category-plaze tag-topolica\">\n<div class=\"fusion-post-wrapper\" style=\"background-color:rgba(255,255,255,1);border:1px solid #ebeaea;border-bottom-width:3px;\"><div class=\"fusion-post-content-wrapper\" style=\"padding:30px 25px 20px 25px;\"><div class=\"fusion-post-content post-content\"><h1 class=\"blog-shortcode-post-title entry-title\"><a href=\"https:\/\/www.photomontenegro.me\/en\/topolica\/\">Topolica<\/a><\/h1><\/div><\/div><div class=\"fusion-clearfix\"><\/div><\/div>\n<\/article>\n<article id=\"blog-2-post-1629\" class=\"fusion-post-grid post-1629 post type-post status-publish format-standard has-post-thumbnail hentry category-crna-gora category-gradevine category-kulturno-naslijede tag-tora\">\n<div class=\"fusion-post-wrapper\" style=\"background-color:rgba(255,255,255,1);border:1px solid #ebeaea;border-bottom-width:3px;\"><div class=\"fusion-post-content-wrapper\" style=\"padding:30px 25px 20px 25px;\"><div class=\"fusion-post-content post-content\"><h1 class=\"blog-shortcode-post-title entry-title\"><a href=\"https:\/\/www.photomontenegro.me\/en\/tora\/\">Tora<\/a><\/h1><\/div><\/div><div class=\"fusion-clearfix\"><\/div><\/div>\n<\/article>\n<article id=\"blog-2-post-904\" class=\"fusion-post-grid post-904 post type-post status-publish format-standard has-post-thumbnail hentry category-crna-gora category-gradevine category-kulturno-naslijede tag-tre-sorele\">\n<div class=\"fusion-post-wrapper\" style=\"background-color:rgba(255,255,255,1);border:1px solid #ebeaea;border-bottom-width:3px;\"><div class=\"fusion-post-content-wrapper\" style=\"padding:30px 25px 20px 25px;\"><div class=\"fusion-post-content post-content\"><h1 class=\"blog-shortcode-post-title entry-title\"><a href=\"https:\/\/www.photomontenegro.me\/en\/tre-sorele\/\">Tre Sorele<\/a><\/h1><\/div><\/div><div class=\"fusion-clearfix\"><\/div><\/div>\n<\/article>\n<article id=\"blog-2-post-2619\" class=\"fusion-post-grid post-2619 post type-post status-publish format-standard has-post-thumbnail hentry category-crna-gora category-jezera tag-trnovacko-jezero\">\n<div class=\"fusion-post-wrapper\" style=\"background-color:rgba(255,255,255,1);border:1px solid #ebeaea;border-bottom-width:3px;\"><div class=\"fusion-post-content-wrapper\" style=\"padding:30px 25px 20px 25px;\"><div class=\"fusion-post-content post-content\"><h1 class=\"blog-shortcode-post-title entry-title\"><a href=\"https:\/\/www.photomontenegro.me\/en\/trnovacko-jezero\/\">Trnova\u010dko jezero<\/a><\/h1><\/div><\/div><div class=\"fusion-clearfix\"><\/div><\/div>\n<\/article>\n<article id=\"blog-2-post-1076\" class=\"fusion-post-grid post-1076 post type-post status-publish format-standard has-post-thumbnail hentry category-crna-gora category-plaze category-primorje tag-trsteno\">\n<div class=\"fusion-post-wrapper\" style=\"background-color:rgba(255,255,255,1);border:1px solid #ebeaea;border-bottom-width:3px;\"><div class=\"fusion-post-content-wrapper\" style=\"padding:30px 25px 20px 25px;\"><div class=\"fusion-post-content post-content\"><h1 class=\"blog-shortcode-post-title entry-title\"><a href=\"https:\/\/www.photomontenegro.me\/en\/trsteno\/\">Trsteno<\/a><\/h1><\/div><\/div><div class=\"fusion-clearfix\"><\/div><\/div>\n<\/article>\n<article id=\"blog-2-post-1666\" class=\"fusion-post-grid post-1666 post type-post status-publish format-standard has-post-thumbnail hentry category-crna-gora category-mjesta category-naselja tag-tunjevo\">\n<div class=\"fusion-post-wrapper\" style=\"background-color:rgba(255,255,255,1);border:1px solid #ebeaea;border-bottom-width:3px;\"><div class=\"fusion-post-content-wrapper\" style=\"padding:30px 25px 20px 25px;\"><div class=\"fusion-post-content post-content\"><h1 class=\"blog-shortcode-post-title entry-title\"><a href=\"https:\/\/www.photomontenegro.me\/en\/tunjevo\/\">Tunjevo<\/a><\/h1><\/div><\/div><div class=\"fusion-clearfix\"><\/div><\/div>\n<\/article>\n<article id=\"blog-2-post-6418\" class=\"fusion-post-grid post-6418 post type-post status-publish format-standard has-post-thumbnail hentry category-crna-gora category-mjesta category-naselja tag-malesija tag-tuzi\">\n<div class=\"fusion-post-wrapper\" style=\"background-color:rgba(255,255,255,1);border:1px solid #ebeaea;border-bottom-width:3px;\"><div class=\"fusion-post-content-wrapper\" style=\"padding:30px 25px 20px 25px;\"><div class=\"fusion-post-content post-content\"><h1 class=\"blog-shortcode-post-title entry-title\"><a href=\"https:\/\/www.photomontenegro.me\/en\/tuzi\/\">Tuzi<\/a><\/h1><\/div><\/div><div class=\"fusion-clearfix\"><\/div><\/div>\n<\/article>\n<article id=\"blog-2-post-1161\" class=\"fusion-post-grid post-1161 post type-post status-publish format-standard has-post-thumbnail hentry category-crna-gora category-gradovi category-naselja tag-ulcinj\">\n<div class=\"fusion-post-wrapper\" style=\"background-color:rgba(255,255,255,1);border:1px solid #ebeaea;border-bottom-width:3px;\"><div class=\"fusion-post-content-wrapper\" style=\"padding:30px 25px 20px 25px;\"><div class=\"fusion-post-content post-content\"><h1 class=\"blog-shortcode-post-title entry-title\"><a href=\"https:\/\/www.photomontenegro.me\/en\/ulcinj\/\">Ulcinj<\/a><\/h1><\/div><\/div><div class=\"fusion-clearfix\"><\/div><\/div>\n<\/article>\n<article id=\"blog-2-post-2385\" class=\"fusion-post-grid post-2385 post type-post status-publish format-standard has-post-thumbnail hentry category-crna-gora category-jezera tag-malo-ursulovacko-jezero tag-ursulovacko-jezero tag-veliko-ursulovacko-jezero\">\n<div class=\"fusion-post-wrapper\" style=\"background-color:rgba(255,255,255,1);border:1px solid #ebeaea;border-bottom-width:3px;\"><div class=\"fusion-post-content-wrapper\" style=\"padding:30px 25px 20px 25px;\"><div class=\"fusion-post-content post-content\"><h1 class=\"blog-shortcode-post-title entry-title\"><a href=\"https:\/\/www.photomontenegro.me\/en\/ursulovacko-jezero\/\">Ursulova\u010dko jezero<\/a><\/h1><\/div><\/div><div class=\"fusion-clearfix\"><\/div><\/div>\n<\/article>\n<article id=\"blog-2-post-1748\" class=\"fusion-post-grid post-1748 post type-post status-publish format-standard has-post-thumbnail hentry category-crna-gora category-mjesta category-naselja category-plaze category-primorje tag-utjeha\">\n<div class=\"fusion-post-wrapper\" style=\"background-color:rgba(255,255,255,1);border:1px solid #ebeaea;border-bottom-width:3px;\"><div class=\"fusion-post-content-wrapper\" style=\"padding:30px 25px 20px 25px;\"><div class=\"fusion-post-content post-content\"><h1 class=\"blog-shortcode-post-title entry-title\"><a href=\"https:\/\/www.photomontenegro.me\/en\/utjeha\/\">Utjeha<\/a><\/h1><\/div><\/div><div class=\"fusion-clearfix\"><\/div><\/div>\n<\/article>\n<article id=\"blog-2-post-990\" class=\"fusion-post-grid post-990 post type-post status-publish format-standard has-post-thumbnail hentry category-crna-gora category-plaze category-primorje tag-valdanos\">\n<div class=\"fusion-post-wrapper\" style=\"background-color:rgba(255,255,255,1);border:1px solid #ebeaea;border-bottom-width:3px;\"><div class=\"fusion-post-content-wrapper\" style=\"padding:30px 25px 20px 25px;\"><div class=\"fusion-post-content post-content\"><h1 class=\"blog-shortcode-post-title entry-title\"><a href=\"https:\/\/www.photomontenegro.me\/en\/valdanos\/\">Valdanos<\/a><\/h1><\/div><\/div><div class=\"fusion-clearfix\"><\/div><\/div>\n<\/article>\n<article id=\"blog-2-post-1165\" class=\"fusion-post-grid post-1165 post type-post status-publish format-standard has-post-thumbnail hentry category-crna-gora category-jezera tag-valovito-jezero\">\n<div class=\"fusion-post-wrapper\" style=\"background-color:rgba(255,255,255,1);border:1px solid #ebeaea;border-bottom-width:3px;\"><div class=\"fusion-post-content-wrapper\" style=\"padding:30px 25px 20px 25px;\"><div class=\"fusion-post-content post-content\"><h1 class=\"blog-shortcode-post-title entry-title\"><a href=\"https:\/\/www.photomontenegro.me\/en\/valovito-jezero\/\">Valovito jezero<\/a><\/h1><\/div><\/div><div class=\"fusion-clearfix\"><\/div><\/div>\n<\/article>\n<article id=\"blog-2-post-940\" class=\"fusion-post-grid post-940 post type-post status-publish format-standard has-post-thumbnail hentry category-crna-gora category-plaze category-primorje tag-velika-plaza\">\n<div class=\"fusion-post-wrapper\" style=\"background-color:rgba(255,255,255,1);border:1px solid #ebeaea;border-bottom-width:3px;\"><div class=\"fusion-post-content-wrapper\" style=\"padding:30px 25px 20px 25px;\"><div class=\"fusion-post-content post-content\"><h1 class=\"blog-shortcode-post-title entry-title\"><a href=\"https:\/\/www.photomontenegro.me\/en\/velika-plaza\/\">Velika Pla\u017ea<\/a><\/h1><\/div><\/div><div class=\"fusion-clearfix\"><\/div><\/div>\n<\/article>\n<article id=\"blog-2-post-1466\" class=\"fusion-post-grid post-1466 post type-post status-publish format-standard has-post-thumbnail hentry category-crna-gora category-plaze category-primorje tag-dobre-vode tag-veliki-pijesak\">\n<div class=\"fusion-post-wrapper\" style=\"background-color:rgba(255,255,255,1);border:1px solid #ebeaea;border-bottom-width:3px;\"><div class=\"fusion-post-content-wrapper\" style=\"padding:30px 25px 20px 25px;\"><div class=\"fusion-post-content post-content\"><h1 class=\"blog-shortcode-post-title entry-title\"><a href=\"https:\/\/www.photomontenegro.me\/en\/veliki-pijesak\/\">Veliki Pijesak<\/a><\/h1><\/div><\/div><div class=\"fusion-clearfix\"><\/div><\/div>\n<\/article>\n<article id=\"blog-2-post-1293\" class=\"fusion-post-grid post-1293 post type-post status-publish format-standard has-post-thumbnail hentry category-crna-gora category-planine tag-verusa\">\n<div class=\"fusion-post-wrapper\" style=\"background-color:rgba(255,255,255,1);border:1px solid #ebeaea;border-bottom-width:3px;\"><div class=\"fusion-post-content-wrapper\" style=\"padding:30px 25px 20px 25px;\"><div class=\"fusion-post-content post-content\"><h1 class=\"blog-shortcode-post-title entry-title\"><a href=\"https:\/\/www.photomontenegro.me\/en\/verusa\/\">Veru\u0161a<\/a><\/h1><\/div><\/div><div class=\"fusion-clearfix\"><\/div><\/div>\n<\/article>\n<article id=\"blog-2-post-1890\" class=\"fusion-post-grid post-1890 post type-post status-publish format-standard has-post-thumbnail hentry category-crna-gora category-mjesta category-plaze category-primorje tag-veslo\">\n<div class=\"fusion-post-wrapper\" style=\"background-color:rgba(255,255,255,1);border:1px solid #ebeaea;border-bottom-width:3px;\"><div class=\"fusion-post-content-wrapper\" style=\"padding:30px 25px 20px 25px;\"><div class=\"fusion-post-content post-content\"><h1 class=\"blog-shortcode-post-title entry-title\"><a href=\"https:\/\/www.photomontenegro.me\/en\/veslo\/\">Veslo<\/a><\/h1><\/div><\/div><div class=\"fusion-clearfix\"><\/div><\/div>\n<\/article>\n<article id=\"blog-2-post-6061\" class=\"fusion-post-grid post-6061 post type-post status-publish format-standard has-post-thumbnail hentry category-crna-gora category-jezera tag-lokvice tag-vir-u-lokvicama\">\n<div class=\"fusion-post-wrapper\" style=\"background-color:rgba(255,255,255,1);border:1px solid #ebeaea;border-bottom-width:3px;\"><div class=\"fusion-post-content-wrapper\" style=\"padding:30px 25px 20px 25px;\"><div class=\"fusion-post-content post-content\"><h1 class=\"blog-shortcode-post-title entry-title\"><a href=\"https:\/\/www.photomontenegro.me\/en\/vir-u-lokvicama\/\">Vir u Lokvicama<\/a><\/h1><\/div><\/div><div class=\"fusion-clearfix\"><\/div><\/div>\n<\/article>\n<article id=\"blog-2-post-1282\" class=\"fusion-post-grid post-1282 post type-post status-publish format-standard has-post-thumbnail hentry category-crna-gora category-mjesta category-naselja tag-virpazar\">\n<div class=\"fusion-post-wrapper\" style=\"background-color:rgba(255,255,255,1);border:1px solid #ebeaea;border-bottom-width:3px;\"><div class=\"fusion-post-content-wrapper\" style=\"padding:30px 25px 20px 25px;\"><div class=\"fusion-post-content post-content\"><h1 class=\"blog-shortcode-post-title entry-title\"><a href=\"https:\/\/www.photomontenegro.me\/en\/virpazar\/\">Virpazar<\/a><\/h1><\/div><\/div><div class=\"fusion-clearfix\"><\/div><\/div>\n<\/article>\n<article id=\"blog-2-post-1018\" class=\"fusion-post-grid post-1018 post type-post status-publish format-standard has-post-thumbnail hentry category-crna-gora category-planine tag-visitor\">\n<div class=\"fusion-post-wrapper\" style=\"background-color:rgba(255,255,255,1);border:1px solid #ebeaea;border-bottom-width:3px;\"><div class=\"fusion-post-content-wrapper\" style=\"padding:30px 25px 20px 25px;\"><div class=\"fusion-post-content post-content\"><h1 class=\"blog-shortcode-post-title entry-title\"><a href=\"https:\/\/www.photomontenegro.me\/en\/visitor\/\">Visitor<\/a><\/h1><\/div><\/div><div class=\"fusion-clearfix\"><\/div><\/div>\n<\/article>\n<article id=\"blog-2-post-1701\" class=\"fusion-post-grid post-1701 post type-post status-publish format-standard has-post-thumbnail hentry category-crna-gora category-hramovi category-kulturno-naslijede tag-vlaska-crkva\">\n<div class=\"fusion-post-wrapper\" style=\"background-color:rgba(255,255,255,1);border:1px solid #ebeaea;border-bottom-width:3px;\"><div class=\"fusion-post-content-wrapper\" style=\"padding:30px 25px 20px 25px;\"><div class=\"fusion-post-content post-content\"><h1 class=\"blog-shortcode-post-title entry-title\"><a href=\"https:\/\/www.photomontenegro.me\/en\/vlasch-church\/\">Vla\u0161ka crkva<\/a><\/h1><\/div><\/div><div class=\"fusion-clearfix\"><\/div><\/div>\n<\/article>\n<article id=\"blog-2-post-1770\" class=\"fusion-post-grid post-1770 post type-post status-publish format-standard has-post-thumbnail hentry category-crna-gora category-planine tag-vojnik\">\n<div class=\"fusion-post-wrapper\" style=\"background-color:rgba(255,255,255,1);border:1px solid #ebeaea;border-bottom-width:3px;\"><div class=\"fusion-post-content-wrapper\" style=\"padding:30px 25px 20px 25px;\"><div class=\"fusion-post-content post-content\"><h1 class=\"blog-shortcode-post-title entry-title\"><a href=\"https:\/\/www.photomontenegro.me\/en\/vojnik\/\">Vojnik<\/a><\/h1><\/div><\/div><div class=\"fusion-clearfix\"><\/div><\/div>\n<\/article>\n<article id=\"blog-2-post-1478\" class=\"fusion-post-grid post-1478 post type-post status-publish format-standard has-post-thumbnail hentry category-crna-gora category-mjesta category-naselja tag-vranjina\">\n<div class=\"fusion-post-wrapper\" style=\"background-color:rgba(255,255,255,1);border:1px solid #ebeaea;border-bottom-width:3px;\"><div class=\"fusion-post-content-wrapper\" style=\"padding:30px 25px 20px 25px;\"><div class=\"fusion-post-content post-content\"><h1 class=\"blog-shortcode-post-title entry-title\"><a href=\"https:\/\/www.photomontenegro.me\/en\/vranjina\/\">Vranjina<\/a><\/h1><\/div><\/div><div class=\"fusion-clearfix\"><\/div><\/div>\n<\/article>\n<article id=\"blog-2-post-925\" class=\"fusion-post-grid post-925 post type-post status-publish format-standard has-post-thumbnail hentry category-crna-gora category-jezera tag-vrazje-jezero\">\n<div class=\"fusion-post-wrapper\" style=\"background-color:rgba(255,255,255,1);border:1px solid #ebeaea;border-bottom-width:3px;\"><div class=\"fusion-post-content-wrapper\" style=\"padding:30px 25px 20px 25px;\"><div class=\"fusion-post-content post-content\"><h1 class=\"blog-shortcode-post-title entry-title\"><a href=\"https:\/\/www.photomontenegro.me\/en\/vrazje-jezero\/\">Vra\u017eje jezero<\/a><\/h1><\/div><\/div><div class=\"fusion-clearfix\"><\/div><\/div>\n<\/article>\n<article id=\"blog-2-post-2543\" class=\"fusion-post-grid post-2543 post type-post status-publish format-standard has-post-thumbnail hentry category-crna-gora category-jezera tag-vrtac\">\n<div class=\"fusion-post-wrapper\" style=\"background-color:rgba(255,255,255,1);border:1px solid #ebeaea;border-bottom-width:3px;\"><div class=\"fusion-post-content-wrapper\" style=\"padding:30px 25px 20px 25px;\"><div class=\"fusion-post-content post-content\"><h1 class=\"blog-shortcode-post-title entry-title\"><a href=\"https:\/\/www.photomontenegro.me\/en\/vrtac\/\">Vrtac<\/a><\/h1><\/div><\/div><div class=\"fusion-clearfix\"><\/div><\/div>\n<\/article>\n<article id=\"blog-2-post-1330\" class=\"fusion-post-grid post-1330 post type-post status-publish format-standard has-post-thumbnail hentry category-crna-gora category-mjesta category-planine tag-vucje\">\n<div class=\"fusion-post-wrapper\" style=\"background-color:rgba(255,255,255,1);border:1px solid #ebeaea;border-bottom-width:3px;\"><div class=\"fusion-post-content-wrapper\" style=\"padding:30px 25px 20px 25px;\"><div class=\"fusion-post-content post-content\"><h1 class=\"blog-shortcode-post-title entry-title\"><a href=\"https:\/\/www.photomontenegro.me\/en\/vucje\/\">Vu\u010dje<\/a><\/h1><\/div><\/div><div class=\"fusion-clearfix\"><\/div><\/div>\n<\/article>\n<article id=\"blog-2-post-114\" class=\"fusion-post-grid post-114 post type-post status-publish format-standard has-post-thumbnail hentry category-crna-gora category-gradovi category-naselja tag-zabljak\">\n<div class=\"fusion-post-wrapper\" style=\"background-color:rgba(255,255,255,1);border:1px solid #ebeaea;border-bottom-width:3px;\"><div class=\"fusion-post-content-wrapper\" style=\"padding:30px 25px 20px 25px;\"><div class=\"fusion-post-content post-content\"><h1 class=\"blog-shortcode-post-title entry-title\"><a href=\"https:\/\/www.photomontenegro.me\/en\/zabljak\/\">\u017dabljak<\/a><\/h1><\/div><\/div><div class=\"fusion-clearfix\"><\/div><\/div>\n<\/article>\n<article id=\"blog-2-post-1178\" class=\"fusion-post-grid post-1178 post type-post status-publish format-standard has-post-thumbnail hentry category-crna-gora category-kulturno-naslijede category-mjesta category-naselja tag-zabljak-crnojevica\">\n<div class=\"fusion-post-wrapper\" style=\"background-color:rgba(255,255,255,1);border:1px solid #ebeaea;border-bottom-width:3px;\"><div class=\"fusion-post-content-wrapper\" style=\"padding:30px 25px 20px 25px;\"><div class=\"fusion-post-content post-content\"><h1 class=\"blog-shortcode-post-title entry-title\"><a href=\"https:\/\/www.photomontenegro.me\/en\/zabljak-crnojevica\/\">\u017dabljak Crnojevi\u0107a<\/a><\/h1><\/div><\/div><div class=\"fusion-clearfix\"><\/div><\/div>\n<\/article>\n<article id=\"blog-2-post-2429\" class=\"fusion-post-grid post-2429 post type-post status-publish format-standard has-post-thumbnail hentry category-crna-gora category-jezera tag-zabojsko-jezero\">\n<div class=\"fusion-post-wrapper\" style=\"background-color:rgba(255,255,255,1);border:1px solid #ebeaea;border-bottom-width:3px;\"><div class=\"fusion-post-content-wrapper\" style=\"padding:30px 25px 20px 25px;\"><div class=\"fusion-post-content post-content\"><h1 class=\"blog-shortcode-post-title entry-title\"><a href=\"https:\/\/www.photomontenegro.me\/en\/zabojsko-jezero\/\">Zabojsko jezero<\/a><\/h1><\/div><\/div><div class=\"fusion-clearfix\"><\/div><\/div>\n<\/article>\n<article id=\"blog-2-post-715\" class=\"fusion-post-grid post-715 post type-post status-publish format-standard has-post-thumbnail hentry category-crna-gora category-plaze category-primorje tag-zanjice\">\n<div class=\"fusion-post-wrapper\" style=\"background-color:rgba(255,255,255,1);border:1px solid #ebeaea;border-bottom-width:3px;\"><div class=\"fusion-post-content-wrapper\" style=\"padding:30px 25px 20px 25px;\"><div class=\"fusion-post-content post-content\"><h1 class=\"blog-shortcode-post-title entry-title\"><a href=\"https:\/\/www.photomontenegro.me\/en\/zanjice\/\">\u017danjice<\/a><\/h1><\/div><\/div><div class=\"fusion-clearfix\"><\/div><\/div>\n<\/article>\n<article id=\"blog-2-post-2624\" class=\"fusion-post-grid post-2624 post type-post status-publish format-standard has-post-thumbnail hentry category-crna-gora category-jezera tag-zeleni-vir\">\n<div class=\"fusion-post-wrapper\" style=\"background-color:rgba(255,255,255,1);border:1px solid #ebeaea;border-bottom-width:3px;\"><div class=\"fusion-post-content-wrapper\" style=\"padding:30px 25px 20px 25px;\"><div class=\"fusion-post-content post-content\"><h1 class=\"blog-shortcode-post-title entry-title\"><a href=\"https:\/\/www.photomontenegro.me\/en\/zeleni-vir\/\">Zeleni Vir<\/a><\/h1><\/div><\/div><div class=\"fusion-clearfix\"><\/div><\/div>\n<\/article>\n<article id=\"blog-2-post-2447\" class=\"fusion-post-grid post-2447 post type-post status-publish format-standard has-post-thumbnail hentry category-crna-gora category-mjesta category-primorje tag-zelenika\">\n<div class=\"fusion-post-wrapper\" style=\"background-color:rgba(255,255,255,1);border:1px solid #ebeaea;border-bottom-width:3px;\"><div class=\"fusion-post-content-wrapper\" style=\"padding:30px 25px 20px 25px;\"><div class=\"fusion-post-content post-content\"><h1 class=\"blog-shortcode-post-title entry-title\"><a href=\"https:\/\/www.photomontenegro.me\/en\/zelenika\/\">Zelenika<\/a><\/h1><\/div><\/div><div class=\"fusion-clearfix\"><\/div><\/div>\n<\/article>\n<article id=\"blog-2-post-1927\" class=\"fusion-post-grid post-1927 post type-post status-publish format-standard has-post-thumbnail hentry category-crna-gora category-plaze category-primorje tag-zenska-plaza\">\n<div class=\"fusion-post-wrapper\" style=\"background-color:rgba(255,255,255,1);border:1px solid #ebeaea;border-bottom-width:3px;\"><div class=\"fusion-post-content-wrapper\" style=\"padding:30px 25px 20px 25px;\"><div class=\"fusion-post-content post-content\"><h1 class=\"blog-shortcode-post-title entry-title\"><a href=\"https:\/\/www.photomontenegro.me\/en\/zenska-plaza\/\">\u017denska pla\u017ea<\/a><\/h1><\/div><\/div><div class=\"fusion-clearfix\"><\/div><\/div>\n<\/article>\n<article id=\"blog-2-post-986\" class=\"fusion-post-grid post-986 post type-post status-publish format-standard has-post-thumbnail hentry category-crna-gora category-rijeke tag-zeta\">\n<div class=\"fusion-post-wrapper\" style=\"background-color:rgba(255,255,255,1);border:1px solid #ebeaea;border-bottom-width:3px;\"><div class=\"fusion-post-content-wrapper\" style=\"padding:30px 25px 20px 25px;\"><div class=\"fusion-post-content post-content\"><h1 class=\"blog-shortcode-post-title entry-title\"><a href=\"https:\/\/www.photomontenegro.me\/en\/zeta\/\">Zeta<\/a><\/h1><\/div><\/div><div class=\"fusion-clearfix\"><\/div><\/div>\n<\/article>\n<article id=\"blog-2-post-980\" class=\"fusion-post-grid post-980 post type-post status-publish format-standard has-post-thumbnail hentry category-crna-gora category-jezera tag-zminicko-jezero\">\n<div class=\"fusion-post-wrapper\" style=\"background-color:rgba(255,255,255,1);border:1px solid #ebeaea;border-bottom-width:3px;\"><div class=\"fusion-post-content-wrapper\" style=\"padding:30px 25px 20px 25px;\"><div class=\"fusion-post-content post-content\"><h1 class=\"blog-shortcode-post-title entry-title\"><a href=\"https:\/\/www.photomontenegro.me\/en\/zminicko-jezero\/\">Zmini\u010dko jezero<\/a><\/h1><\/div><\/div><div class=\"fusion-clearfix\"><\/div><\/div>\n<\/article>\n<article id=\"blog-2-post-1014\" class=\"fusion-post-grid post-1014 post type-post status-publish format-standard has-post-thumbnail hentry category-crna-gora category-jezera tag-zminje-jezero\">\n<div class=\"fusion-post-wrapper\" style=\"background-color:rgba(255,255,255,1);border:1px solid #ebeaea;border-bottom-width:3px;\"><div class=\"fusion-post-content-wrapper\" style=\"padding:30px 25px 20px 25px;\"><div class=\"fusion-post-content post-content\"><h1 class=\"blog-shortcode-post-title entry-title\"><a href=\"https:\/\/www.photomontenegro.me\/en\/zminje-jezero\/\">Zminje jezero<\/a><\/h1><\/div><\/div><div class=\"fusion-clearfix\"><\/div><\/div>\n<\/article>\n<article id=\"blog-2-post-1808\" class=\"fusion-post-grid post-1808 post type-post status-publish format-standard has-post-thumbnail hentry category-crna-gora category-naselja category-plaze category-primorje tag-susanj tag-zukotrlica\">\n<div class=\"fusion-post-wrapper\" style=\"background-color:rgba(255,255,255,1);border:1px solid #ebeaea;border-bottom-width:3px;\"><div class=\"fusion-post-content-wrapper\" style=\"padding:30px 25px 20px 25px;\"><div class=\"fusion-post-content post-content\"><h1 class=\"blog-shortcode-post-title entry-title\"><a href=\"https:\/\/www.photomontenegro.me\/en\/zukotrlica-susanj\/\">\u017dukotrlica (\u0160u\u0161anj)<\/a><\/h1><\/div><\/div><div class=\"fusion-clearfix\"><\/div><\/div>\n<\/article>\n<div class=\"fusion-clearfix\"><\/div><\/div><\/div><\/div><\/div><\/div><\/div><\/p>","protected":false},"excerpt":{"rendered":"","protected":false},"author":1,"featured_media":0,"parent":0,"menu_order":4,"comment_status":"closed","ping_status":"closed","template":"","meta":{"_monsterinsights_skip_tracking":false,"_monsterinsights_sitenote_active":false,"_monsterinsights_sitenote_note":"","_monsterinsights_sitenote_category":0,"_uf_show_specific_survey":0,"_uf_disable_surveys":false,"ngg_post_thumbnail":0,"footnotes":""},"class_list":["post-93","page","type-page","status-publish","hentry"],"aioseo_notices":[],"_links":{"self":[{"href":"https:\/\/www.photomontenegro.me\/en\/wp-json\/wp\/v2\/pages\/93"}],"collection":[{"href":"https:\/\/www.photomontenegro.me\/en\/wp-json\/wp\/v2\/pages"}],"about":[{"href":"https:\/\/www.photomontenegro.me\/en\/wp-json\/wp\/v2\/types\/page"}],"author":[{"embeddable":true,"href":"https:\/\/www.photomontenegro.me\/en\/wp-json\/wp\/v2\/users\/1"}],"replies":[{"embeddable":true,"href":"https:\/\/www.photomontenegro.me\/en\/wp-json\/wp\/v2\/comments?post=93"}],"version-history":[{"count":407,"href":"https:\/\/www.photomontenegro.me\/en\/wp-json\/wp\/v2\/pages\/93\/revisions"}],"predecessor-version":[{"id":8114,"href":"https:\/\/www.photomontenegro.me\/en\/wp-json\/wp\/v2\/pages\/93\/revisions\/8114"}],"wp:attachment":[{"href":"https:\/\/www.photomontenegro.me\/en\/wp-json\/wp\/v2\/media?parent=93"}],"curies":[{"name":"wp","href":"https:\/\/api.w.org\/{rel}","templated":true}]}}